{"id":221,"date":"2016-03-22T16:59:45","date_gmt":"2016-03-22T22:59:45","guid":{"rendered":"http:\/\/miguelsalmondelreal.com\/?page_id=221"},"modified":"2021-07-28T10:01:42","modified_gmt":"2021-07-28T16:01:42","slug":"gallery","status":"publish","type":"page","link":"https:\/\/miguelsalmondelreal.com\/es\/gallery\/","title":{"rendered":"Galer\u00eda"},"content":{"rendered":"<div class=\"tiled-gallery type-rectangular tiled-gallery-unresized\" data-original-width=\"1050\" data-carousel-extra='{&quot;blog_id&quot;:1,&quot;permalink&quot;:&quot;https:\\\/\\\/miguelsalmondelreal.com\\\/es\\\/gallery\\\/&quot;,&quot;likes_blog_id&quot;:106470614}' itemscope itemtype=\"http:\/\/schema.org\/ImageGallery\" > <div class=\"gallery-row\" style=\"width: 1050px; height: 518px;\" data-original-width=\"1050\" data-original-height=\"518\" > <div class=\"gallery-group images-1\" style=\"width: 372px; height: 518px;\" data-original-width=\"372\" data-original-height=\"518\" > <div class=\"tiled-gallery-item tiled-gallery-item-large\" itemprop=\"associatedMedia\" itemscope itemtype=\"http:\/\/schema.org\/ImageObject\"> <a href=\"https:\/\/i1.wp.com\/miguelsalmondelreal.com\/wp-content\/uploads\/2021\/07\/miguel4.jpg?ssl=1\" border=\"0\" itemprop=\"url\"> <meta itemprop=\"width\" content=\"368\"> <meta itemprop=\"height\" content=\"514\"> <img loading=\"lazy\" decoding=\"async\" data-attachment-id=\"795\" data-orig-file=\"https:\/\/miguelsalmondelreal.com\/wp-content\/uploads\/2021\/07\/miguel4.jpg\" data-orig-size=\"1929,2700\" data-comments-opened=\"\" data-image-meta=\"{&quot;aperture&quot;:&quot;0&quot;,&quot;credit&quot;:&quot;&quot;,&quot;camera&quot;:&quot;&quot;,&quot;caption&quot;:&quot;&quot;,&quot;created_timestamp&quot;:&quot;0&quot;,&quot;copyright&quot;:&quot;&quot;,&quot;focal_length&quot;:&quot;0&quot;,&quot;iso&quot;:&quot;0&quot;,&quot;shutter_speed&quot;:&quot;0&quot;,&quot;title&quot;:&quot;&quot;,&quot;orientation&quot;:&quot;0&quot;}\" data-image-title=\"miguel4\" data-image-description=\"\" data-medium-file=\"https:\/\/i1.wp.com\/miguelsalmondelreal.com\/wp-content\/uploads\/2021\/07\/miguel4.jpg?fit=214%2C300&#038;ssl=1\" data-large-file=\"https:\/\/i1.wp.com\/miguelsalmondelreal.com\/wp-content\/uploads\/2021\/07\/miguel4.jpg?fit=857%2C1200&#038;ssl=1\" src=\"https:\/\/i1.wp.com\/miguelsalmondelreal.com\/wp-content\/uploads\/2021\/07\/miguel4.jpg?w=368&#038;h=514&#038;ssl=1\" width=\"368\" height=\"514\" data-original-width=\"368\" data-original-height=\"514\" itemprop=\"http:\/\/schema.org\/image\" title=\"miguel4\" alt=\"miguel4\" style=\"width: 368px; height: 514px;\" \/> <\/a> <\/div> <\/div> <!-- close group --> <div class=\"gallery-group images-2\" style=\"width: 344px; height: 518px;\" data-original-width=\"344\" data-original-height=\"518\" > <div class=\"tiled-gallery-item tiled-gallery-item-large\" itemprop=\"associatedMedia\" itemscope itemtype=\"http:\/\/schema.org\/ImageObject\"> <a href=\"https:\/\/i1.wp.com\/miguelsalmondelreal.com\/wp-content\/uploads\/2016\/03\/059-2014-OPERA-CARMEN.-Dress-rehearsal.-Teatro-Obrero-Zamora-Mich.-Mexico.jpg?ssl=1\" border=\"0\" itemprop=\"url\"> <meta itemprop=\"width\" content=\"340\"> <meta itemprop=\"height\" content=\"255\"> <img loading=\"lazy\" decoding=\"async\" data-attachment-id=\"475\" data-orig-file=\"https:\/\/miguelsalmondelreal.com\/wp-content\/uploads\/2016\/03\/059-2014-OPERA-CARMEN.-Dress-rehearsal.-Teatro-Obrero-Zamora-Mich.-Mexico.jpg\" data-orig-size=\"1280,960\" data-comments-opened=\"\" data-image-meta=\"{&quot;aperture&quot;:&quot;0&quot;,&quot;credit&quot;:&quot;&quot;,&quot;camera&quot;:&quot;&quot;,&quot;caption&quot;:&quot;&quot;,&quot;created_timestamp&quot;:&quot;1440086480&quot;,&quot;copyright&quot;:&quot;&quot;,&quot;focal_length&quot;:&quot;0&quot;,&quot;iso&quot;:&quot;0&quot;,&quot;shutter_speed&quot;:&quot;0&quot;,&quot;title&quot;:&quot;59&quot;,&quot;orientation&quot;:&quot;1&quot;}\" data-image-title=\"2014, OPERA CARMEN. Dress rehearsal. Teatro Obrero, Zamora, Mich., Mexico\" data-image-description=\"\" data-medium-file=\"https:\/\/i1.wp.com\/miguelsalmondelreal.com\/wp-content\/uploads\/2016\/03\/059-2014-OPERA-CARMEN.-Dress-rehearsal.-Teatro-Obrero-Zamora-Mich.-Mexico.jpg?fit=300%2C225&#038;ssl=1\" data-large-file=\"https:\/\/i1.wp.com\/miguelsalmondelreal.com\/wp-content\/uploads\/2016\/03\/059-2014-OPERA-CARMEN.-Dress-rehearsal.-Teatro-Obrero-Zamora-Mich.-Mexico.jpg?fit=1050%2C788&#038;ssl=1\" src=\"https:\/\/i1.wp.com\/miguelsalmondelreal.com\/wp-content\/uploads\/2016\/03\/059-2014-OPERA-CARMEN.-Dress-rehearsal.-Teatro-Obrero-Zamora-Mich.-Mexico.jpg?w=340&#038;h=255&#038;ssl=1\" width=\"340\" height=\"255\" data-original-width=\"340\" data-original-height=\"255\" itemprop=\"http:\/\/schema.org\/image\" title=\"2014, OPERA CARMEN. Dress rehearsal. Teatro Obrero, Zamora, Mich., Mexico\" alt=\"2014, OPERA CARMEN. Dress rehearsal. Teatro Obrero, Zamora, Mich., Mexico\" style=\"width: 340px; height: 255px;\" \/> <\/a> <div class=\"tiled-gallery-caption\" itemprop=\"caption description\"> 2014, OPERA CARMEN. Dress rehearsal. Teatro Obrero, Zamora, Mich., Mexico <\/div> <\/div> <div class=\"tiled-gallery-item tiled-gallery-item-large\" itemprop=\"associatedMedia\" itemscope itemtype=\"http:\/\/schema.org\/ImageObject\"> <a href=\"https:\/\/i2.wp.com\/miguelsalmondelreal.com\/wp-content\/uploads\/2016\/03\/014-2013-Michoacan-Symphony-Orchestra.-Teatro-Morelos-Morelia-Mich.-Mexico.-Photo-Ramon-Merino.jpg?ssl=1\" border=\"0\" itemprop=\"url\"> <meta itemprop=\"width\" content=\"340\"> <meta itemprop=\"height\" content=\"255\"> <img loading=\"lazy\" decoding=\"async\" data-attachment-id=\"431\" data-orig-file=\"https:\/\/miguelsalmondelreal.com\/wp-content\/uploads\/2016\/03\/014-2013-Michoacan-Symphony-Orchestra.-Teatro-Morelos-Morelia-Mich.-Mexico.-Photo-Ramon-Merino.jpg\" data-orig-size=\"4000,3000\" data-comments-opened=\"\" data-image-meta=\"{&quot;aperture&quot;:&quot;0&quot;,&quot;credit&quot;:&quot;&quot;,&quot;camera&quot;:&quot;&quot;,&quot;caption&quot;:&quot;&quot;,&quot;created_timestamp&quot;:&quot;1408941500&quot;,&quot;copyright&quot;:&quot;&quot;,&quot;focal_length&quot;:&quot;0&quot;,&quot;iso&quot;:&quot;0&quot;,&quot;shutter_speed&quot;:&quot;0&quot;,&quot;title&quot;:&quot;14&quot;,&quot;orientation&quot;:&quot;1&quot;}\" data-image-title=\"2013, Michoacan Symphony Orchestra. Teatro Morelos, Morelia, Mich., Mexico. Photo, Ramon Merino\" data-image-description=\"\" data-medium-file=\"https:\/\/i2.wp.com\/miguelsalmondelreal.com\/wp-content\/uploads\/2016\/03\/014-2013-Michoacan-Symphony-Orchestra.-Teatro-Morelos-Morelia-Mich.-Mexico.-Photo-Ramon-Merino.jpg?fit=300%2C225&#038;ssl=1\" data-large-file=\"https:\/\/i2.wp.com\/miguelsalmondelreal.com\/wp-content\/uploads\/2016\/03\/014-2013-Michoacan-Symphony-Orchestra.-Teatro-Morelos-Morelia-Mich.-Mexico.-Photo-Ramon-Merino.jpg?fit=1050%2C788&#038;ssl=1\" src=\"https:\/\/i2.wp.com\/miguelsalmondelreal.com\/wp-content\/uploads\/2016\/03\/014-2013-Michoacan-Symphony-Orchestra.-Teatro-Morelos-Morelia-Mich.-Mexico.-Photo-Ramon-Merino.jpg?w=340&#038;h=255&#038;ssl=1\" width=\"340\" height=\"255\" data-original-width=\"340\" data-original-height=\"255\" itemprop=\"http:\/\/schema.org\/image\" title=\"2013, Michoacan Symphony Orchestra. Teatro Morelos, Morelia, Mich., Mexico. Photo, Ramon Merino\" alt=\"2013, Michoacan Symphony Orchestra. Teatro Morelos, Morelia, Mich., Mexico. Photo, Ramon Merino\" style=\"width: 340px; height: 255px;\" \/> <\/a> <div class=\"tiled-gallery-caption\" itemprop=\"caption description\"> 2013, Michoacan Symphony Orchestra. Teatro Morelos, Morelia, Mich., Mexico. Photo, Ramon Merino <\/div> <\/div> <\/div> <!-- close group --> <div class=\"gallery-group images-1\" style=\"width: 334px; height: 518px;\" data-original-width=\"334\" data-original-height=\"518\" > <div class=\"tiled-gallery-item tiled-gallery-item-large\" itemprop=\"associatedMedia\" itemscope itemtype=\"http:\/\/schema.org\/ImageObject\"> <a href=\"https:\/\/i2.wp.com\/miguelsalmondelreal.com\/wp-content\/uploads\/2016\/03\/085-2011-Ensamble-Nuevo-de-Mexico.-Sala-Manuel-M.-Ponce-Fine-Arts-Palace-Mexico-City.jpg?ssl=1\" border=\"0\" itemprop=\"url\"> <meta itemprop=\"width\" content=\"330\"> <meta itemprop=\"height\" content=\"514\"> <img loading=\"lazy\" decoding=\"async\" data-attachment-id=\"500\" data-orig-file=\"https:\/\/miguelsalmondelreal.com\/wp-content\/uploads\/2016\/03\/085-2011-Ensamble-Nuevo-de-Mexico.-Sala-Manuel-M.-Ponce-Fine-Arts-Palace-Mexico-City.jpg\" data-orig-size=\"1532,2386\" data-comments-opened=\"\" data-image-meta=\"{&quot;aperture&quot;:&quot;0&quot;,&quot;credit&quot;:&quot;&quot;,&quot;camera&quot;:&quot;&quot;,&quot;caption&quot;:&quot;&quot;,&quot;created_timestamp&quot;:&quot;0&quot;,&quot;copyright&quot;:&quot;&quot;,&quot;focal_length&quot;:&quot;0&quot;,&quot;iso&quot;:&quot;0&quot;,&quot;shutter_speed&quot;:&quot;0&quot;,&quot;title&quot;:&quot;&quot;,&quot;orientation&quot;:&quot;0&quot;}\" data-image-title=\"2011, Ensamble Nuevo de Mexico. Sala Manuel M. Ponce, Fine Arts Palace, Mexico City\" data-image-description=\"\" data-medium-file=\"https:\/\/i2.wp.com\/miguelsalmondelreal.com\/wp-content\/uploads\/2016\/03\/085-2011-Ensamble-Nuevo-de-Mexico.-Sala-Manuel-M.-Ponce-Fine-Arts-Palace-Mexico-City.jpg?fit=193%2C300&#038;ssl=1\" data-large-file=\"https:\/\/i2.wp.com\/miguelsalmondelreal.com\/wp-content\/uploads\/2016\/03\/085-2011-Ensamble-Nuevo-de-Mexico.-Sala-Manuel-M.-Ponce-Fine-Arts-Palace-Mexico-City.jpg?fit=770%2C1200&#038;ssl=1\" src=\"https:\/\/i2.wp.com\/miguelsalmondelreal.com\/wp-content\/uploads\/2016\/03\/085-2011-Ensamble-Nuevo-de-Mexico.-Sala-Manuel-M.-Ponce-Fine-Arts-Palace-Mexico-City.jpg?w=330&#038;h=514&#038;ssl=1\" width=\"330\" height=\"514\" data-original-width=\"330\" data-original-height=\"514\" itemprop=\"http:\/\/schema.org\/image\" title=\"2011, Ensamble Nuevo de Mexico. Sala Manuel M. Ponce, Fine Arts Palace, Mexico City\" alt=\"2011, Ensamble Nuevo de Mexico. Sala Manuel M. Ponce, Fine Arts Palace, Mexico City\" style=\"width: 330px; height: 514px;\" \/> <\/a> <div class=\"tiled-gallery-caption\" itemprop=\"caption description\"> 2011, Ensamble Nuevo de Mexico. Sala Manuel M. Ponce, Fine Arts Palace, Mexico City <\/div> <\/div> <\/div> <!-- close group --> <\/div> <!-- close row --> <div class=\"gallery-row\" style=\"width: 1050px; height: 514px;\" data-original-width=\"1050\" data-original-height=\"514\" > <div class=\"gallery-group images-1\" style=\"width: 665px; height: 514px;\" data-original-width=\"665\" data-original-height=\"514\" > <div class=\"tiled-gallery-item tiled-gallery-item-large\" itemprop=\"associatedMedia\" itemscope itemtype=\"http:\/\/schema.org\/ImageObject\"> <a href=\"https:\/\/i0.wp.com\/miguelsalmondelreal.com\/wp-content\/uploads\/2021\/07\/GI8A8091-Editar-e1627911845801.jpg?ssl=1\" border=\"0\" itemprop=\"url\"> <meta itemprop=\"width\" content=\"661\"> <meta itemprop=\"height\" content=\"510\"> <img loading=\"lazy\" decoding=\"async\" data-attachment-id=\"777\" data-orig-file=\"https:\/\/miguelsalmondelreal.com\/wp-content\/uploads\/2021\/07\/GI8A8091-Editar-e1627911845801.jpg\" data-orig-size=\"1802,1390\" data-comments-opened=\"\" data-image-meta=\"{&quot;aperture&quot;:&quot;0&quot;,&quot;credit&quot;:&quot;&quot;,&quot;camera&quot;:&quot;&quot;,&quot;caption&quot;:&quot;&quot;,&quot;created_timestamp&quot;:&quot;0&quot;,&quot;copyright&quot;:&quot;&quot;,&quot;focal_length&quot;:&quot;0&quot;,&quot;iso&quot;:&quot;0&quot;,&quot;shutter_speed&quot;:&quot;0&quot;,&quot;title&quot;:&quot;&quot;,&quot;orientation&quot;:&quot;0&quot;}\" data-image-title=\"GI8A8091-Editar\" data-image-description=\"\" data-medium-file=\"https:\/\/i0.wp.com\/miguelsalmondelreal.com\/wp-content\/uploads\/2021\/07\/GI8A8091-Editar-e1627911845801.jpg?fit=300%2C231&#038;ssl=1\" data-large-file=\"https:\/\/i0.wp.com\/miguelsalmondelreal.com\/wp-content\/uploads\/2021\/07\/GI8A8091-Editar-e1627911845801.jpg?fit=1050%2C810&#038;ssl=1\" src=\"https:\/\/i0.wp.com\/miguelsalmondelreal.com\/wp-content\/uploads\/2021\/07\/GI8A8091-Editar-e1627911845801.jpg?w=661&#038;h=510&#038;ssl=1\" width=\"661\" height=\"510\" data-original-width=\"661\" data-original-height=\"510\" itemprop=\"http:\/\/schema.org\/image\" title=\"GI8A8091-Editar\" alt=\"GI8A8091-Editar\" style=\"width: 661px; height: 510px;\" \/> <\/a> <\/div> <\/div> <!-- close group --> <div class=\"gallery-group images-2\" style=\"width: 385px; height: 514px;\" data-original-width=\"385\" data-original-height=\"514\" > <div class=\"tiled-gallery-item tiled-gallery-item-large\" itemprop=\"associatedMedia\" itemscope itemtype=\"http:\/\/schema.org\/ImageObject\"> <a href=\"https:\/\/i2.wp.com\/miguelsalmondelreal.com\/wp-content\/uploads\/2016\/03\/079-2015-Guanuajuato-Symphony-Orchestra.-Teatro-de-la-Ciudad-Gto.-Mexico.-Photo-Beto-Gutierrez.jpg?ssl=1\" border=\"0\" itemprop=\"url\"> <meta itemprop=\"width\" content=\"381\"> <meta itemprop=\"height\" content=\"254\"> <img loading=\"lazy\" decoding=\"async\" data-attachment-id=\"494\" data-orig-file=\"https:\/\/miguelsalmondelreal.com\/wp-content\/uploads\/2016\/03\/079-2015-Guanuajuato-Symphony-Orchestra.-Teatro-de-la-Ciudad-Gto.-Mexico.-Photo-Beto-Gutierrez.jpg\" data-orig-size=\"1814,1210\" data-comments-opened=\"\" data-image-meta=\"{&quot;aperture&quot;:&quot;0&quot;,&quot;credit&quot;:&quot;&quot;,&quot;camera&quot;:&quot;&quot;,&quot;caption&quot;:&quot;&quot;,&quot;created_timestamp&quot;:&quot;0&quot;,&quot;copyright&quot;:&quot;&quot;,&quot;focal_length&quot;:&quot;0&quot;,&quot;iso&quot;:&quot;0&quot;,&quot;shutter_speed&quot;:&quot;0&quot;,&quot;title&quot;:&quot;&quot;,&quot;orientation&quot;:&quot;0&quot;}\" data-image-title=\"2015, Guanuajuato Symphony Orchestra. Teatro de la Ciudad, Gto., Mexico. Photo, Beto Gutierrez\" data-image-description=\"\" data-medium-file=\"https:\/\/i2.wp.com\/miguelsalmondelreal.com\/wp-content\/uploads\/2016\/03\/079-2015-Guanuajuato-Symphony-Orchestra.-Teatro-de-la-Ciudad-Gto.-Mexico.-Photo-Beto-Gutierrez.jpg?fit=300%2C200&#038;ssl=1\" data-large-file=\"https:\/\/i2.wp.com\/miguelsalmondelreal.com\/wp-content\/uploads\/2016\/03\/079-2015-Guanuajuato-Symphony-Orchestra.-Teatro-de-la-Ciudad-Gto.-Mexico.-Photo-Beto-Gutierrez.jpg?fit=1050%2C700&#038;ssl=1\" src=\"https:\/\/i2.wp.com\/miguelsalmondelreal.com\/wp-content\/uploads\/2016\/03\/079-2015-Guanuajuato-Symphony-Orchestra.-Teatro-de-la-Ciudad-Gto.-Mexico.-Photo-Beto-Gutierrez.jpg?w=381&#038;h=254&#038;ssl=1\" width=\"381\" height=\"254\" data-original-width=\"381\" data-original-height=\"254\" itemprop=\"http:\/\/schema.org\/image\" title=\"2015, Guanuajuato Symphony Orchestra. Teatro de la Ciudad, Gto., Mexico. Photo, Beto Gutierrez\" alt=\"2015, Guanuajuato Symphony Orchestra. Teatro de la Ciudad, Gto., Mexico. Photo, Beto Gutierrez\" style=\"width: 381px; height: 254px;\" \/> <\/a> <div class=\"tiled-gallery-caption\" itemprop=\"caption description\"> 2015, Guanuajuato Symphony Orchestra. Teatro de la Ciudad, Gto., Mexico. Photo, Beto Gutierrez <\/div> <\/div> <div class=\"tiled-gallery-item tiled-gallery-item-large\" itemprop=\"associatedMedia\" itemscope itemtype=\"http:\/\/schema.org\/ImageObject\"> <a href=\"https:\/\/i2.wp.com\/miguelsalmondelreal.com\/wp-content\/uploads\/2016\/03\/004-2016-Xalapa-Symphony-Orchestra.-Sala-Tlaqna.-Xalapa-Veracruz-Mexico.-Photo-Luis-Fernando-Soni.jpg?ssl=1\" border=\"0\" itemprop=\"url\"> <meta itemprop=\"width\" content=\"381\"> <meta itemprop=\"height\" content=\"252\"> <img loading=\"lazy\" decoding=\"async\" data-attachment-id=\"421\" data-orig-file=\"https:\/\/miguelsalmondelreal.com\/wp-content\/uploads\/2016\/03\/004-2016-Xalapa-Symphony-Orchestra.-Sala-Tlaqna.-Xalapa-Veracruz-Mexico.-Photo-Luis-Fernando-Soni.jpg\" data-orig-size=\"2048,1356\" data-comments-opened=\"\" data-image-meta=\"{&quot;aperture&quot;:&quot;5.6&quot;,&quot;credit&quot;:&quot;&quot;,&quot;camera&quot;:&quot;NIKON D7000&quot;,&quot;caption&quot;:&quot;&quot;,&quot;created_timestamp&quot;:&quot;1457127142&quot;,&quot;copyright&quot;:&quot;&quot;,&quot;focal_length&quot;:&quot;32&quot;,&quot;iso&quot;:&quot;2500&quot;,&quot;shutter_speed&quot;:&quot;0.00625&quot;,&quot;title&quot;:&quot;4&quot;,&quot;orientation&quot;:&quot;1&quot;}\" data-image-title=\"2016, Xalapa Symphony Orchestra. Sala Tlaqna. Xalapa, Veracruz, Mexico. Photo, Luis Fernando Soni\" data-image-description=\"\" data-medium-file=\"https:\/\/i2.wp.com\/miguelsalmondelreal.com\/wp-content\/uploads\/2016\/03\/004-2016-Xalapa-Symphony-Orchestra.-Sala-Tlaqna.-Xalapa-Veracruz-Mexico.-Photo-Luis-Fernando-Soni.jpg?fit=300%2C199&#038;ssl=1\" data-large-file=\"https:\/\/i2.wp.com\/miguelsalmondelreal.com\/wp-content\/uploads\/2016\/03\/004-2016-Xalapa-Symphony-Orchestra.-Sala-Tlaqna.-Xalapa-Veracruz-Mexico.-Photo-Luis-Fernando-Soni.jpg?fit=1050%2C695&#038;ssl=1\" src=\"https:\/\/i2.wp.com\/miguelsalmondelreal.com\/wp-content\/uploads\/2016\/03\/004-2016-Xalapa-Symphony-Orchestra.-Sala-Tlaqna.-Xalapa-Veracruz-Mexico.-Photo-Luis-Fernando-Soni.jpg?w=381&#038;h=252&#038;ssl=1\" width=\"381\" height=\"252\" data-original-width=\"381\" data-original-height=\"252\" itemprop=\"http:\/\/schema.org\/image\" title=\"2016, Xalapa Symphony Orchestra. Sala Tlaqna. Xalapa, Veracruz, Mexico. Photo, Luis Fernando Soni\" alt=\"2016, Xalapa Symphony Orchestra. Sala Tlaqna. Xalapa, Veracruz, Mexico. Photo, Luis Fernando Soni\" style=\"width: 381px; height: 252px;\" \/> <\/a> <div class=\"tiled-gallery-caption\" itemprop=\"caption description\"> 2016, Xalapa Symphony Orchestra. Sala Tlaqna. Xalapa, Veracruz, Mexico. Photo, Luis Fernando Soni <\/div> <\/div> <\/div> <!-- close group --> <\/div> <!-- close row --> <div class=\"gallery-row\" style=\"width: 1050px; height: 214px;\" data-original-width=\"1050\" data-original-height=\"214\" > <div class=\"gallery-group images-1\" style=\"width: 319px; height: 214px;\" data-original-width=\"319\" data-original-height=\"214\" > <div class=\"tiled-gallery-item tiled-gallery-item-large\" itemprop=\"associatedMedia\" itemscope itemtype=\"http:\/\/schema.org\/ImageObject\"> <a href=\"https:\/\/i0.wp.com\/miguelsalmondelreal.com\/wp-content\/uploads\/2016\/03\/017-2014-OPERA-CARMEN.-Teatro-Obrero-Zamora-Mich.-Mexico.jpg?ssl=1\" border=\"0\" itemprop=\"url\"> <meta itemprop=\"width\" content=\"315\"> <meta itemprop=\"height\" content=\"210\"> <img loading=\"lazy\" decoding=\"async\" data-attachment-id=\"434\" data-orig-file=\"https:\/\/miguelsalmondelreal.com\/wp-content\/uploads\/2016\/03\/017-2014-OPERA-CARMEN.-Teatro-Obrero-Zamora-Mich.-Mexico.jpg\" data-orig-size=\"6000,4000\" data-comments-opened=\"\" data-image-meta=\"{&quot;aperture&quot;:&quot;2.8&quot;,&quot;credit&quot;:&quot;&quot;,&quot;camera&quot;:&quot;NIKON D5200&quot;,&quot;caption&quot;:&quot;&quot;,&quot;created_timestamp&quot;:&quot;1418596524&quot;,&quot;copyright&quot;:&quot;&quot;,&quot;focal_length&quot;:&quot;70&quot;,&quot;iso&quot;:&quot;2000&quot;,&quot;shutter_speed&quot;:&quot;0.01&quot;,&quot;title&quot;:&quot;17&quot;,&quot;orientation&quot;:&quot;1&quot;}\" data-image-title=\"2014, OPERA CARMEN. Teatro Obrero, Zamora, Mich., Mexico\" data-image-description=\"\" data-medium-file=\"https:\/\/i0.wp.com\/miguelsalmondelreal.com\/wp-content\/uploads\/2016\/03\/017-2014-OPERA-CARMEN.-Teatro-Obrero-Zamora-Mich.-Mexico.jpg?fit=300%2C200&#038;ssl=1\" data-large-file=\"https:\/\/i0.wp.com\/miguelsalmondelreal.com\/wp-content\/uploads\/2016\/03\/017-2014-OPERA-CARMEN.-Teatro-Obrero-Zamora-Mich.-Mexico.jpg?fit=1050%2C700&#038;ssl=1\" src=\"https:\/\/i0.wp.com\/miguelsalmondelreal.com\/wp-content\/uploads\/2016\/03\/017-2014-OPERA-CARMEN.-Teatro-Obrero-Zamora-Mich.-Mexico.jpg?w=315&#038;h=210&#038;ssl=1\" width=\"315\" height=\"210\" data-original-width=\"315\" data-original-height=\"210\" itemprop=\"http:\/\/schema.org\/image\" title=\"2014, OPERA CARMEN. Teatro Obrero, Zamora, Mich., Mexico\" alt=\"2014, OPERA CARMEN. Teatro Obrero, Zamora, Mich., Mexico\" style=\"width: 315px; height: 210px;\" \/> <\/a> <div class=\"tiled-gallery-caption\" itemprop=\"caption description\"> 2014, OPERA CARMEN. Teatro Obrero, Zamora, Mich., Mexico <\/div> <\/div> <\/div> <!-- close group --> <div class=\"gallery-group images-1\" style=\"width: 409px; height: 214px;\" data-original-width=\"409\" data-original-height=\"214\" > <div class=\"tiled-gallery-item tiled-gallery-item-large\" itemprop=\"associatedMedia\" itemscope itemtype=\"http:\/\/schema.org\/ImageObject\"> <a href=\"https:\/\/i1.wp.com\/miguelsalmondelreal.com\/wp-content\/uploads\/2016\/03\/080-2007-Ostrava-Philharmonic-Orchestra-Czech-Republic.-Pictures-of-an-Exhibition-Mussorgski-Ravel-1.jpg?ssl=1\" border=\"0\" itemprop=\"url\"> <meta itemprop=\"width\" content=\"405\"> <meta itemprop=\"height\" content=\"210\"> <img loading=\"lazy\" decoding=\"async\" data-attachment-id=\"495\" data-orig-file=\"https:\/\/miguelsalmondelreal.com\/wp-content\/uploads\/2016\/03\/080-2007-Ostrava-Philharmonic-Orchestra-Czech-Republic.-Pictures-of-an-Exhibition-Mussorgski-Ravel-1.jpg\" data-orig-size=\"2050,1065\" data-comments-opened=\"\" data-image-meta=\"{&quot;aperture&quot;:&quot;3.5&quot;,&quot;credit&quot;:&quot;&quot;,&quot;camera&quot;:&quot;NIKON D80&quot;,&quot;caption&quot;:&quot;&quot;,&quot;created_timestamp&quot;:&quot;1140121548&quot;,&quot;copyright&quot;:&quot;&quot;,&quot;focal_length&quot;:&quot;18&quot;,&quot;iso&quot;:&quot;1600&quot;,&quot;shutter_speed&quot;:&quot;0.0125&quot;,&quot;title&quot;:&quot;&quot;,&quot;orientation&quot;:&quot;1&quot;}\" data-image-title=\"2007, Ostrava Philharmonic Orchestra, Czech Republic. Pictures of an Exhibition Mussorgski-Ravel\" data-image-description=\"\" data-medium-file=\"https:\/\/i1.wp.com\/miguelsalmondelreal.com\/wp-content\/uploads\/2016\/03\/080-2007-Ostrava-Philharmonic-Orchestra-Czech-Republic.-Pictures-of-an-Exhibition-Mussorgski-Ravel-1.jpg?fit=300%2C156&#038;ssl=1\" data-large-file=\"https:\/\/i1.wp.com\/miguelsalmondelreal.com\/wp-content\/uploads\/2016\/03\/080-2007-Ostrava-Philharmonic-Orchestra-Czech-Republic.-Pictures-of-an-Exhibition-Mussorgski-Ravel-1.jpg?fit=1050%2C545&#038;ssl=1\" src=\"https:\/\/i1.wp.com\/miguelsalmondelreal.com\/wp-content\/uploads\/2016\/03\/080-2007-Ostrava-Philharmonic-Orchestra-Czech-Republic.-Pictures-of-an-Exhibition-Mussorgski-Ravel-1.jpg?w=405&#038;h=210&#038;ssl=1\" width=\"405\" height=\"210\" data-original-width=\"405\" data-original-height=\"210\" itemprop=\"http:\/\/schema.org\/image\" title=\"2007, Ostrava Philharmonic Orchestra, Czech Republic. Pictures of an Exhibition Mussorgski-Ravel\" alt=\"2007, Ostrava Philharmonic Orchestra, Czech Republic. Pictures of an Exhibition Mussorgski-Ravel\" style=\"width: 405px; height: 210px;\" \/> <\/a> <div class=\"tiled-gallery-caption\" itemprop=\"caption description\"> 2007, Ostrava Philharmonic Orchestra, Czech Republic. Pictures of an Exhibition Mussorgski-Ravel <\/div> <\/div> <\/div> <!-- close group --> <div class=\"gallery-group images-1\" style=\"width: 322px; height: 214px;\" data-original-width=\"322\" data-original-height=\"214\" > <div class=\"tiled-gallery-item tiled-gallery-item-large\" itemprop=\"associatedMedia\" itemscope itemtype=\"http:\/\/schema.org\/ImageObject\"> <a href=\"https:\/\/i0.wp.com\/miguelsalmondelreal.com\/wp-content\/uploads\/2016\/03\/076-2016-Xalapa-Symphony-Orchestra.-11-symphonic-miniatures-of-11-living-composers.-Sala-Tlaqna.-Xalapa-Veracruz-Mexico.-Photo-Luis-Fernando-Soni.jpg?ssl=1\" border=\"0\" itemprop=\"url\"> <meta itemprop=\"width\" content=\"318\"> <meta itemprop=\"height\" content=\"210\"> <img loading=\"lazy\" decoding=\"async\" data-attachment-id=\"491\" data-orig-file=\"https:\/\/miguelsalmondelreal.com\/wp-content\/uploads\/2016\/03\/076-2016-Xalapa-Symphony-Orchestra.-11-symphonic-miniatures-of-11-living-composers.-Sala-Tlaqna.-Xalapa-Veracruz-Mexico.-Photo-Luis-Fernando-Soni.jpg\" data-orig-size=\"2048,1356\" data-comments-opened=\"\" data-image-meta=\"{&quot;aperture&quot;:&quot;5.6&quot;,&quot;credit&quot;:&quot;&quot;,&quot;camera&quot;:&quot;CORPORATION&quot;,&quot;caption&quot;:&quot;&quot;,&quot;created_timestamp&quot;:&quot;1457124822&quot;,&quot;copyright&quot;:&quot;&quot;,&quot;focal_length&quot;:&quot;180&quot;,&quot;iso&quot;:&quot;2500&quot;,&quot;shutter_speed&quot;:&quot;0.005&quot;,&quot;title&quot;:&quot;&quot;,&quot;orientation&quot;:&quot;1&quot;}\" data-image-title=\"2016, Xalapa Symphony Orchestra. 11 symphonic miniatures of 11 living composers. Sala Tlaqna. Xalapa, Veracruz, Mexico. Photo, Luis Fernando Soni\" data-image-description=\"\" data-medium-file=\"https:\/\/i0.wp.com\/miguelsalmondelreal.com\/wp-content\/uploads\/2016\/03\/076-2016-Xalapa-Symphony-Orchestra.-11-symphonic-miniatures-of-11-living-composers.-Sala-Tlaqna.-Xalapa-Veracruz-Mexico.-Photo-Luis-Fernando-Soni.jpg?fit=300%2C199&#038;ssl=1\" data-large-file=\"https:\/\/i0.wp.com\/miguelsalmondelreal.com\/wp-content\/uploads\/2016\/03\/076-2016-Xalapa-Symphony-Orchestra.-11-symphonic-miniatures-of-11-living-composers.-Sala-Tlaqna.-Xalapa-Veracruz-Mexico.-Photo-Luis-Fernando-Soni.jpg?fit=1050%2C695&#038;ssl=1\" src=\"https:\/\/i0.wp.com\/miguelsalmondelreal.com\/wp-content\/uploads\/2016\/03\/076-2016-Xalapa-Symphony-Orchestra.-11-symphonic-miniatures-of-11-living-composers.-Sala-Tlaqna.-Xalapa-Veracruz-Mexico.-Photo-Luis-Fernando-Soni.jpg?w=318&#038;h=210&#038;ssl=1\" width=\"318\" height=\"210\" data-original-width=\"318\" data-original-height=\"210\" itemprop=\"http:\/\/schema.org\/image\" title=\"2016, Xalapa Symphony Orchestra. 11 symphonic miniatures of 11 living composers. Sala Tlaqna. Xalapa, Veracruz, Mexico. Photo, Luis Fernando Soni\" alt=\"2016, Xalapa Symphony Orchestra. 11 symphonic miniatures of 11 living composers. Sala Tlaqna. Xalapa, Veracruz, Mexico. Photo, Luis Fernando Soni\" style=\"width: 318px; height: 210px;\" \/> <\/a> <div class=\"tiled-gallery-caption\" itemprop=\"caption description\"> 2016, Xalapa Symphony Orchestra. 11 symphonic miniatures of 11 living composers. Sala Tlaqna. Xalapa, Veracruz, Mexico. Photo, Luis Fernando Soni <\/div> <\/div> <\/div> <!-- close group --> <\/div> <!-- close row --> <div class=\"gallery-row\" style=\"width: 1050px; height: 901px;\" data-original-width=\"1050\" data-original-height=\"901\" > <div class=\"gallery-group images-3\" style=\"width: 448px; height: 901px;\" data-original-width=\"448\" data-original-height=\"901\" > <div class=\"tiled-gallery-item tiled-gallery-item-large\" itemprop=\"associatedMedia\" itemscope itemtype=\"http:\/\/schema.org\/ImageObject\"> <a href=\"https:\/\/i1.wp.com\/miguelsalmondelreal.com\/wp-content\/uploads\/2016\/03\/058-2015-Jalisco-Philharmonic-Orchestra.-Photo-Marco-Ayala-1.jpg?ssl=1\" border=\"0\" itemprop=\"url\"> <meta itemprop=\"width\" content=\"444\"> <meta itemprop=\"height\" content=\"296\"> <img loading=\"lazy\" decoding=\"async\" data-attachment-id=\"474\" data-orig-file=\"https:\/\/miguelsalmondelreal.com\/wp-content\/uploads\/2016\/03\/058-2015-Jalisco-Philharmonic-Orchestra.-Photo-Marco-Ayala-1.jpg\" data-orig-size=\"2300,1533\" data-comments-opened=\"\" data-image-meta=\"{&quot;aperture&quot;:&quot;4.8&quot;,&quot;credit&quot;:&quot;&quot;,&quot;camera&quot;:&quot;NIKON D3100&quot;,&quot;caption&quot;:&quot;&quot;,&quot;created_timestamp&quot;:&quot;1429449633&quot;,&quot;copyright&quot;:&quot;&quot;,&quot;focal_length&quot;:&quot;130&quot;,&quot;iso&quot;:&quot;800&quot;,&quot;shutter_speed&quot;:&quot;0.01&quot;,&quot;title&quot;:&quot;&quot;,&quot;orientation&quot;:&quot;1&quot;}\" data-image-title=\"2015, Jalisco Philharmonic Orchestra. Photo, Marco Ayala\" data-image-description=\"\" data-medium-file=\"https:\/\/i1.wp.com\/miguelsalmondelreal.com\/wp-content\/uploads\/2016\/03\/058-2015-Jalisco-Philharmonic-Orchestra.-Photo-Marco-Ayala-1.jpg?fit=300%2C200&#038;ssl=1\" data-large-file=\"https:\/\/i1.wp.com\/miguelsalmondelreal.com\/wp-content\/uploads\/2016\/03\/058-2015-Jalisco-Philharmonic-Orchestra.-Photo-Marco-Ayala-1.jpg?fit=1050%2C700&#038;ssl=1\" src=\"https:\/\/i1.wp.com\/miguelsalmondelreal.com\/wp-content\/uploads\/2016\/03\/058-2015-Jalisco-Philharmonic-Orchestra.-Photo-Marco-Ayala-1.jpg?w=444&#038;h=296&#038;ssl=1\" width=\"444\" height=\"296\" data-original-width=\"444\" data-original-height=\"296\" itemprop=\"http:\/\/schema.org\/image\" title=\"2015, Jalisco Philharmonic Orchestra. Photo, Marco Ayala\" alt=\"2015, Jalisco Philharmonic Orchestra. Photo, Marco Ayala\" style=\"width: 444px; height: 296px;\" \/> <\/a> <div class=\"tiled-gallery-caption\" itemprop=\"caption description\"> 2015, Jalisco Philharmonic Orchestra. Photo, Marco Ayala <\/div> <\/div> <div class=\"tiled-gallery-item tiled-gallery-item-large\" itemprop=\"associatedMedia\" itemscope itemtype=\"http:\/\/schema.org\/ImageObject\"> <a href=\"https:\/\/i0.wp.com\/miguelsalmondelreal.com\/wp-content\/uploads\/2016\/03\/023-2014-OPERA-CARMEN.-Teatro-Obrero-Zamora-Mich.-Mexico.jpg?ssl=1\" border=\"0\" itemprop=\"url\"> <meta itemprop=\"width\" content=\"444\"> <meta itemprop=\"height\" content=\"296\"> <img loading=\"lazy\" decoding=\"async\" data-attachment-id=\"440\" data-orig-file=\"https:\/\/miguelsalmondelreal.com\/wp-content\/uploads\/2016\/03\/023-2014-OPERA-CARMEN.-Teatro-Obrero-Zamora-Mich.-Mexico.jpg\" data-orig-size=\"2500,1667\" data-comments-opened=\"\" data-image-meta=\"{&quot;aperture&quot;:&quot;4.5&quot;,&quot;credit&quot;:&quot;&quot;,&quot;camera&quot;:&quot;NIKON D3100&quot;,&quot;caption&quot;:&quot;&quot;,&quot;created_timestamp&quot;:&quot;1418769027&quot;,&quot;copyright&quot;:&quot;&quot;,&quot;focal_length&quot;:&quot;29&quot;,&quot;iso&quot;:&quot;3200&quot;,&quot;shutter_speed&quot;:&quot;0.0166666666667&quot;,&quot;title&quot;:&quot;&quot;,&quot;orientation&quot;:&quot;1&quot;}\" data-image-title=\"2014, OPERA CARMEN. Teatro Obrero, Zamora, Mich., Mexico\" data-image-description=\"\" data-medium-file=\"https:\/\/i0.wp.com\/miguelsalmondelreal.com\/wp-content\/uploads\/2016\/03\/023-2014-OPERA-CARMEN.-Teatro-Obrero-Zamora-Mich.-Mexico.jpg?fit=300%2C200&#038;ssl=1\" data-large-file=\"https:\/\/i0.wp.com\/miguelsalmondelreal.com\/wp-content\/uploads\/2016\/03\/023-2014-OPERA-CARMEN.-Teatro-Obrero-Zamora-Mich.-Mexico.jpg?fit=1050%2C700&#038;ssl=1\" src=\"https:\/\/i0.wp.com\/miguelsalmondelreal.com\/wp-content\/uploads\/2016\/03\/023-2014-OPERA-CARMEN.-Teatro-Obrero-Zamora-Mich.-Mexico.jpg?w=444&#038;h=296&#038;ssl=1\" width=\"444\" height=\"296\" data-original-width=\"444\" data-original-height=\"296\" itemprop=\"http:\/\/schema.org\/image\" title=\"2014, OPERA CARMEN. Teatro Obrero, Zamora, Mich., Mexico\" alt=\"2014, OPERA CARMEN. Teatro Obrero, Zamora, Mich., Mexico\" style=\"width: 444px; height: 296px;\" \/> <\/a> <div class=\"tiled-gallery-caption\" itemprop=\"caption description\"> 2014, OPERA CARMEN. Teatro Obrero, Zamora, Mich., Mexico <\/div> <\/div> <div class=\"tiled-gallery-item tiled-gallery-item-large\" itemprop=\"associatedMedia\" itemscope itemtype=\"http:\/\/schema.org\/ImageObject\"> <a href=\"https:\/\/i0.wp.com\/miguelsalmondelreal.com\/wp-content\/uploads\/2016\/03\/052-2014-OPERA-CARMEN.-Teatro-Obrero-Zamora-Mich.-Mexico.jpg?ssl=1\" border=\"0\" itemprop=\"url\"> <meta itemprop=\"width\" content=\"444\"> <meta itemprop=\"height\" content=\"297\"> <img loading=\"lazy\" decoding=\"async\" data-attachment-id=\"469\" data-orig-file=\"https:\/\/miguelsalmondelreal.com\/wp-content\/uploads\/2016\/03\/052-2014-OPERA-CARMEN.-Teatro-Obrero-Zamora-Mich.-Mexico.jpg\" data-orig-size=\"4724,3150\" data-comments-opened=\"\" data-image-meta=\"{&quot;aperture&quot;:&quot;3.5&quot;,&quot;credit&quot;:&quot;&quot;,&quot;camera&quot;:&quot;NIKON D3100&quot;,&quot;caption&quot;:&quot;&quot;,&quot;created_timestamp&quot;:&quot;1418763172&quot;,&quot;copyright&quot;:&quot;&quot;,&quot;focal_length&quot;:&quot;18&quot;,&quot;iso&quot;:&quot;1600&quot;,&quot;shutter_speed&quot;:&quot;0.0666666666667&quot;,&quot;title&quot;:&quot;&quot;,&quot;orientation&quot;:&quot;1&quot;}\" data-image-title=\"2014, OPERA CARMEN. Teatro Obrero, Zamora, Mich., Mexico\" data-image-description=\"\" data-medium-file=\"https:\/\/i0.wp.com\/miguelsalmondelreal.com\/wp-content\/uploads\/2016\/03\/052-2014-OPERA-CARMEN.-Teatro-Obrero-Zamora-Mich.-Mexico.jpg?fit=300%2C200&#038;ssl=1\" data-large-file=\"https:\/\/i0.wp.com\/miguelsalmondelreal.com\/wp-content\/uploads\/2016\/03\/052-2014-OPERA-CARMEN.-Teatro-Obrero-Zamora-Mich.-Mexico.jpg?fit=1050%2C700&#038;ssl=1\" src=\"https:\/\/i0.wp.com\/miguelsalmondelreal.com\/wp-content\/uploads\/2016\/03\/052-2014-OPERA-CARMEN.-Teatro-Obrero-Zamora-Mich.-Mexico.jpg?w=444&#038;h=297&#038;ssl=1\" width=\"444\" height=\"297\" data-original-width=\"444\" data-original-height=\"297\" itemprop=\"http:\/\/schema.org\/image\" title=\"2014, OPERA CARMEN. Teatro Obrero, Zamora, Mich., Mexico\" alt=\"2014, OPERA CARMEN. Teatro Obrero, Zamora, Mich., Mexico\" style=\"width: 444px; height: 297px;\" \/> <\/a> <div class=\"tiled-gallery-caption\" itemprop=\"caption description\"> 2014, OPERA CARMEN. Teatro Obrero, Zamora, Mich., Mexico <\/div> <\/div> <\/div> <!-- close group --> <div class=\"gallery-group images-1\" style=\"width: 602px; height: 901px;\" data-original-width=\"602\" data-original-height=\"901\" > <div class=\"tiled-gallery-item tiled-gallery-item-large\" itemprop=\"associatedMedia\" itemscope itemtype=\"http:\/\/schema.org\/ImageObject\"> <a href=\"https:\/\/i2.wp.com\/miguelsalmondelreal.com\/wp-content\/uploads\/2016\/03\/069-Michoacan-Symphony-Orchestra.-Photo-Carlos-Cuin-Jr..jpg?ssl=1\" border=\"0\" itemprop=\"url\"> <meta itemprop=\"width\" content=\"598\"> <meta itemprop=\"height\" content=\"897\"> <img loading=\"lazy\" decoding=\"async\" data-attachment-id=\"485\" data-orig-file=\"https:\/\/miguelsalmondelreal.com\/wp-content\/uploads\/2016\/03\/069-Michoacan-Symphony-Orchestra.-Photo-Carlos-Cuin-Jr..jpg\" data-orig-size=\"3333,5000\" data-comments-opened=\"\" data-image-meta=\"{&quot;aperture&quot;:&quot;4.8&quot;,&quot;credit&quot;:&quot;&quot;,&quot;camera&quot;:&quot;NIKON D5200&quot;,&quot;caption&quot;:&quot;&quot;,&quot;created_timestamp&quot;:&quot;1403302821&quot;,&quot;copyright&quot;:&quot;&quot;,&quot;focal_length&quot;:&quot;125&quot;,&quot;iso&quot;:&quot;6400&quot;,&quot;shutter_speed&quot;:&quot;0.003125&quot;,&quot;title&quot;:&quot;69&quot;,&quot;orientation&quot;:&quot;1&quot;}\" data-image-title=\"Michoacan Symphony Orchestra. Photo, Carlos Cuin Jr.\" data-image-description=\"\" data-medium-file=\"https:\/\/i2.wp.com\/miguelsalmondelreal.com\/wp-content\/uploads\/2016\/03\/069-Michoacan-Symphony-Orchestra.-Photo-Carlos-Cuin-Jr..jpg?fit=200%2C300&#038;ssl=1\" data-large-file=\"https:\/\/i2.wp.com\/miguelsalmondelreal.com\/wp-content\/uploads\/2016\/03\/069-Michoacan-Symphony-Orchestra.-Photo-Carlos-Cuin-Jr..jpg?fit=800%2C1200&#038;ssl=1\" src=\"https:\/\/i2.wp.com\/miguelsalmondelreal.com\/wp-content\/uploads\/2016\/03\/069-Michoacan-Symphony-Orchestra.-Photo-Carlos-Cuin-Jr..jpg?w=598&#038;h=897&#038;ssl=1\" width=\"598\" height=\"897\" data-original-width=\"598\" data-original-height=\"897\" itemprop=\"http:\/\/schema.org\/image\" title=\"Michoacan Symphony Orchestra. Photo, Carlos Cuin Jr.\" alt=\"Michoacan Symphony Orchestra. Photo, Carlos Cuin Jr.\" style=\"width: 598px; height: 897px;\" \/> <\/a> <div class=\"tiled-gallery-caption\" itemprop=\"caption description\"> Michoacan Symphony Orchestra. Photo, Carlos Cuin Jr. <\/div> <\/div> <\/div> <!-- close group --> <\/div> <!-- close row --> <div class=\"gallery-row\" style=\"width: 1050px; height: 525px;\" data-original-width=\"1050\" data-original-height=\"525\" > <div class=\"gallery-group images-1\" style=\"width: 351px; height: 525px;\" data-original-width=\"351\" data-original-height=\"525\" > <div class=\"tiled-gallery-item tiled-gallery-item-large\" itemprop=\"associatedMedia\" itemscope itemtype=\"http:\/\/schema.org\/ImageObject\"> <a href=\"https:\/\/i0.wp.com\/miguelsalmondelreal.com\/wp-content\/uploads\/2016\/03\/044-2015-Guanuajuato-Symphony-Orchestra.-Teatro-de-la-Ciudad-Gto.-Mexico.-Photo-Beto-Gutierrez.jpg?ssl=1\" border=\"0\" itemprop=\"url\"> <meta itemprop=\"width\" content=\"347\"> <meta itemprop=\"height\" content=\"521\"> <img loading=\"lazy\" decoding=\"async\" data-attachment-id=\"461\" data-orig-file=\"https:\/\/miguelsalmondelreal.com\/wp-content\/uploads\/2016\/03\/044-2015-Guanuajuato-Symphony-Orchestra.-Teatro-de-la-Ciudad-Gto.-Mexico.-Photo-Beto-Gutierrez.jpg\" data-orig-size=\"1210,1814\" data-comments-opened=\"\" data-image-meta=\"{&quot;aperture&quot;:&quot;0&quot;,&quot;credit&quot;:&quot;&quot;,&quot;camera&quot;:&quot;&quot;,&quot;caption&quot;:&quot;&quot;,&quot;created_timestamp&quot;:&quot;0&quot;,&quot;copyright&quot;:&quot;&quot;,&quot;focal_length&quot;:&quot;0&quot;,&quot;iso&quot;:&quot;0&quot;,&quot;shutter_speed&quot;:&quot;0&quot;,&quot;title&quot;:&quot;&quot;,&quot;orientation&quot;:&quot;0&quot;}\" data-image-title=\"2015, Guanuajuato Symphony Orchestra. Teatro de la Ciudad, Gto., Mexico. Photo, Beto Gutierrez\" data-image-description=\"\" data-medium-file=\"https:\/\/i0.wp.com\/miguelsalmondelreal.com\/wp-content\/uploads\/2016\/03\/044-2015-Guanuajuato-Symphony-Orchestra.-Teatro-de-la-Ciudad-Gto.-Mexico.-Photo-Beto-Gutierrez.jpg?fit=200%2C300&#038;ssl=1\" data-large-file=\"https:\/\/i0.wp.com\/miguelsalmondelreal.com\/wp-content\/uploads\/2016\/03\/044-2015-Guanuajuato-Symphony-Orchestra.-Teatro-de-la-Ciudad-Gto.-Mexico.-Photo-Beto-Gutierrez.jpg?fit=800%2C1200&#038;ssl=1\" src=\"https:\/\/i0.wp.com\/miguelsalmondelreal.com\/wp-content\/uploads\/2016\/03\/044-2015-Guanuajuato-Symphony-Orchestra.-Teatro-de-la-Ciudad-Gto.-Mexico.-Photo-Beto-Gutierrez.jpg?w=347&#038;h=521&#038;ssl=1\" width=\"347\" height=\"521\" data-original-width=\"347\" data-original-height=\"521\" itemprop=\"http:\/\/schema.org\/image\" title=\"2015, Guanuajuato Symphony Orchestra. Teatro de la Ciudad, Gto., Mexico. Photo, Beto Gutierrez\" alt=\"2015, Guanuajuato Symphony Orchestra. Teatro de la Ciudad, Gto., Mexico. Photo, Beto Gutierrez\" style=\"width: 347px; height: 521px;\" \/> <\/a> <div class=\"tiled-gallery-caption\" itemprop=\"caption description\"> 2015, Guanuajuato Symphony Orchestra. Teatro de la Ciudad, Gto., Mexico. Photo, Beto Gutierrez <\/div> <\/div> <\/div> <!-- close group --> <div class=\"gallery-group images-1\" style=\"width: 699px; height: 525px;\" data-original-width=\"699\" data-original-height=\"525\" > <div class=\"tiled-gallery-item tiled-gallery-item-large\" itemprop=\"associatedMedia\" itemscope itemtype=\"http:\/\/schema.org\/ImageObject\"> <a href=\"https:\/\/i1.wp.com\/miguelsalmondelreal.com\/wp-content\/uploads\/2016\/03\/040-2014-Opera-gala-at-Teatro-Morelos.-Michoacan-Symphony-Orchestra.-Morelia-Mich.-Mexico-1.jpg?ssl=1\" border=\"0\" itemprop=\"url\"> <meta itemprop=\"width\" content=\"695\"> <meta itemprop=\"height\" content=\"521\"> <img loading=\"lazy\" decoding=\"async\" data-attachment-id=\"457\" data-orig-file=\"https:\/\/miguelsalmondelreal.com\/wp-content\/uploads\/2016\/03\/040-2014-Opera-gala-at-Teatro-Morelos.-Michoacan-Symphony-Orchestra.-Morelia-Mich.-Mexico-1.jpg\" data-orig-size=\"4134,3100\" data-comments-opened=\"\" data-image-meta=\"{&quot;aperture&quot;:&quot;3.2&quot;,&quot;credit&quot;:&quot;&quot;,&quot;camera&quot;:&quot;DSC-H2&quot;,&quot;caption&quot;:&quot;&quot;,&quot;created_timestamp&quot;:&quot;1412979342&quot;,&quot;copyright&quot;:&quot;&quot;,&quot;focal_length&quot;:&quot;10.3&quot;,&quot;iso&quot;:&quot;1000&quot;,&quot;shutter_speed&quot;:&quot;0.005&quot;,&quot;title&quot;:&quot;40&quot;,&quot;orientation&quot;:&quot;1&quot;}\" data-image-title=\"2014, Opera gala at Teatro Morelos. Michoacan Symphony Orchestra. Morelia, Mich., Mexico\" data-image-description=\"\" data-medium-file=\"https:\/\/i1.wp.com\/miguelsalmondelreal.com\/wp-content\/uploads\/2016\/03\/040-2014-Opera-gala-at-Teatro-Morelos.-Michoacan-Symphony-Orchestra.-Morelia-Mich.-Mexico-1.jpg?fit=300%2C225&#038;ssl=1\" data-large-file=\"https:\/\/i1.wp.com\/miguelsalmondelreal.com\/wp-content\/uploads\/2016\/03\/040-2014-Opera-gala-at-Teatro-Morelos.-Michoacan-Symphony-Orchestra.-Morelia-Mich.-Mexico-1.jpg?fit=1050%2C788&#038;ssl=1\" src=\"https:\/\/i1.wp.com\/miguelsalmondelreal.com\/wp-content\/uploads\/2016\/03\/040-2014-Opera-gala-at-Teatro-Morelos.-Michoacan-Symphony-Orchestra.-Morelia-Mich.-Mexico-1.jpg?w=695&#038;h=521&#038;ssl=1\" width=\"695\" height=\"521\" data-original-width=\"695\" data-original-height=\"521\" itemprop=\"http:\/\/schema.org\/image\" title=\"2014, Opera gala at Teatro Morelos. Michoacan Symphony Orchestra. Morelia, Mich., Mexico\" alt=\"2014, Opera gala at Teatro Morelos. Michoacan Symphony Orchestra. Morelia, Mich., Mexico\" style=\"width: 695px; height: 521px;\" \/> <\/a> <div class=\"tiled-gallery-caption\" itemprop=\"caption description\"> 2014, Opera gala at Teatro Morelos. Michoacan Symphony Orchestra. Morelia, Mich., Mexico <\/div> <\/div> <\/div> <!-- close group --> <\/div> <!-- close row --> <div class=\"gallery-row\" style=\"width: 1050px; height: 916px;\" data-original-width=\"1050\" data-original-height=\"916\" > <div class=\"gallery-group images-1\" style=\"width: 612px; height: 916px;\" data-original-width=\"612\" data-original-height=\"916\" > <div class=\"tiled-gallery-item tiled-gallery-item-large\" itemprop=\"associatedMedia\" itemscope itemtype=\"http:\/\/schema.org\/ImageObject\"> <a href=\"https:\/\/i2.wp.com\/miguelsalmondelreal.com\/wp-content\/uploads\/2016\/03\/007-2015-Michoacan-Symphony-Orchestra.-On-Les-adieux-by-Liszt.-Teatro-Ocampo-Morelia-Mich.-Mexico.-Photo-Ramon-Merino-2.jpg?ssl=1\" border=\"0\" itemprop=\"url\"> <meta itemprop=\"width\" content=\"608\"> <meta itemprop=\"height\" content=\"912\"> <img loading=\"lazy\" decoding=\"async\" data-attachment-id=\"501\" data-orig-file=\"https:\/\/miguelsalmondelreal.com\/wp-content\/uploads\/2016\/03\/007-2015-Michoacan-Symphony-Orchestra.-On-Les-adieux-by-Liszt.-Teatro-Ocampo-Morelia-Mich.-Mexico.-Photo-Ramon-Merino-2.jpg\" data-orig-size=\"2362,3543\" data-comments-opened=\"\" data-image-meta=\"{&quot;aperture&quot;:&quot;4.5&quot;,&quot;credit&quot;:&quot;&quot;,&quot;camera&quot;:&quot;NIKON D3300&quot;,&quot;caption&quot;:&quot;&quot;,&quot;created_timestamp&quot;:&quot;1443814960&quot;,&quot;copyright&quot;:&quot;&quot;,&quot;focal_length&quot;:&quot;100&quot;,&quot;iso&quot;:&quot;3200&quot;,&quot;shutter_speed&quot;:&quot;0.0025&quot;,&quot;title&quot;:&quot;7&quot;,&quot;orientation&quot;:&quot;1&quot;}\" data-image-title=\"2015, Michoacan Symphony Orchestra. On Les adieux by Liszt. Teatro Ocampo, Morelia, Mich. Mexico. Photo, Ramon Merino-2\" data-image-description=\"\" data-medium-file=\"https:\/\/i2.wp.com\/miguelsalmondelreal.com\/wp-content\/uploads\/2016\/03\/007-2015-Michoacan-Symphony-Orchestra.-On-Les-adieux-by-Liszt.-Teatro-Ocampo-Morelia-Mich.-Mexico.-Photo-Ramon-Merino-2.jpg?fit=200%2C300&#038;ssl=1\" data-large-file=\"https:\/\/i2.wp.com\/miguelsalmondelreal.com\/wp-content\/uploads\/2016\/03\/007-2015-Michoacan-Symphony-Orchestra.-On-Les-adieux-by-Liszt.-Teatro-Ocampo-Morelia-Mich.-Mexico.-Photo-Ramon-Merino-2.jpg?fit=800%2C1200&#038;ssl=1\" src=\"https:\/\/i2.wp.com\/miguelsalmondelreal.com\/wp-content\/uploads\/2016\/03\/007-2015-Michoacan-Symphony-Orchestra.-On-Les-adieux-by-Liszt.-Teatro-Ocampo-Morelia-Mich.-Mexico.-Photo-Ramon-Merino-2.jpg?w=608&#038;h=912&#038;ssl=1\" width=\"608\" height=\"912\" data-original-width=\"608\" data-original-height=\"912\" itemprop=\"http:\/\/schema.org\/image\" title=\"2015, Michoacan Symphony Orchestra. On Les adieux by Liszt. Teatro Ocampo, Morelia, Mich. Mexico. Photo, Ramon Merino-2\" alt=\"2015, Michoacan Symphony Orchestra. On Les adieux by Liszt. Teatro Ocampo, Morelia, Mich. Mexico. Photo, Ramon Merino\" style=\"width: 608px; height: 912px;\" \/> <\/a> <div class=\"tiled-gallery-caption\" itemprop=\"caption description\"> 2015, Michoacan Symphony Orchestra. On Les adieux by Liszt. Teatro Ocampo, Morelia, Mich. Mexico. Photo, Ramon Merino <\/div> <\/div> <\/div> <!-- close group --> <div class=\"gallery-group images-3\" style=\"width: 438px; height: 916px;\" data-original-width=\"438\" data-original-height=\"916\" > <div class=\"tiled-gallery-item tiled-gallery-item-large\" itemprop=\"associatedMedia\" itemscope itemtype=\"http:\/\/schema.org\/ImageObject\"> <a href=\"https:\/\/i2.wp.com\/miguelsalmondelreal.com\/wp-content\/uploads\/2016\/03\/064-2016-Warmia-and-Mazury-Philharmonic-Orchestra-1.jpg?ssl=1\" border=\"0\" itemprop=\"url\"> <meta itemprop=\"width\" content=\"434\"> <meta itemprop=\"height\" content=\"289\"> <img loading=\"lazy\" decoding=\"async\" data-attachment-id=\"480\" data-orig-file=\"https:\/\/miguelsalmondelreal.com\/wp-content\/uploads\/2016\/03\/064-2016-Warmia-and-Mazury-Philharmonic-Orchestra-1.jpg\" data-orig-size=\"2000,1333\" data-comments-opened=\"\" data-image-meta=\"{&quot;aperture&quot;:&quot;0&quot;,&quot;credit&quot;:&quot;&quot;,&quot;camera&quot;:&quot;&quot;,&quot;caption&quot;:&quot;&quot;,&quot;created_timestamp&quot;:&quot;1454704314&quot;,&quot;copyright&quot;:&quot;&quot;,&quot;focal_length&quot;:&quot;0&quot;,&quot;iso&quot;:&quot;0&quot;,&quot;shutter_speed&quot;:&quot;0&quot;,&quot;title&quot;:&quot;64&quot;,&quot;orientation&quot;:&quot;1&quot;}\" data-image-title=\"2016, Warmia and Mazury Philharmonic Orchestra\" data-image-description=\"\" data-medium-file=\"https:\/\/i2.wp.com\/miguelsalmondelreal.com\/wp-content\/uploads\/2016\/03\/064-2016-Warmia-and-Mazury-Philharmonic-Orchestra-1.jpg?fit=300%2C200&#038;ssl=1\" data-large-file=\"https:\/\/i2.wp.com\/miguelsalmondelreal.com\/wp-content\/uploads\/2016\/03\/064-2016-Warmia-and-Mazury-Philharmonic-Orchestra-1.jpg?fit=1050%2C700&#038;ssl=1\" src=\"https:\/\/i2.wp.com\/miguelsalmondelreal.com\/wp-content\/uploads\/2016\/03\/064-2016-Warmia-and-Mazury-Philharmonic-Orchestra-1.jpg?w=434&#038;h=289&#038;ssl=1\" width=\"434\" height=\"289\" data-original-width=\"434\" data-original-height=\"289\" itemprop=\"http:\/\/schema.org\/image\" title=\"2016, Warmia and Mazury Philharmonic Orchestra\" alt=\"2016, Warmia and Mazury Philharmonic Orchestra\" style=\"width: 434px; height: 289px;\" \/> <\/a> <div class=\"tiled-gallery-caption\" itemprop=\"caption description\"> 2016, Warmia and Mazury Philharmonic Orchestra <\/div> <\/div> <div class=\"tiled-gallery-item tiled-gallery-item-large\" itemprop=\"associatedMedia\" itemscope itemtype=\"http:\/\/schema.org\/ImageObject\"> <a href=\"https:\/\/i2.wp.com\/miguelsalmondelreal.com\/wp-content\/uploads\/2016\/03\/039-2014-Opera-gala-at-Teatro-Morelos.-Michoacan-Symphony-Orchestra.-Morelia-Mich.-Mexico-1.jpg?ssl=1\" border=\"0\" itemprop=\"url\"> <meta itemprop=\"width\" content=\"434\"> <meta itemprop=\"height\" content=\"326\"> <img loading=\"lazy\" decoding=\"async\" data-attachment-id=\"456\" data-orig-file=\"https:\/\/miguelsalmondelreal.com\/wp-content\/uploads\/2016\/03\/039-2014-Opera-gala-at-Teatro-Morelos.-Michoacan-Symphony-Orchestra.-Morelia-Mich.-Mexico-1.jpg\" data-orig-size=\"4724,3543\" data-comments-opened=\"\" data-image-meta=\"{&quot;aperture&quot;:&quot;3.5&quot;,&quot;credit&quot;:&quot;&quot;,&quot;camera&quot;:&quot;DSC-H2&quot;,&quot;caption&quot;:&quot;&quot;,&quot;created_timestamp&quot;:&quot;1412974594&quot;,&quot;copyright&quot;:&quot;&quot;,&quot;focal_length&quot;:&quot;30.3&quot;,&quot;iso&quot;:&quot;1000&quot;,&quot;shutter_speed&quot;:&quot;0.004&quot;,&quot;title&quot;:&quot;&quot;,&quot;orientation&quot;:&quot;1&quot;}\" data-image-title=\"2014, Opera gala at Teatro Morelos. Michoacan Symphony Orchestra. Morelia, Mich., Mexico\" data-image-description=\"\" data-medium-file=\"https:\/\/i2.wp.com\/miguelsalmondelreal.com\/wp-content\/uploads\/2016\/03\/039-2014-Opera-gala-at-Teatro-Morelos.-Michoacan-Symphony-Orchestra.-Morelia-Mich.-Mexico-1.jpg?fit=300%2C225&#038;ssl=1\" data-large-file=\"https:\/\/i2.wp.com\/miguelsalmondelreal.com\/wp-content\/uploads\/2016\/03\/039-2014-Opera-gala-at-Teatro-Morelos.-Michoacan-Symphony-Orchestra.-Morelia-Mich.-Mexico-1.jpg?fit=1050%2C788&#038;ssl=1\" src=\"https:\/\/i2.wp.com\/miguelsalmondelreal.com\/wp-content\/uploads\/2016\/03\/039-2014-Opera-gala-at-Teatro-Morelos.-Michoacan-Symphony-Orchestra.-Morelia-Mich.-Mexico-1.jpg?w=434&#038;h=326&#038;ssl=1\" width=\"434\" height=\"326\" data-original-width=\"434\" data-original-height=\"326\" itemprop=\"http:\/\/schema.org\/image\" title=\"2014, Opera gala at Teatro Morelos. Michoacan Symphony Orchestra. Morelia, Mich., Mexico\" alt=\"2014, Opera gala at Teatro Morelos. Michoacan Symphony Orchestra. Morelia, Mich., Mexico\" style=\"width: 434px; height: 326px;\" \/> <\/a> <div class=\"tiled-gallery-caption\" itemprop=\"caption description\"> 2014, Opera gala at Teatro Morelos. Michoacan Symphony Orchestra. Morelia, Mich., Mexico <\/div> <\/div> <div class=\"tiled-gallery-item tiled-gallery-item-large\" itemprop=\"associatedMedia\" itemscope itemtype=\"http:\/\/schema.org\/ImageObject\"> <a href=\"https:\/\/i1.wp.com\/miguelsalmondelreal.com\/wp-content\/uploads\/2017\/12\/90-2017-Orquesta-Sinfonica-Sinaloa-de-las-Artes_Debut-Concert-as-Chief-Conductor_Teatro-Pablo-de-Villavicencio_Culiacan-Mexico.jpg?ssl=1\" border=\"0\" itemprop=\"url\"> <meta itemprop=\"width\" content=\"434\"> <meta itemprop=\"height\" content=\"289\"> <img loading=\"lazy\" decoding=\"async\" data-attachment-id=\"613\" data-orig-file=\"https:\/\/miguelsalmondelreal.com\/wp-content\/uploads\/2017\/12\/90-2017-Orquesta-Sinfonica-Sinaloa-de-las-Artes_Debut-Concert-as-Chief-Conductor_Teatro-Pablo-de-Villavicencio_Culiacan-Mexico.jpg\" data-orig-size=\"3840,2560\" data-comments-opened=\"\" data-image-meta=\"{&quot;aperture&quot;:&quot;4.5&quot;,&quot;credit&quot;:&quot;YanethGomez&quot;,&quot;camera&quot;:&quot;Canon EOS 5D Mark III&quot;,&quot;caption&quot;:&quot;&quot;,&quot;created_timestamp&quot;:&quot;1504775462&quot;,&quot;copyright&quot;:&quot;Janeth Gomez&quot;,&quot;focal_length&quot;:&quot;130&quot;,&quot;iso&quot;:&quot;2500&quot;,&quot;shutter_speed&quot;:&quot;0.008&quot;,&quot;title&quot;:&quot;&quot;,&quot;orientation&quot;:&quot;1&quot;}\" data-image-title=\"2017, Orquesta Sinf\u00f3nica Sinaloa de las Artes, Debut Concert as Chief Conductor, Teatro Pablo de Villavicencio, Culiac\u00e1n M\u00e9xico. [5]\" data-image-description=\"\" data-medium-file=\"https:\/\/i1.wp.com\/miguelsalmondelreal.com\/wp-content\/uploads\/2017\/12\/90-2017-Orquesta-Sinfonica-Sinaloa-de-las-Artes_Debut-Concert-as-Chief-Conductor_Teatro-Pablo-de-Villavicencio_Culiacan-Mexico.jpg?fit=300%2C200&#038;ssl=1\" data-large-file=\"https:\/\/i1.wp.com\/miguelsalmondelreal.com\/wp-content\/uploads\/2017\/12\/90-2017-Orquesta-Sinfonica-Sinaloa-de-las-Artes_Debut-Concert-as-Chief-Conductor_Teatro-Pablo-de-Villavicencio_Culiacan-Mexico.jpg?fit=1050%2C700&#038;ssl=1\" src=\"https:\/\/i1.wp.com\/miguelsalmondelreal.com\/wp-content\/uploads\/2017\/12\/90-2017-Orquesta-Sinfonica-Sinaloa-de-las-Artes_Debut-Concert-as-Chief-Conductor_Teatro-Pablo-de-Villavicencio_Culiacan-Mexico.jpg?w=434&#038;h=289&#038;ssl=1\" width=\"434\" height=\"289\" data-original-width=\"434\" data-original-height=\"289\" itemprop=\"http:\/\/schema.org\/image\" title=\"2017, Orquesta Sinf\u00f3nica Sinaloa de las Artes, Debut Concert as Chief Conductor, Teatro Pablo de Villavicencio, Culiac\u00e1n M\u00e9xico. [5]\" alt=\"2017, Orquesta Sinf\u00f3nica Sinaloa de las Artes, Debut Concert as Chief Conductor, Teatro Pablo de Villavicencio, Culiac\u00e1n M\u00e9xico.\" style=\"width: 434px; height: 289px;\" \/> <\/a> <div class=\"tiled-gallery-caption\" itemprop=\"caption description\"> 2017, Orquesta Sinf\u00f3nica Sinaloa de las Artes, Debut Concert as Chief Conductor, Teatro Pablo de Villavicencio, Culiac\u00e1n M\u00e9xico. <\/div> <\/div> <\/div> <!-- close group --> <\/div> <!-- close row --> <div class=\"gallery-row\" style=\"width: 1050px; height: 495px;\" data-original-width=\"1050\" data-original-height=\"495\" > <div class=\"gallery-group images-2\" style=\"width: 348px; height: 495px;\" data-original-width=\"348\" data-original-height=\"495\" > <div class=\"tiled-gallery-item tiled-gallery-item-large\" itemprop=\"associatedMedia\" itemscope itemtype=\"http:\/\/schema.org\/ImageObject\"> <a href=\"https:\/\/i0.wp.com\/miguelsalmondelreal.com\/wp-content\/uploads\/2016\/03\/081-2005-Conducting-Master-Class-with-Pierre-Boulez.-Lucerne-Festival-Academy.-On-works-by-Edgar-Varese-and-Alban-Berg-1.jpg?ssl=1\" border=\"0\" itemprop=\"url\"> <meta itemprop=\"width\" content=\"344\"> <meta itemprop=\"height\" content=\"229\"> <img loading=\"lazy\" decoding=\"async\" data-attachment-id=\"496\" data-orig-file=\"https:\/\/miguelsalmondelreal.com\/wp-content\/uploads\/2016\/03\/081-2005-Conducting-Master-Class-with-Pierre-Boulez.-Lucerne-Festival-Academy.-On-works-by-Edgar-Varese-and-Alban-Berg-1.jpg\" data-orig-size=\"3008,2000\" data-comments-opened=\"\" data-image-meta=\"{&quot;aperture&quot;:&quot;6.3&quot;,&quot;credit&quot;:&quot;Georg Anderhub&quot;,&quot;camera&quot;:&quot;NIKON D70&quot;,&quot;caption&quot;:&quot;LUCERNE FESTIVAL ACADEMY ORCHESTRA, Workshop 3, Studenten Meisterkurs Dirigieren\\\/Pierre Boulez&quot;,&quot;created_timestamp&quot;:&quot;1125745142&quot;,&quot;copyright&quot;:&quot;&quot;,&quot;focal_length&quot;:&quot;200&quot;,&quot;iso&quot;:&quot;0&quot;,&quot;shutter_speed&quot;:&quot;0.025&quot;,&quot;title&quot;:&quot;LUCERNE FESTIVAL SOMMER 2005&quot;,&quot;orientation&quot;:&quot;1&quot;}\" data-image-title=\"2005, Conducting Master Class with Pierre Boulez. Lucerne Festival Academy. On works by Edgar Varese and Alban Berg\" data-image-description=\"\" data-medium-file=\"https:\/\/i0.wp.com\/miguelsalmondelreal.com\/wp-content\/uploads\/2016\/03\/081-2005-Conducting-Master-Class-with-Pierre-Boulez.-Lucerne-Festival-Academy.-On-works-by-Edgar-Varese-and-Alban-Berg-1.jpg?fit=300%2C199&#038;ssl=1\" data-large-file=\"https:\/\/i0.wp.com\/miguelsalmondelreal.com\/wp-content\/uploads\/2016\/03\/081-2005-Conducting-Master-Class-with-Pierre-Boulez.-Lucerne-Festival-Academy.-On-works-by-Edgar-Varese-and-Alban-Berg-1.jpg?fit=1050%2C698&#038;ssl=1\" src=\"https:\/\/i0.wp.com\/miguelsalmondelreal.com\/wp-content\/uploads\/2016\/03\/081-2005-Conducting-Master-Class-with-Pierre-Boulez.-Lucerne-Festival-Academy.-On-works-by-Edgar-Varese-and-Alban-Berg-1.jpg?w=344&#038;h=229&#038;ssl=1\" width=\"344\" height=\"229\" data-original-width=\"344\" data-original-height=\"229\" itemprop=\"http:\/\/schema.org\/image\" title=\"2005, Conducting Master Class with Pierre Boulez. Lucerne Festival Academy. On works by Edgar Varese and Alban Berg\" alt=\"2005, Conducting Master Class with Pierre Boulez. Lucerne Festival Academy. On works by Edgar Varese and Alban Berg\" style=\"width: 344px; height: 229px;\" \/> <\/a> <div class=\"tiled-gallery-caption\" itemprop=\"caption description\"> 2005, Conducting Master Class with Pierre Boulez. Lucerne Festival Academy. On works by Edgar Varese and Alban Berg <\/div> <\/div> <div class=\"tiled-gallery-item tiled-gallery-item-large\" itemprop=\"associatedMedia\" itemscope itemtype=\"http:\/\/schema.org\/ImageObject\"> <a href=\"https:\/\/i1.wp.com\/miguelsalmondelreal.com\/wp-content\/uploads\/2016\/03\/031-2014-OPERA-CARMEN-rehearsal.-Teatro-Obrero-Zamora-Mich.-Mexico-1.jpg?ssl=1\" border=\"0\" itemprop=\"url\"> <meta itemprop=\"width\" content=\"344\"> <meta itemprop=\"height\" content=\"258\"> <img loading=\"lazy\" decoding=\"async\" data-attachment-id=\"448\" data-orig-file=\"https:\/\/miguelsalmondelreal.com\/wp-content\/uploads\/2016\/03\/031-2014-OPERA-CARMEN-rehearsal.-Teatro-Obrero-Zamora-Mich.-Mexico-1.jpg\" data-orig-size=\"960,720\" data-comments-opened=\"\" data-image-meta=\"{&quot;aperture&quot;:&quot;0&quot;,&quot;credit&quot;:&quot;&quot;,&quot;camera&quot;:&quot;&quot;,&quot;caption&quot;:&quot;&quot;,&quot;created_timestamp&quot;:&quot;1440086480&quot;,&quot;copyright&quot;:&quot;&quot;,&quot;focal_length&quot;:&quot;0&quot;,&quot;iso&quot;:&quot;0&quot;,&quot;shutter_speed&quot;:&quot;0&quot;,&quot;title&quot;:&quot;31&quot;,&quot;orientation&quot;:&quot;1&quot;}\" data-image-title=\"2014, OPERA CARMEN, rehearsal. Teatro Obrero, Zamora, Mich., Mexico\" data-image-description=\"\" data-medium-file=\"https:\/\/i1.wp.com\/miguelsalmondelreal.com\/wp-content\/uploads\/2016\/03\/031-2014-OPERA-CARMEN-rehearsal.-Teatro-Obrero-Zamora-Mich.-Mexico-1.jpg?fit=300%2C225&#038;ssl=1\" data-large-file=\"https:\/\/i1.wp.com\/miguelsalmondelreal.com\/wp-content\/uploads\/2016\/03\/031-2014-OPERA-CARMEN-rehearsal.-Teatro-Obrero-Zamora-Mich.-Mexico-1.jpg?fit=960%2C720&#038;ssl=1\" src=\"https:\/\/i1.wp.com\/miguelsalmondelreal.com\/wp-content\/uploads\/2016\/03\/031-2014-OPERA-CARMEN-rehearsal.-Teatro-Obrero-Zamora-Mich.-Mexico-1.jpg?w=344&#038;h=258&#038;ssl=1\" width=\"344\" height=\"258\" data-original-width=\"344\" data-original-height=\"258\" itemprop=\"http:\/\/schema.org\/image\" title=\"2014, OPERA CARMEN, rehearsal. Teatro Obrero, Zamora, Mich., Mexico\" alt=\"2014, OPERA CARMEN, rehearsal. Teatro Obrero, Zamora, Mich., Mexico\" style=\"width: 344px; height: 258px;\" \/> <\/a> <div class=\"tiled-gallery-caption\" itemprop=\"caption description\"> 2014, OPERA CARMEN, rehearsal. Teatro Obrero, Zamora, Mich., Mexico <\/div> <\/div> <\/div> <!-- close group --> <div class=\"gallery-group images-1\" style=\"width: 332px; height: 495px;\" data-original-width=\"332\" data-original-height=\"495\" > <div class=\"tiled-gallery-item tiled-gallery-item-large\" itemprop=\"associatedMedia\" itemscope itemtype=\"http:\/\/schema.org\/ImageObject\"> <a href=\"https:\/\/i2.wp.com\/miguelsalmondelreal.com\/wp-content\/uploads\/2016\/03\/053-2015-Guanuajuato-Symphony-Orchestra.-Teatro-de-la-Ciudad-Gto.-Mexico.-Photo-Beto-Gutierrez.jpg?ssl=1\" border=\"0\" itemprop=\"url\"> <meta itemprop=\"width\" content=\"328\"> <meta itemprop=\"height\" content=\"491\"> <img loading=\"lazy\" decoding=\"async\" data-attachment-id=\"470\" data-orig-file=\"https:\/\/miguelsalmondelreal.com\/wp-content\/uploads\/2016\/03\/053-2015-Guanuajuato-Symphony-Orchestra.-Teatro-de-la-Ciudad-Gto.-Mexico.-Photo-Beto-Gutierrez.jpg\" data-orig-size=\"1210,1814\" data-comments-opened=\"\" data-image-meta=\"{&quot;aperture&quot;:&quot;0&quot;,&quot;credit&quot;:&quot;&quot;,&quot;camera&quot;:&quot;&quot;,&quot;caption&quot;:&quot;&quot;,&quot;created_timestamp&quot;:&quot;1425725470&quot;,&quot;copyright&quot;:&quot;&quot;,&quot;focal_length&quot;:&quot;0&quot;,&quot;iso&quot;:&quot;0&quot;,&quot;shutter_speed&quot;:&quot;0&quot;,&quot;title&quot;:&quot;53&quot;,&quot;orientation&quot;:&quot;1&quot;}\" data-image-title=\"2015, Guanuajuato Symphony Orchestra. Teatro de la Ciudad, Gto., Mexico. Photo, Beto Gutierrez\" data-image-description=\"\" data-medium-file=\"https:\/\/i2.wp.com\/miguelsalmondelreal.com\/wp-content\/uploads\/2016\/03\/053-2015-Guanuajuato-Symphony-Orchestra.-Teatro-de-la-Ciudad-Gto.-Mexico.-Photo-Beto-Gutierrez.jpg?fit=200%2C300&#038;ssl=1\" data-large-file=\"https:\/\/i2.wp.com\/miguelsalmondelreal.com\/wp-content\/uploads\/2016\/03\/053-2015-Guanuajuato-Symphony-Orchestra.-Teatro-de-la-Ciudad-Gto.-Mexico.-Photo-Beto-Gutierrez.jpg?fit=800%2C1200&#038;ssl=1\" src=\"https:\/\/i2.wp.com\/miguelsalmondelreal.com\/wp-content\/uploads\/2016\/03\/053-2015-Guanuajuato-Symphony-Orchestra.-Teatro-de-la-Ciudad-Gto.-Mexico.-Photo-Beto-Gutierrez.jpg?w=328&#038;h=491&#038;ssl=1\" width=\"328\" height=\"491\" data-original-width=\"328\" data-original-height=\"491\" itemprop=\"http:\/\/schema.org\/image\" title=\"2015, Guanuajuato Symphony Orchestra. Teatro de la Ciudad, Gto., Mexico. Photo, Beto Gutierrez\" alt=\"2015, Guanuajuato Symphony Orchestra. Teatro de la Ciudad, Gto., Mexico. Photo, Beto Gutierrez\" style=\"width: 328px; height: 491px;\" \/> <\/a> <div class=\"tiled-gallery-caption\" itemprop=\"caption description\"> 2015, Guanuajuato Symphony Orchestra. Teatro de la Ciudad, Gto., Mexico. Photo, Beto Gutierrez <\/div> <\/div> <\/div> <!-- close group --> <div class=\"gallery-group images-2\" style=\"width: 370px; height: 495px;\" data-original-width=\"370\" data-original-height=\"495\" > <div class=\"tiled-gallery-item tiled-gallery-item-large\" itemprop=\"associatedMedia\" itemscope itemtype=\"http:\/\/schema.org\/ImageObject\"> <a href=\"https:\/\/i2.wp.com\/miguelsalmondelreal.com\/wp-content\/uploads\/2021\/07\/GI8A9114-Editar.jpg?ssl=1\" border=\"0\" itemprop=\"url\"> <meta itemprop=\"width\" content=\"366\"> <meta itemprop=\"height\" content=\"244\"> <img loading=\"lazy\" decoding=\"async\" data-attachment-id=\"793\" data-orig-file=\"https:\/\/miguelsalmondelreal.com\/wp-content\/uploads\/2021\/07\/GI8A9114-Editar.jpg\" data-orig-size=\"3000,2000\" data-comments-opened=\"\" data-image-meta=\"{&quot;aperture&quot;:&quot;0&quot;,&quot;credit&quot;:&quot;&quot;,&quot;camera&quot;:&quot;&quot;,&quot;caption&quot;:&quot;&quot;,&quot;created_timestamp&quot;:&quot;0&quot;,&quot;copyright&quot;:&quot;&quot;,&quot;focal_length&quot;:&quot;0&quot;,&quot;iso&quot;:&quot;0&quot;,&quot;shutter_speed&quot;:&quot;0&quot;,&quot;title&quot;:&quot;&quot;,&quot;orientation&quot;:&quot;0&quot;}\" data-image-title=\"GI8A9114-Editar\" data-image-description=\"\" data-medium-file=\"https:\/\/i2.wp.com\/miguelsalmondelreal.com\/wp-content\/uploads\/2021\/07\/GI8A9114-Editar.jpg?fit=300%2C200&#038;ssl=1\" data-large-file=\"https:\/\/i2.wp.com\/miguelsalmondelreal.com\/wp-content\/uploads\/2021\/07\/GI8A9114-Editar.jpg?fit=1050%2C700&#038;ssl=1\" src=\"https:\/\/i2.wp.com\/miguelsalmondelreal.com\/wp-content\/uploads\/2021\/07\/GI8A9114-Editar.jpg?w=366&#038;h=244&#038;ssl=1\" width=\"366\" height=\"244\" data-original-width=\"366\" data-original-height=\"244\" itemprop=\"http:\/\/schema.org\/image\" title=\"GI8A9114-Editar\" alt=\"GI8A9114-Editar\" style=\"width: 366px; height: 244px;\" \/> <\/a> <\/div> <div class=\"tiled-gallery-item tiled-gallery-item-large\" itemprop=\"associatedMedia\" itemscope itemtype=\"http:\/\/schema.org\/ImageObject\"> <a href=\"https:\/\/i2.wp.com\/miguelsalmondelreal.com\/wp-content\/uploads\/2016\/03\/028-2014-At-rehearsal.-Michoacan-Symphony-Orchestra.-Photo-Carlos-Cuin-Jr..jpg?ssl=1\" border=\"0\" itemprop=\"url\"> <meta itemprop=\"width\" content=\"366\"> <meta itemprop=\"height\" content=\"243\"> <img loading=\"lazy\" decoding=\"async\" data-attachment-id=\"445\" data-orig-file=\"https:\/\/miguelsalmondelreal.com\/wp-content\/uploads\/2016\/03\/028-2014-At-rehearsal.-Michoacan-Symphony-Orchestra.-Photo-Carlos-Cuin-Jr..jpg\" data-orig-size=\"4724,3138\" data-comments-opened=\"\" data-image-meta=\"{&quot;aperture&quot;:&quot;5.3&quot;,&quot;credit&quot;:&quot;&quot;,&quot;camera&quot;:&quot;NIKON D5000&quot;,&quot;caption&quot;:&quot;&quot;,&quot;created_timestamp&quot;:&quot;1367408620&quot;,&quot;copyright&quot;:&quot;&quot;,&quot;focal_length&quot;:&quot;220&quot;,&quot;iso&quot;:&quot;2000&quot;,&quot;shutter_speed&quot;:&quot;0.0125&quot;,&quot;title&quot;:&quot;&quot;,&quot;orientation&quot;:&quot;1&quot;}\" data-image-title=\"2014, At rehearsal. Michoacan Symphony Orchestra. Photo, Carlos Cuin Jr.\" data-image-description=\"\" data-medium-file=\"https:\/\/i2.wp.com\/miguelsalmondelreal.com\/wp-content\/uploads\/2016\/03\/028-2014-At-rehearsal.-Michoacan-Symphony-Orchestra.-Photo-Carlos-Cuin-Jr..jpg?fit=300%2C199&#038;ssl=1\" data-large-file=\"https:\/\/i2.wp.com\/miguelsalmondelreal.com\/wp-content\/uploads\/2016\/03\/028-2014-At-rehearsal.-Michoacan-Symphony-Orchestra.-Photo-Carlos-Cuin-Jr..jpg?fit=1050%2C697&#038;ssl=1\" src=\"https:\/\/i2.wp.com\/miguelsalmondelreal.com\/wp-content\/uploads\/2016\/03\/028-2014-At-rehearsal.-Michoacan-Symphony-Orchestra.-Photo-Carlos-Cuin-Jr..jpg?w=366&#038;h=243&#038;ssl=1\" width=\"366\" height=\"243\" data-original-width=\"366\" data-original-height=\"243\" itemprop=\"http:\/\/schema.org\/image\" title=\"2014, At rehearsal. Michoacan Symphony Orchestra. Photo, Carlos Cuin Jr.\" alt=\"2014, At rehearsal. Michoacan Symphony Orchestra. Photo, Carlos Cuin Jr.\" style=\"width: 366px; height: 243px;\" \/> <\/a> <div class=\"tiled-gallery-caption\" itemprop=\"caption description\"> 2014, At rehearsal. Michoacan Symphony Orchestra. Photo, Carlos Cuin Jr. <\/div> <\/div> <\/div> <!-- close group --> <\/div> <!-- close row --> <div class=\"gallery-row\" style=\"width: 1050px; height: 289px;\" data-original-width=\"1050\" data-original-height=\"289\" > <div class=\"gallery-group images-1\" style=\"width: 433px; height: 289px;\" data-original-width=\"433\" data-original-height=\"289\" > <div class=\"tiled-gallery-item tiled-gallery-item-large\" itemprop=\"associatedMedia\" itemscope itemtype=\"http:\/\/schema.org\/ImageObject\"> <a href=\"https:\/\/i1.wp.com\/miguelsalmondelreal.com\/wp-content\/uploads\/2016\/03\/015-Michoacan-Symphony-Orchestra.-Teatro-Ocampo-Morelia-Mich.-Mexico.-Photo-Carlos-Cuin-Jr..jpg?ssl=1\" border=\"0\" itemprop=\"url\"> <meta itemprop=\"width\" content=\"429\"> <meta itemprop=\"height\" content=\"285\"> <img loading=\"lazy\" decoding=\"async\" data-attachment-id=\"432\" data-orig-file=\"https:\/\/miguelsalmondelreal.com\/wp-content\/uploads\/2016\/03\/015-Michoacan-Symphony-Orchestra.-Teatro-Ocampo-Morelia-Mich.-Mexico.-Photo-Carlos-Cuin-Jr..jpg\" data-orig-size=\"4724,3138\" data-comments-opened=\"\" data-image-meta=\"{&quot;aperture&quot;:&quot;5.6&quot;,&quot;credit&quot;:&quot;&quot;,&quot;camera&quot;:&quot;NIKON D5000&quot;,&quot;caption&quot;:&quot;&quot;,&quot;created_timestamp&quot;:&quot;1367613840&quot;,&quot;copyright&quot;:&quot;&quot;,&quot;focal_length&quot;:&quot;46&quot;,&quot;iso&quot;:&quot;1000&quot;,&quot;shutter_speed&quot;:&quot;0.4&quot;,&quot;title&quot;:&quot;15&quot;,&quot;orientation&quot;:&quot;1&quot;}\" data-image-title=\"Michoacan Symphony Orchestra. Teatro Ocampo, Morelia, Mich., Mexico. Photo, Carlos Cuin Jr.\" data-image-description=\"\" data-medium-file=\"https:\/\/i1.wp.com\/miguelsalmondelreal.com\/wp-content\/uploads\/2016\/03\/015-Michoacan-Symphony-Orchestra.-Teatro-Ocampo-Morelia-Mich.-Mexico.-Photo-Carlos-Cuin-Jr..jpg?fit=300%2C199&#038;ssl=1\" data-large-file=\"https:\/\/i1.wp.com\/miguelsalmondelreal.com\/wp-content\/uploads\/2016\/03\/015-Michoacan-Symphony-Orchestra.-Teatro-Ocampo-Morelia-Mich.-Mexico.-Photo-Carlos-Cuin-Jr..jpg?fit=1050%2C697&#038;ssl=1\" src=\"https:\/\/i1.wp.com\/miguelsalmondelreal.com\/wp-content\/uploads\/2016\/03\/015-Michoacan-Symphony-Orchestra.-Teatro-Ocampo-Morelia-Mich.-Mexico.-Photo-Carlos-Cuin-Jr..jpg?w=429&#038;h=285&#038;ssl=1\" width=\"429\" height=\"285\" data-original-width=\"429\" data-original-height=\"285\" itemprop=\"http:\/\/schema.org\/image\" title=\"Michoacan Symphony Orchestra. Teatro Ocampo, Morelia, Mich., Mexico. Photo, Carlos Cuin Jr.\" alt=\"Michoacan Symphony Orchestra. Teatro Ocampo, Morelia, Mich., Mexico. Photo, Carlos Cuin Jr.\" style=\"width: 429px; height: 285px;\" \/> <\/a> <div class=\"tiled-gallery-caption\" itemprop=\"caption description\"> Michoacan Symphony Orchestra. Teatro Ocampo, Morelia, Mich., Mexico. Photo, Carlos Cuin Jr. <\/div> <\/div> <\/div> <!-- close group --> <div class=\"gallery-group images-1\" style=\"width: 185px; height: 289px;\" data-original-width=\"185\" data-original-height=\"289\" > <div class=\"tiled-gallery-item tiled-gallery-item-small\" itemprop=\"associatedMedia\" itemscope itemtype=\"http:\/\/schema.org\/ImageObject\"> <a href=\"https:\/\/i1.wp.com\/miguelsalmondelreal.com\/wp-content\/uploads\/2016\/03\/041-2013-Just-after-performing-a-world-premiere.-Michoacan-Symphony-Orchestra.-Photo-Ramon-Merino.jpg?ssl=1\" border=\"0\" itemprop=\"url\"> <meta itemprop=\"width\" content=\"181\"> <meta itemprop=\"height\" content=\"285\"> <img loading=\"lazy\" decoding=\"async\" data-attachment-id=\"458\" data-orig-file=\"https:\/\/miguelsalmondelreal.com\/wp-content\/uploads\/2016\/03\/041-2013-Just-after-performing-a-world-premiere.-Michoacan-Symphony-Orchestra.-Photo-Ramon-Merino.jpg\" data-orig-size=\"2451,3867\" data-comments-opened=\"\" data-image-meta=\"{&quot;aperture&quot;:&quot;0&quot;,&quot;credit&quot;:&quot;&quot;,&quot;camera&quot;:&quot;&quot;,&quot;caption&quot;:&quot;&quot;,&quot;created_timestamp&quot;:&quot;1380992012&quot;,&quot;copyright&quot;:&quot;&quot;,&quot;focal_length&quot;:&quot;0&quot;,&quot;iso&quot;:&quot;0&quot;,&quot;shutter_speed&quot;:&quot;0&quot;,&quot;title&quot;:&quot;41&quot;,&quot;orientation&quot;:&quot;1&quot;}\" data-image-title=\"2013, Just after performing a world premiere. Michoacan Symphony Orchestra. Photo, Ramon Merino\" data-image-description=\"\" data-medium-file=\"https:\/\/i1.wp.com\/miguelsalmondelreal.com\/wp-content\/uploads\/2016\/03\/041-2013-Just-after-performing-a-world-premiere.-Michoacan-Symphony-Orchestra.-Photo-Ramon-Merino.jpg?fit=190%2C300&#038;ssl=1\" data-large-file=\"https:\/\/i1.wp.com\/miguelsalmondelreal.com\/wp-content\/uploads\/2016\/03\/041-2013-Just-after-performing-a-world-premiere.-Michoacan-Symphony-Orchestra.-Photo-Ramon-Merino.jpg?fit=761%2C1200&#038;ssl=1\" src=\"https:\/\/i1.wp.com\/miguelsalmondelreal.com\/wp-content\/uploads\/2016\/03\/041-2013-Just-after-performing-a-world-premiere.-Michoacan-Symphony-Orchestra.-Photo-Ramon-Merino.jpg?w=181&#038;h=285&#038;ssl=1\" width=\"181\" height=\"285\" data-original-width=\"181\" data-original-height=\"285\" itemprop=\"http:\/\/schema.org\/image\" title=\"2013, Just after performing a world premiere. Michoacan Symphony Orchestra. Photo, Ramon Merino\" alt=\"2013, Just after performing a world premiere. Michoacan Symphony Orchestra. Photo, Ramon Merino\" style=\"width: 181px; height: 285px;\" \/> <\/a> <div class=\"tiled-gallery-caption\" itemprop=\"caption description\"> 2013, Just after performing a world premiere. Michoacan Symphony Orchestra. Photo, Ramon Merino <\/div> <\/div> <\/div> <!-- close group --> <div class=\"gallery-group images-1\" style=\"width: 432px; height: 289px;\" data-original-width=\"432\" data-original-height=\"289\" > <div class=\"tiled-gallery-item tiled-gallery-item-large\" itemprop=\"associatedMedia\" itemscope itemtype=\"http:\/\/schema.org\/ImageObject\"> <a href=\"https:\/\/i0.wp.com\/miguelsalmondelreal.com\/wp-content\/uploads\/2021\/07\/MIGUEL_DEL_REAL_9826.jpg?ssl=1\" border=\"0\" itemprop=\"url\"> <meta itemprop=\"width\" content=\"428\"> <meta itemprop=\"height\" content=\"285\"> <img loading=\"lazy\" decoding=\"async\" data-attachment-id=\"779\" data-orig-file=\"https:\/\/miguelsalmondelreal.com\/wp-content\/uploads\/2021\/07\/MIGUEL_DEL_REAL_9826.jpg\" data-orig-size=\"3000,2000\" data-comments-opened=\"\" data-image-meta=\"{&quot;aperture&quot;:&quot;0&quot;,&quot;credit&quot;:&quot;&quot;,&quot;camera&quot;:&quot;&quot;,&quot;caption&quot;:&quot;&quot;,&quot;created_timestamp&quot;:&quot;0&quot;,&quot;copyright&quot;:&quot;&quot;,&quot;focal_length&quot;:&quot;0&quot;,&quot;iso&quot;:&quot;0&quot;,&quot;shutter_speed&quot;:&quot;0&quot;,&quot;title&quot;:&quot;&quot;,&quot;orientation&quot;:&quot;0&quot;}\" data-image-title=\"MIGUEL_DEL_REAL_9826\" data-image-description=\"\" data-medium-file=\"https:\/\/i0.wp.com\/miguelsalmondelreal.com\/wp-content\/uploads\/2021\/07\/MIGUEL_DEL_REAL_9826.jpg?fit=300%2C200&#038;ssl=1\" data-large-file=\"https:\/\/i0.wp.com\/miguelsalmondelreal.com\/wp-content\/uploads\/2021\/07\/MIGUEL_DEL_REAL_9826.jpg?fit=1050%2C700&#038;ssl=1\" src=\"https:\/\/i0.wp.com\/miguelsalmondelreal.com\/wp-content\/uploads\/2021\/07\/MIGUEL_DEL_REAL_9826.jpg?w=428&#038;h=285&#038;ssl=1\" width=\"428\" height=\"285\" data-original-width=\"428\" data-original-height=\"285\" itemprop=\"http:\/\/schema.org\/image\" title=\"MIGUEL_DEL_REAL_9826\" alt=\"MIGUEL_DEL_REAL_9826\" style=\"width: 428px; height: 285px;\" \/> <\/a> <\/div> <\/div> <!-- close group --> <\/div> <!-- close row --> <div class=\"gallery-row\" style=\"width: 1050px; height: 452px;\" data-original-width=\"1050\" data-original-height=\"452\" > <div class=\"gallery-group images-1\" style=\"width: 685px; height: 452px;\" data-original-width=\"685\" data-original-height=\"452\" > <div class=\"tiled-gallery-item tiled-gallery-item-large\" itemprop=\"associatedMedia\" itemscope itemtype=\"http:\/\/schema.org\/ImageObject\"> <a href=\"https:\/\/i1.wp.com\/miguelsalmondelreal.com\/wp-content\/uploads\/2016\/03\/038-2014-Opera-gala-at-Teatro-Morelos.-Michoacan-Symphony-Orchestra.-Morelia-Mich.-Mexico-1.jpg?ssl=1\" border=\"0\" itemprop=\"url\"> <meta itemprop=\"width\" content=\"681\"> <meta itemprop=\"height\" content=\"448\"> <img loading=\"lazy\" decoding=\"async\" data-attachment-id=\"455\" data-orig-file=\"https:\/\/miguelsalmondelreal.com\/wp-content\/uploads\/2016\/03\/038-2014-Opera-gala-at-Teatro-Morelos.-Michoacan-Symphony-Orchestra.-Morelia-Mich.-Mexico-1.jpg\" data-orig-size=\"4686,3078\" data-comments-opened=\"\" data-image-meta=\"{&quot;aperture&quot;:&quot;3.2&quot;,&quot;credit&quot;:&quot;&quot;,&quot;camera&quot;:&quot;DSC-H2&quot;,&quot;caption&quot;:&quot;&quot;,&quot;created_timestamp&quot;:&quot;1412974404&quot;,&quot;copyright&quot;:&quot;&quot;,&quot;focal_length&quot;:&quot;6&quot;,&quot;iso&quot;:&quot;1000&quot;,&quot;shutter_speed&quot;:&quot;0.0333333333333&quot;,&quot;title&quot;:&quot;38&quot;,&quot;orientation&quot;:&quot;1&quot;}\" data-image-title=\"2014, Opera gala at Teatro Morelos. Michoacan Symphony Orchestra. Morelia, Mich., Mexico\" data-image-description=\"\" data-medium-file=\"https:\/\/i1.wp.com\/miguelsalmondelreal.com\/wp-content\/uploads\/2016\/03\/038-2014-Opera-gala-at-Teatro-Morelos.-Michoacan-Symphony-Orchestra.-Morelia-Mich.-Mexico-1.jpg?fit=300%2C197&#038;ssl=1\" data-large-file=\"https:\/\/i1.wp.com\/miguelsalmondelreal.com\/wp-content\/uploads\/2016\/03\/038-2014-Opera-gala-at-Teatro-Morelos.-Michoacan-Symphony-Orchestra.-Morelia-Mich.-Mexico-1.jpg?fit=1050%2C690&#038;ssl=1\" src=\"https:\/\/i1.wp.com\/miguelsalmondelreal.com\/wp-content\/uploads\/2016\/03\/038-2014-Opera-gala-at-Teatro-Morelos.-Michoacan-Symphony-Orchestra.-Morelia-Mich.-Mexico-1.jpg?w=681&#038;h=448&#038;ssl=1\" width=\"681\" height=\"448\" data-original-width=\"681\" data-original-height=\"448\" itemprop=\"http:\/\/schema.org\/image\" title=\"2014, Opera gala at Teatro Morelos. Michoacan Symphony Orchestra. Morelia, Mich., Mexico\" alt=\"2014, Opera gala at Teatro Morelos. Michoacan Symphony Orchestra. Morelia, Mich., Mexico\" style=\"width: 681px; height: 448px;\" \/> <\/a> <div class=\"tiled-gallery-caption\" itemprop=\"caption description\"> 2014, Opera gala at Teatro Morelos. Michoacan Symphony Orchestra. Morelia, Mich., Mexico <\/div> <\/div> <\/div> <!-- close group --> <div class=\"gallery-group images-2\" style=\"width: 365px; height: 452px;\" data-original-width=\"365\" data-original-height=\"452\" > <div class=\"tiled-gallery-item tiled-gallery-item-large\" itemprop=\"associatedMedia\" itemscope itemtype=\"http:\/\/schema.org\/ImageObject\"> <a href=\"https:\/\/i0.wp.com\/miguelsalmondelreal.com\/wp-content\/uploads\/2016\/03\/046-2014-At-Theatre-of-Trier-Germany.-Before-the-concert-with-the-Trier-Philmarmonic-Orchestra.-1-1.jpg?ssl=1\" border=\"0\" itemprop=\"url\"> <meta itemprop=\"width\" content=\"361\"> <meta itemprop=\"height\" content=\"203\"> <img loading=\"lazy\" decoding=\"async\" data-attachment-id=\"463\" data-orig-file=\"https:\/\/miguelsalmondelreal.com\/wp-content\/uploads\/2016\/03\/046-2014-At-Theatre-of-Trier-Germany.-Before-the-concert-with-the-Trier-Philmarmonic-Orchestra.-1-1.jpg\" data-orig-size=\"2876,1618\" data-comments-opened=\"\" data-image-meta=\"{&quot;aperture&quot;:&quot;0&quot;,&quot;credit&quot;:&quot;&quot;,&quot;camera&quot;:&quot;&quot;,&quot;caption&quot;:&quot;&quot;,&quot;created_timestamp&quot;:&quot;1414192790&quot;,&quot;copyright&quot;:&quot;&quot;,&quot;focal_length&quot;:&quot;0&quot;,&quot;iso&quot;:&quot;0&quot;,&quot;shutter_speed&quot;:&quot;0&quot;,&quot;title&quot;:&quot;46&quot;,&quot;orientation&quot;:&quot;1&quot;}\" data-image-title=\"2014, At Theatre of Trier, Germany. Before the concert with the Trier Philmarmonic Orchestra.\" data-image-description=\"\" data-medium-file=\"https:\/\/i0.wp.com\/miguelsalmondelreal.com\/wp-content\/uploads\/2016\/03\/046-2014-At-Theatre-of-Trier-Germany.-Before-the-concert-with-the-Trier-Philmarmonic-Orchestra.-1-1.jpg?fit=300%2C169&#038;ssl=1\" data-large-file=\"https:\/\/i0.wp.com\/miguelsalmondelreal.com\/wp-content\/uploads\/2016\/03\/046-2014-At-Theatre-of-Trier-Germany.-Before-the-concert-with-the-Trier-Philmarmonic-Orchestra.-1-1.jpg?fit=1050%2C591&#038;ssl=1\" src=\"https:\/\/i0.wp.com\/miguelsalmondelreal.com\/wp-content\/uploads\/2016\/03\/046-2014-At-Theatre-of-Trier-Germany.-Before-the-concert-with-the-Trier-Philmarmonic-Orchestra.-1-1.jpg?w=361&#038;h=203&#038;ssl=1\" width=\"361\" height=\"203\" data-original-width=\"361\" data-original-height=\"203\" itemprop=\"http:\/\/schema.org\/image\" title=\"2014, At Theatre of Trier, Germany. Before the concert with the Trier Philmarmonic Orchestra.\" alt=\"2014, At Theatre of Trier, Germany. Before the concert with the Trier Philmarmonic Orchestra.\" style=\"width: 361px; height: 203px;\" \/> <\/a> <div class=\"tiled-gallery-caption\" itemprop=\"caption description\"> 2014, At Theatre of Trier, Germany. Before the concert with the Trier Philmarmonic Orchestra. <\/div> <\/div> <div class=\"tiled-gallery-item tiled-gallery-item-large\" itemprop=\"associatedMedia\" itemscope itemtype=\"http:\/\/schema.org\/ImageObject\"> <a href=\"https:\/\/i0.wp.com\/miguelsalmondelreal.com\/wp-content\/uploads\/2016\/03\/074-2013-World-premiere-of-Leonardo-Corals-Bass-Clarinet-Concerto.-Fernando-Dominguez-soloist.-Michoacan-Symphony-Orchestra.jpg?ssl=1\" border=\"0\" itemprop=\"url\"> <meta itemprop=\"width\" content=\"361\"> <meta itemprop=\"height\" content=\"241\"> <img loading=\"lazy\" decoding=\"async\" data-attachment-id=\"489\" data-orig-file=\"https:\/\/miguelsalmondelreal.com\/wp-content\/uploads\/2016\/03\/074-2013-World-premiere-of-Leonardo-Corals-Bass-Clarinet-Concerto.-Fernando-Dominguez-soloist.-Michoacan-Symphony-Orchestra.jpg\" data-orig-size=\"4496,3000\" data-comments-opened=\"\" data-image-meta=\"{&quot;aperture&quot;:&quot;4.5&quot;,&quot;credit&quot;:&quot;&quot;,&quot;camera&quot;:&quot;NIKON D5200&quot;,&quot;caption&quot;:&quot;&quot;,&quot;created_timestamp&quot;:&quot;1370638807&quot;,&quot;copyright&quot;:&quot;&quot;,&quot;focal_length&quot;:&quot;55&quot;,&quot;iso&quot;:&quot;2000&quot;,&quot;shutter_speed&quot;:&quot;0.02&quot;,&quot;title&quot;:&quot;74&quot;,&quot;orientation&quot;:&quot;1&quot;}\" data-image-title=\"2013, World premiere of Leonardo Coral&#8217;s Bass Clarinet Concerto. Fernando Dominguez, soloist. Michoacan Symphony Orchestra\" data-image-description=\"\" data-medium-file=\"https:\/\/i0.wp.com\/miguelsalmondelreal.com\/wp-content\/uploads\/2016\/03\/074-2013-World-premiere-of-Leonardo-Corals-Bass-Clarinet-Concerto.-Fernando-Dominguez-soloist.-Michoacan-Symphony-Orchestra.jpg?fit=300%2C200&#038;ssl=1\" data-large-file=\"https:\/\/i0.wp.com\/miguelsalmondelreal.com\/wp-content\/uploads\/2016\/03\/074-2013-World-premiere-of-Leonardo-Corals-Bass-Clarinet-Concerto.-Fernando-Dominguez-soloist.-Michoacan-Symphony-Orchestra.jpg?fit=1050%2C701&#038;ssl=1\" src=\"https:\/\/i0.wp.com\/miguelsalmondelreal.com\/wp-content\/uploads\/2016\/03\/074-2013-World-premiere-of-Leonardo-Corals-Bass-Clarinet-Concerto.-Fernando-Dominguez-soloist.-Michoacan-Symphony-Orchestra.jpg?w=361&#038;h=241&#038;ssl=1\" width=\"361\" height=\"241\" data-original-width=\"361\" data-original-height=\"241\" itemprop=\"http:\/\/schema.org\/image\" title=\"2013, World premiere of Leonardo Coral&#039;s Bass Clarinet Concerto. Fernando Dominguez, soloist. Michoacan Symphony Orchestra\" alt=\"2013, World premiere of Leonardo Coral&#039;s Bass Clarinet Concerto. Fernando Dominguez, soloist. Michoacan Symphony Orchestra\" style=\"width: 361px; height: 241px;\" \/> <\/a> <div class=\"tiled-gallery-caption\" itemprop=\"caption description\"> 2013, World premiere of Leonardo Coral&#8217;s Bass Clarinet Concerto. Fernando Dominguez, soloist. Michoacan Symphony Orchestra <\/div> <\/div> <\/div> <!-- close group --> <\/div> <!-- close row --> <div class=\"gallery-row\" style=\"width: 1050px; height: 478px;\" data-original-width=\"1050\" data-original-height=\"478\" > <div class=\"gallery-group images-2\" style=\"width: 356px; height: 478px;\" data-original-width=\"356\" data-original-height=\"478\" > <div class=\"tiled-gallery-item tiled-gallery-item-large\" itemprop=\"associatedMedia\" itemscope itemtype=\"http:\/\/schema.org\/ImageObject\"> <a href=\"https:\/\/i0.wp.com\/miguelsalmondelreal.com\/wp-content\/uploads\/2016\/03\/050-2015-Michoacan-Symphony-Orchestra-1.jpg?ssl=1\" border=\"0\" itemprop=\"url\"> <meta itemprop=\"width\" content=\"352\"> <meta itemprop=\"height\" content=\"235\"> <img loading=\"lazy\" decoding=\"async\" data-attachment-id=\"467\" data-orig-file=\"https:\/\/miguelsalmondelreal.com\/wp-content\/uploads\/2016\/03\/050-2015-Michoacan-Symphony-Orchestra-1.jpg\" data-orig-size=\"3543,2362\" data-comments-opened=\"\" data-image-meta=\"{&quot;aperture&quot;:&quot;0&quot;,&quot;credit&quot;:&quot;&quot;,&quot;camera&quot;:&quot;&quot;,&quot;caption&quot;:&quot;&quot;,&quot;created_timestamp&quot;:&quot;1439825229&quot;,&quot;copyright&quot;:&quot;&quot;,&quot;focal_length&quot;:&quot;0&quot;,&quot;iso&quot;:&quot;0&quot;,&quot;shutter_speed&quot;:&quot;0&quot;,&quot;title&quot;:&quot;50&quot;,&quot;orientation&quot;:&quot;1&quot;}\" data-image-title=\"2015, Michoacan Symphony Orchestra\" data-image-description=\"\" data-medium-file=\"https:\/\/i0.wp.com\/miguelsalmondelreal.com\/wp-content\/uploads\/2016\/03\/050-2015-Michoacan-Symphony-Orchestra-1.jpg?fit=300%2C200&#038;ssl=1\" data-large-file=\"https:\/\/i0.wp.com\/miguelsalmondelreal.com\/wp-content\/uploads\/2016\/03\/050-2015-Michoacan-Symphony-Orchestra-1.jpg?fit=1050%2C700&#038;ssl=1\" src=\"https:\/\/i0.wp.com\/miguelsalmondelreal.com\/wp-content\/uploads\/2016\/03\/050-2015-Michoacan-Symphony-Orchestra-1.jpg?w=352&#038;h=235&#038;ssl=1\" width=\"352\" height=\"235\" data-original-width=\"352\" data-original-height=\"235\" itemprop=\"http:\/\/schema.org\/image\" title=\"2015, Michoacan Symphony Orchestra\" alt=\"2015, Michoacan Symphony Orchestra\" style=\"width: 352px; height: 235px;\" \/> <\/a> <div class=\"tiled-gallery-caption\" itemprop=\"caption description\"> 2015, Michoacan Symphony Orchestra <\/div> <\/div> <div class=\"tiled-gallery-item tiled-gallery-item-large\" itemprop=\"associatedMedia\" itemscope itemtype=\"http:\/\/schema.org\/ImageObject\"> <a href=\"https:\/\/i1.wp.com\/miguelsalmondelreal.com\/wp-content\/uploads\/2017\/12\/88-2017-Orquesta-Sinfonica-Sinaloa-de-las-Artes_Debut-Concert-as-Chief-Conductor_Teatro-Pablo-de-Villavicencio_Culiacan-Mexico.jpg?ssl=1\" border=\"0\" itemprop=\"url\"> <meta itemprop=\"width\" content=\"352\"> <meta itemprop=\"height\" content=\"235\"> <img loading=\"lazy\" decoding=\"async\" data-attachment-id=\"611\" data-orig-file=\"https:\/\/miguelsalmondelreal.com\/wp-content\/uploads\/2017\/12\/88-2017-Orquesta-Sinfonica-Sinaloa-de-las-Artes_Debut-Concert-as-Chief-Conductor_Teatro-Pablo-de-Villavicencio_Culiacan-Mexico.jpg\" data-orig-size=\"3840,2560\" data-comments-opened=\"\" data-image-meta=\"{&quot;aperture&quot;:&quot;4&quot;,&quot;credit&quot;:&quot;YanethGomez&quot;,&quot;camera&quot;:&quot;Canon EOS 5D Mark III&quot;,&quot;caption&quot;:&quot;&quot;,&quot;created_timestamp&quot;:&quot;1504777094&quot;,&quot;copyright&quot;:&quot;Janeth Gomez&quot;,&quot;focal_length&quot;:&quot;24&quot;,&quot;iso&quot;:&quot;4000&quot;,&quot;shutter_speed&quot;:&quot;0.004&quot;,&quot;title&quot;:&quot;&quot;,&quot;orientation&quot;:&quot;1&quot;}\" data-image-title=\"2017, Orquesta Sinf\u00f3nica Sinaloa de las Artes, Debut Concert as Chief Conductor, Teatro Pablo de Villavicencio, Culiac\u00e1n M\u00e9xico. [3]\" data-image-description=\"\" data-medium-file=\"https:\/\/i1.wp.com\/miguelsalmondelreal.com\/wp-content\/uploads\/2017\/12\/88-2017-Orquesta-Sinfonica-Sinaloa-de-las-Artes_Debut-Concert-as-Chief-Conductor_Teatro-Pablo-de-Villavicencio_Culiacan-Mexico.jpg?fit=300%2C200&#038;ssl=1\" data-large-file=\"https:\/\/i1.wp.com\/miguelsalmondelreal.com\/wp-content\/uploads\/2017\/12\/88-2017-Orquesta-Sinfonica-Sinaloa-de-las-Artes_Debut-Concert-as-Chief-Conductor_Teatro-Pablo-de-Villavicencio_Culiacan-Mexico.jpg?fit=1050%2C700&#038;ssl=1\" src=\"https:\/\/i1.wp.com\/miguelsalmondelreal.com\/wp-content\/uploads\/2017\/12\/88-2017-Orquesta-Sinfonica-Sinaloa-de-las-Artes_Debut-Concert-as-Chief-Conductor_Teatro-Pablo-de-Villavicencio_Culiacan-Mexico.jpg?w=352&#038;h=235&#038;ssl=1\" width=\"352\" height=\"235\" data-original-width=\"352\" data-original-height=\"235\" itemprop=\"http:\/\/schema.org\/image\" title=\"2017, Orquesta Sinf\u00f3nica Sinaloa de las Artes, Debut Concert as Chief Conductor, Teatro Pablo de Villavicencio, Culiac\u00e1n M\u00e9xico. [3]\" alt=\"2017, Orquesta Sinf\u00f3nica Sinaloa de las Artes, Debut Concert as Chief Conductor, Teatro Pablo de Villavicencio, Culiac\u00e1n M\u00e9xico.\" style=\"width: 352px; height: 235px;\" \/> <\/a> <div class=\"tiled-gallery-caption\" itemprop=\"caption description\"> 2017, Orquesta Sinf\u00f3nica Sinaloa de las Artes, Debut Concert as Chief Conductor, Teatro Pablo de Villavicencio, Culiac\u00e1n M\u00e9xico. <\/div> <\/div> <\/div> <!-- close group --> <div class=\"gallery-group images-1\" style=\"width: 694px; height: 478px;\" data-original-width=\"694\" data-original-height=\"478\" > <div class=\"tiled-gallery-item tiled-gallery-item-large\" itemprop=\"associatedMedia\" itemscope itemtype=\"http:\/\/schema.org\/ImageObject\"> <a href=\"https:\/\/i1.wp.com\/miguelsalmondelreal.com\/wp-content\/uploads\/2016\/05\/OSIDEM-Star-Wars-2smc.jpg?ssl=1\" border=\"0\" itemprop=\"url\"> <meta itemprop=\"width\" content=\"690\"> <meta itemprop=\"height\" content=\"474\"> <img loading=\"lazy\" decoding=\"async\" data-attachment-id=\"542\" data-orig-file=\"https:\/\/miguelsalmondelreal.com\/wp-content\/uploads\/2016\/05\/OSIDEM-Star-Wars-2smc.jpg\" data-orig-size=\"2268,1559\" data-comments-opened=\"\" data-image-meta=\"{&quot;aperture&quot;:&quot;5&quot;,&quot;credit&quot;:&quot;&quot;,&quot;camera&quot;:&quot;NIKON D5300&quot;,&quot;caption&quot;:&quot;&quot;,&quot;created_timestamp&quot;:&quot;1439589403&quot;,&quot;copyright&quot;:&quot;&quot;,&quot;focal_length&quot;:&quot;102&quot;,&quot;iso&quot;:&quot;640&quot;,&quot;shutter_speed&quot;:&quot;0.005&quot;,&quot;title&quot;:&quot;&quot;,&quot;orientation&quot;:&quot;1&quot;}\" data-image-title=\"OSIDEM, Star Wars Concert\" data-image-description=\"\" data-medium-file=\"https:\/\/i1.wp.com\/miguelsalmondelreal.com\/wp-content\/uploads\/2016\/05\/OSIDEM-Star-Wars-2smc.jpg?fit=300%2C206&#038;ssl=1\" data-large-file=\"https:\/\/i1.wp.com\/miguelsalmondelreal.com\/wp-content\/uploads\/2016\/05\/OSIDEM-Star-Wars-2smc.jpg?fit=1050%2C722&#038;ssl=1\" src=\"https:\/\/i1.wp.com\/miguelsalmondelreal.com\/wp-content\/uploads\/2016\/05\/OSIDEM-Star-Wars-2smc.jpg?w=690&#038;h=474&#038;ssl=1\" width=\"690\" height=\"474\" data-original-width=\"690\" data-original-height=\"474\" itemprop=\"http:\/\/schema.org\/image\" title=\"OSIDEM, Star Wars Concert\" alt=\"OSIDEM, Star Wars Concert\" style=\"width: 690px; height: 474px;\" \/> <\/a> <div class=\"tiled-gallery-caption\" itemprop=\"caption description\"> OSIDEM, Star Wars Concert <\/div> <\/div> <\/div> <!-- close group --> <\/div> <!-- close row --> <div class=\"gallery-row\" style=\"width: 1050px; height: 390px;\" data-original-width=\"1050\" data-original-height=\"390\" > <div class=\"gallery-group images-1\" style=\"width: 583px; height: 390px;\" data-original-width=\"583\" data-original-height=\"390\" > <div class=\"tiled-gallery-item tiled-gallery-item-large\" itemprop=\"associatedMedia\" itemscope itemtype=\"http:\/\/schema.org\/ImageObject\"> <a href=\"https:\/\/i2.wp.com\/miguelsalmondelreal.com\/wp-content\/uploads\/2021\/07\/GI8A0639-Editar.jpg?ssl=1\" border=\"0\" itemprop=\"url\"> <meta itemprop=\"width\" content=\"579\"> <meta itemprop=\"height\" content=\"386\"> <img loading=\"lazy\" decoding=\"async\" data-attachment-id=\"784\" data-orig-file=\"https:\/\/miguelsalmondelreal.com\/wp-content\/uploads\/2021\/07\/GI8A0639-Editar.jpg\" data-orig-size=\"3000,2000\" data-comments-opened=\"\" data-image-meta=\"{&quot;aperture&quot;:&quot;0&quot;,&quot;credit&quot;:&quot;&quot;,&quot;camera&quot;:&quot;&quot;,&quot;caption&quot;:&quot;&quot;,&quot;created_timestamp&quot;:&quot;0&quot;,&quot;copyright&quot;:&quot;&quot;,&quot;focal_length&quot;:&quot;0&quot;,&quot;iso&quot;:&quot;0&quot;,&quot;shutter_speed&quot;:&quot;0&quot;,&quot;title&quot;:&quot;&quot;,&quot;orientation&quot;:&quot;0&quot;}\" data-image-title=\"GI8A0639-Editar\" data-image-description=\"\" data-medium-file=\"https:\/\/i2.wp.com\/miguelsalmondelreal.com\/wp-content\/uploads\/2021\/07\/GI8A0639-Editar.jpg?fit=300%2C200&#038;ssl=1\" data-large-file=\"https:\/\/i2.wp.com\/miguelsalmondelreal.com\/wp-content\/uploads\/2021\/07\/GI8A0639-Editar.jpg?fit=1050%2C700&#038;ssl=1\" src=\"https:\/\/i2.wp.com\/miguelsalmondelreal.com\/wp-content\/uploads\/2021\/07\/GI8A0639-Editar.jpg?w=579&#038;h=386&#038;ssl=1\" width=\"579\" height=\"386\" data-original-width=\"579\" data-original-height=\"386\" itemprop=\"http:\/\/schema.org\/image\" title=\"GI8A0639-Editar\" alt=\"GI8A0639-Editar\" style=\"width: 579px; height: 386px;\" \/> <\/a> <\/div> <\/div> <!-- close group --> <div class=\"gallery-group images-1\" style=\"width: 467px; height: 390px;\" data-original-width=\"467\" data-original-height=\"390\" > <div class=\"tiled-gallery-item tiled-gallery-item-large\" itemprop=\"associatedMedia\" itemscope itemtype=\"http:\/\/schema.org\/ImageObject\"> <a href=\"https:\/\/i1.wp.com\/miguelsalmondelreal.com\/wp-content\/uploads\/2016\/03\/008-Miguel-Salmon-Del-Real-The-Hague-Netherlands.-Photo-Aline-Baggio-1.jpg?ssl=1\" border=\"0\" itemprop=\"url\"> <meta itemprop=\"width\" content=\"463\"> <meta itemprop=\"height\" content=\"386\"> <img loading=\"lazy\" decoding=\"async\" data-attachment-id=\"425\" data-orig-file=\"https:\/\/miguelsalmondelreal.com\/wp-content\/uploads\/2016\/03\/008-Miguel-Salmon-Del-Real-The-Hague-Netherlands.-Photo-Aline-Baggio-1.jpg\" data-orig-size=\"1816,1515\" data-comments-opened=\"\" data-image-meta=\"{&quot;aperture&quot;:&quot;0&quot;,&quot;credit&quot;:&quot;&quot;,&quot;camera&quot;:&quot;&quot;,&quot;caption&quot;:&quot;&quot;,&quot;created_timestamp&quot;:&quot;0&quot;,&quot;copyright&quot;:&quot;&quot;,&quot;focal_length&quot;:&quot;0&quot;,&quot;iso&quot;:&quot;0&quot;,&quot;shutter_speed&quot;:&quot;0&quot;,&quot;title&quot;:&quot;&quot;,&quot;orientation&quot;:&quot;2&quot;}\" data-image-title=\"Miguel Salmon Del Real, The Hague, Netherlands. Photo, Aline Baggio\" data-image-description=\"\" data-medium-file=\"https:\/\/i1.wp.com\/miguelsalmondelreal.com\/wp-content\/uploads\/2016\/03\/008-Miguel-Salmon-Del-Real-The-Hague-Netherlands.-Photo-Aline-Baggio-1.jpg?fit=300%2C250&#038;ssl=1\" data-large-file=\"https:\/\/i1.wp.com\/miguelsalmondelreal.com\/wp-content\/uploads\/2016\/03\/008-Miguel-Salmon-Del-Real-The-Hague-Netherlands.-Photo-Aline-Baggio-1.jpg?fit=1050%2C876&#038;ssl=1\" src=\"https:\/\/i1.wp.com\/miguelsalmondelreal.com\/wp-content\/uploads\/2016\/03\/008-Miguel-Salmon-Del-Real-The-Hague-Netherlands.-Photo-Aline-Baggio-1.jpg?w=463&#038;h=386&#038;ssl=1\" width=\"463\" height=\"386\" data-original-width=\"463\" data-original-height=\"386\" itemprop=\"http:\/\/schema.org\/image\" title=\"Miguel Salmon Del Real, The Hague, Netherlands. Photo, Aline Baggio\" alt=\"Miguel Salmon Del Real, The Hague, Netherlands. Photo, Aline Baggio\" style=\"width: 463px; height: 386px;\" \/> <\/a> <div class=\"tiled-gallery-caption\" itemprop=\"caption description\"> Miguel Salmon Del Real, The Hague, Netherlands. Photo, Aline Baggio <\/div> <\/div> <\/div> <!-- close group --> <\/div> <!-- close row --> <div class=\"gallery-row\" style=\"width: 1050px; height: 202px;\" data-original-width=\"1050\" data-original-height=\"202\" > <div class=\"gallery-group images-1\" style=\"width: 613px; height: 202px;\" data-original-width=\"613\" data-original-height=\"202\" > <div class=\"tiled-gallery-item tiled-gallery-item-large\" itemprop=\"associatedMedia\" itemscope itemtype=\"http:\/\/schema.org\/ImageObject\"> <a href=\"https:\/\/i1.wp.com\/miguelsalmondelreal.com\/wp-content\/uploads\/2016\/03\/084-2011-Ensamble-Nuevo-de-Mexico.-Sala-Manuel-M.-Ponce-Fine-Arts-Palace-Mexico-City.-A-world-premieres-program.jpg?ssl=1\" border=\"0\" itemprop=\"url\"> <meta itemprop=\"width\" content=\"609\"> <meta itemprop=\"height\" content=\"198\"> <img loading=\"lazy\" decoding=\"async\" data-attachment-id=\"499\" data-orig-file=\"https:\/\/miguelsalmondelreal.com\/wp-content\/uploads\/2016\/03\/084-2011-Ensamble-Nuevo-de-Mexico.-Sala-Manuel-M.-Ponce-Fine-Arts-Palace-Mexico-City.-A-world-premieres-program.jpg\" data-orig-size=\"2343,763\" data-comments-opened=\"\" data-image-meta=\"{&quot;aperture&quot;:&quot;0&quot;,&quot;credit&quot;:&quot;&quot;,&quot;camera&quot;:&quot;&quot;,&quot;caption&quot;:&quot;&quot;,&quot;created_timestamp&quot;:&quot;0&quot;,&quot;copyright&quot;:&quot;&quot;,&quot;focal_length&quot;:&quot;0&quot;,&quot;iso&quot;:&quot;0&quot;,&quot;shutter_speed&quot;:&quot;0&quot;,&quot;title&quot;:&quot;&quot;,&quot;orientation&quot;:&quot;0&quot;}\" data-image-title=\"2011, Ensamble Nuevo de Mexico. Sala Manuel M. Ponce, Fine Arts Palace, Mexico City. A world premiere&#8217;s program\" data-image-description=\"\" data-medium-file=\"https:\/\/i1.wp.com\/miguelsalmondelreal.com\/wp-content\/uploads\/2016\/03\/084-2011-Ensamble-Nuevo-de-Mexico.-Sala-Manuel-M.-Ponce-Fine-Arts-Palace-Mexico-City.-A-world-premieres-program.jpg?fit=300%2C98&#038;ssl=1\" data-large-file=\"https:\/\/i1.wp.com\/miguelsalmondelreal.com\/wp-content\/uploads\/2016\/03\/084-2011-Ensamble-Nuevo-de-Mexico.-Sala-Manuel-M.-Ponce-Fine-Arts-Palace-Mexico-City.-A-world-premieres-program.jpg?fit=1050%2C342&#038;ssl=1\" src=\"https:\/\/i1.wp.com\/miguelsalmondelreal.com\/wp-content\/uploads\/2016\/03\/084-2011-Ensamble-Nuevo-de-Mexico.-Sala-Manuel-M.-Ponce-Fine-Arts-Palace-Mexico-City.-A-world-premieres-program.jpg?w=609&#038;h=198&#038;ssl=1\" width=\"609\" height=\"198\" data-original-width=\"609\" data-original-height=\"198\" itemprop=\"http:\/\/schema.org\/image\" title=\"2011, Ensamble Nuevo de Mexico. Sala Manuel M. Ponce, Fine Arts Palace, Mexico City. A world premiere&#039;s program\" alt=\"2011, Ensamble Nuevo de Mexico. Sala Manuel M. Ponce, Fine Arts Palace, Mexico City. A world premiere&#039;s program\" style=\"width: 609px; height: 198px;\" \/> <\/a> <div class=\"tiled-gallery-caption\" itemprop=\"caption description\"> 2011, Ensamble Nuevo de Mexico. Sala Manuel M. Ponce, Fine Arts Palace, Mexico City. A world premiere&#8217;s program <\/div> <\/div> <\/div> <!-- close group --> <div class=\"gallery-group images-1\" style=\"width: 136px; height: 202px;\" data-original-width=\"136\" data-original-height=\"202\" > <div class=\"tiled-gallery-item tiled-gallery-item-small\" itemprop=\"associatedMedia\" itemscope itemtype=\"http:\/\/schema.org\/ImageObject\"> <a href=\"https:\/\/i1.wp.com\/miguelsalmondelreal.com\/wp-content\/uploads\/2016\/03\/077-2015-Michoacan-Symphony-Orchestra.-Photo-Ramon-Merino.jpg?ssl=1\" border=\"0\" itemprop=\"url\"> <meta itemprop=\"width\" content=\"132\"> <meta itemprop=\"height\" content=\"198\"> <img loading=\"lazy\" decoding=\"async\" data-attachment-id=\"492\" data-orig-file=\"https:\/\/miguelsalmondelreal.com\/wp-content\/uploads\/2016\/03\/077-2015-Michoacan-Symphony-Orchestra.-Photo-Ramon-Merino.jpg\" data-orig-size=\"3145,4724\" data-comments-opened=\"\" data-image-meta=\"{&quot;aperture&quot;:&quot;6.3&quot;,&quot;credit&quot;:&quot;&quot;,&quot;camera&quot;:&quot;ILCE-3500&quot;,&quot;caption&quot;:&quot;&quot;,&quot;created_timestamp&quot;:&quot;1443214116&quot;,&quot;copyright&quot;:&quot;&quot;,&quot;focal_length&quot;:&quot;173&quot;,&quot;iso&quot;:&quot;3200&quot;,&quot;shutter_speed&quot;:&quot;0.0025&quot;,&quot;title&quot;:&quot;&quot;,&quot;orientation&quot;:&quot;1&quot;}\" data-image-title=\"2015, Michoacan Symphony Orchestra. Photo, Ramon Merino\" data-image-description=\"\" data-medium-file=\"https:\/\/i1.wp.com\/miguelsalmondelreal.com\/wp-content\/uploads\/2016\/03\/077-2015-Michoacan-Symphony-Orchestra.-Photo-Ramon-Merino.jpg?fit=200%2C300&#038;ssl=1\" data-large-file=\"https:\/\/i1.wp.com\/miguelsalmondelreal.com\/wp-content\/uploads\/2016\/03\/077-2015-Michoacan-Symphony-Orchestra.-Photo-Ramon-Merino.jpg?fit=799%2C1200&#038;ssl=1\" src=\"https:\/\/i1.wp.com\/miguelsalmondelreal.com\/wp-content\/uploads\/2016\/03\/077-2015-Michoacan-Symphony-Orchestra.-Photo-Ramon-Merino.jpg?w=132&#038;h=198&#038;ssl=1\" width=\"132\" height=\"198\" data-original-width=\"132\" data-original-height=\"198\" itemprop=\"http:\/\/schema.org\/image\" title=\"2015, Michoacan Symphony Orchestra. Photo, Ramon Merino\" alt=\"2015, Michoacan Symphony Orchestra. Photo, Ramon Merino\" style=\"width: 132px; height: 198px;\" \/> <\/a> <div class=\"tiled-gallery-caption\" itemprop=\"caption description\"> 2015, Michoacan Symphony Orchestra. Photo, Ramon Merino <\/div> <\/div> <\/div> <!-- close group --> <div class=\"gallery-group images-1\" style=\"width: 301px; height: 202px;\" data-original-width=\"301\" data-original-height=\"202\" > <div class=\"tiled-gallery-item tiled-gallery-item-large\" itemprop=\"associatedMedia\" itemscope itemtype=\"http:\/\/schema.org\/ImageObject\"> <a href=\"https:\/\/i1.wp.com\/miguelsalmondelreal.com\/wp-content\/uploads\/2016\/03\/009-2014-Michoacan-Symphony-Orchestra-rehearsal-on-tour.-Teatro-Cancun-Quintana-Roo-Mexico.jpg?ssl=1\" border=\"0\" itemprop=\"url\"> <meta itemprop=\"width\" content=\"297\"> <meta itemprop=\"height\" content=\"198\"> <img loading=\"lazy\" decoding=\"async\" data-attachment-id=\"426\" data-orig-file=\"https:\/\/miguelsalmondelreal.com\/wp-content\/uploads\/2016\/03\/009-2014-Michoacan-Symphony-Orchestra-rehearsal-on-tour.-Teatro-Cancun-Quintana-Roo-Mexico.jpg\" data-orig-size=\"4724,3150\" data-comments-opened=\"\" data-image-meta=\"{&quot;aperture&quot;:&quot;5&quot;,&quot;credit&quot;:&quot;&quot;,&quot;camera&quot;:&quot;Canon EOS REBEL T3i&quot;,&quot;caption&quot;:&quot;&quot;,&quot;created_timestamp&quot;:&quot;1385308695&quot;,&quot;copyright&quot;:&quot;&quot;,&quot;focal_length&quot;:&quot;220&quot;,&quot;iso&quot;:&quot;3200&quot;,&quot;shutter_speed&quot;:&quot;0.0166666666667&quot;,&quot;title&quot;:&quot;9&quot;,&quot;orientation&quot;:&quot;1&quot;}\" data-image-title=\"2014, Michoacan Symphony Orchestra, rehearsal on tour. Teatro Cancun, Quintana Roo, Mexico\" data-image-description=\"\" data-medium-file=\"https:\/\/i1.wp.com\/miguelsalmondelreal.com\/wp-content\/uploads\/2016\/03\/009-2014-Michoacan-Symphony-Orchestra-rehearsal-on-tour.-Teatro-Cancun-Quintana-Roo-Mexico.jpg?fit=300%2C200&#038;ssl=1\" data-large-file=\"https:\/\/i1.wp.com\/miguelsalmondelreal.com\/wp-content\/uploads\/2016\/03\/009-2014-Michoacan-Symphony-Orchestra-rehearsal-on-tour.-Teatro-Cancun-Quintana-Roo-Mexico.jpg?fit=1050%2C700&#038;ssl=1\" src=\"https:\/\/i1.wp.com\/miguelsalmondelreal.com\/wp-content\/uploads\/2016\/03\/009-2014-Michoacan-Symphony-Orchestra-rehearsal-on-tour.-Teatro-Cancun-Quintana-Roo-Mexico.jpg?w=297&#038;h=198&#038;ssl=1\" width=\"297\" height=\"198\" data-original-width=\"297\" data-original-height=\"198\" itemprop=\"http:\/\/schema.org\/image\" title=\"2014, Michoacan Symphony Orchestra, rehearsal on tour. Teatro Cancun, Quintana Roo, Mexico\" alt=\"2014, Michoacan Symphony Orchestra, rehearsal on tour. Teatro Cancun, Quintana Roo, Mexico\" style=\"width: 297px; height: 198px;\" \/> <\/a> <div class=\"tiled-gallery-caption\" itemprop=\"caption description\"> 2014, Michoacan Symphony Orchestra, rehearsal on tour. Teatro Cancun, Quintana Roo, Mexico <\/div> <\/div> <\/div> <!-- close group --> <\/div> <!-- close row --> <div class=\"gallery-row\" style=\"width: 1050px; height: 243px;\" data-original-width=\"1050\" data-original-height=\"243\" > <div class=\"gallery-group images-1\" style=\"width: 183px; height: 243px;\" data-original-width=\"183\" data-original-height=\"243\" > <div class=\"tiled-gallery-item tiled-gallery-item-small\" itemprop=\"associatedMedia\" itemscope itemtype=\"http:\/\/schema.org\/ImageObject\"> <a href=\"https:\/\/i0.wp.com\/miguelsalmondelreal.com\/wp-content\/uploads\/2016\/03\/048-2014-A-German-Requiem-Brahms.-Leticia-de-Altamirano-soprano.-Michoacan-Symphony-Orchestra-1.jpg?ssl=1\" border=\"0\" itemprop=\"url\"> <meta itemprop=\"width\" content=\"179\"> <meta itemprop=\"height\" content=\"239\"> <img loading=\"lazy\" decoding=\"async\" data-attachment-id=\"465\" data-orig-file=\"https:\/\/miguelsalmondelreal.com\/wp-content\/uploads\/2016\/03\/048-2014-A-German-Requiem-Brahms.-Leticia-de-Altamirano-soprano.-Michoacan-Symphony-Orchestra-1.jpg\" data-orig-size=\"3543,4724\" data-comments-opened=\"\" data-image-meta=\"{&quot;aperture&quot;:&quot;3.5&quot;,&quot;credit&quot;:&quot;&quot;,&quot;camera&quot;:&quot;DSC-H2&quot;,&quot;caption&quot;:&quot;&quot;,&quot;created_timestamp&quot;:&quot;1414794985&quot;,&quot;copyright&quot;:&quot;&quot;,&quot;focal_length&quot;:&quot;21.1&quot;,&quot;iso&quot;:&quot;1000&quot;,&quot;shutter_speed&quot;:&quot;0.0125&quot;,&quot;title&quot;:&quot;48&quot;,&quot;orientation&quot;:&quot;1&quot;}\" data-image-title=\"2014, A German Requiem Brahms. (Leticia de Altamirano, soprano). Michoacan Symphony Orchestra\" data-image-description=\"\" data-medium-file=\"https:\/\/i0.wp.com\/miguelsalmondelreal.com\/wp-content\/uploads\/2016\/03\/048-2014-A-German-Requiem-Brahms.-Leticia-de-Altamirano-soprano.-Michoacan-Symphony-Orchestra-1.jpg?fit=225%2C300&#038;ssl=1\" data-large-file=\"https:\/\/i0.wp.com\/miguelsalmondelreal.com\/wp-content\/uploads\/2016\/03\/048-2014-A-German-Requiem-Brahms.-Leticia-de-Altamirano-soprano.-Michoacan-Symphony-Orchestra-1.jpg?fit=900%2C1200&#038;ssl=1\" src=\"https:\/\/i0.wp.com\/miguelsalmondelreal.com\/wp-content\/uploads\/2016\/03\/048-2014-A-German-Requiem-Brahms.-Leticia-de-Altamirano-soprano.-Michoacan-Symphony-Orchestra-1.jpg?w=179&#038;h=239&#038;ssl=1\" width=\"179\" height=\"239\" data-original-width=\"179\" data-original-height=\"239\" itemprop=\"http:\/\/schema.org\/image\" title=\"2014, A German Requiem Brahms. (Leticia de Altamirano, soprano). Michoacan Symphony Orchestra\" alt=\"2014, A German Requiem Brahms. (Leticia de Altamirano, soprano). Michoacan Symphony Orchestra\" style=\"width: 179px; height: 239px;\" \/> <\/a> <div class=\"tiled-gallery-caption\" itemprop=\"caption description\"> 2014, A German Requiem Brahms. (Leticia de Altamirano, soprano). Michoacan Symphony Orchestra <\/div> <\/div> <\/div> <!-- close group --> <div class=\"gallery-group images-1\" style=\"width: 162px; height: 243px;\" data-original-width=\"162\" data-original-height=\"243\" > <div class=\"tiled-gallery-item tiled-gallery-item-small\" itemprop=\"associatedMedia\" itemscope itemtype=\"http:\/\/schema.org\/ImageObject\"> <a href=\"https:\/\/i2.wp.com\/miguelsalmondelreal.com\/wp-content\/uploads\/2016\/03\/075-2016-Xalapa-Symphony-Orchestra.-Sala-Tlaqna.-Xalapa-Veracruz-Mexico.-Photo-Luis-Fernando-Soni-.jpg?ssl=1\" border=\"0\" itemprop=\"url\"> <meta itemprop=\"width\" content=\"158\"> <meta itemprop=\"height\" content=\"239\"> <img loading=\"lazy\" decoding=\"async\" data-attachment-id=\"490\" data-orig-file=\"https:\/\/miguelsalmondelreal.com\/wp-content\/uploads\/2016\/03\/075-2016-Xalapa-Symphony-Orchestra.-Sala-Tlaqna.-Xalapa-Veracruz-Mexico.-Photo-Luis-Fernando-Soni-.jpg\" data-orig-size=\"1356,2048\" data-comments-opened=\"\" data-image-meta=\"{&quot;aperture&quot;:&quot;5.6&quot;,&quot;credit&quot;:&quot;&quot;,&quot;camera&quot;:&quot;CORPORATION&quot;,&quot;caption&quot;:&quot;&quot;,&quot;created_timestamp&quot;:&quot;1457126520&quot;,&quot;copyright&quot;:&quot;&quot;,&quot;focal_length&quot;:&quot;18&quot;,&quot;iso&quot;:&quot;2500&quot;,&quot;shutter_speed&quot;:&quot;0.00625&quot;,&quot;title&quot;:&quot;&quot;,&quot;orientation&quot;:&quot;1&quot;}\" data-image-title=\"2016, Xalapa Symphony Orchestra. Sala Tlaqna. Xalapa, Veracruz, Mexico. Photo, Luis Fernando Soni\" data-image-description=\"\" data-medium-file=\"https:\/\/i2.wp.com\/miguelsalmondelreal.com\/wp-content\/uploads\/2016\/03\/075-2016-Xalapa-Symphony-Orchestra.-Sala-Tlaqna.-Xalapa-Veracruz-Mexico.-Photo-Luis-Fernando-Soni-.jpg?fit=199%2C300&#038;ssl=1\" data-large-file=\"https:\/\/i2.wp.com\/miguelsalmondelreal.com\/wp-content\/uploads\/2016\/03\/075-2016-Xalapa-Symphony-Orchestra.-Sala-Tlaqna.-Xalapa-Veracruz-Mexico.-Photo-Luis-Fernando-Soni-.jpg?fit=795%2C1200&#038;ssl=1\" src=\"https:\/\/i2.wp.com\/miguelsalmondelreal.com\/wp-content\/uploads\/2016\/03\/075-2016-Xalapa-Symphony-Orchestra.-Sala-Tlaqna.-Xalapa-Veracruz-Mexico.-Photo-Luis-Fernando-Soni-.jpg?w=158&#038;h=239&#038;ssl=1\" width=\"158\" height=\"239\" data-original-width=\"158\" data-original-height=\"239\" itemprop=\"http:\/\/schema.org\/image\" title=\"2016, Xalapa Symphony Orchestra. Sala Tlaqna. Xalapa, Veracruz, Mexico. Photo, Luis Fernando Soni\" alt=\"2016, Xalapa Symphony Orchestra. Sala Tlaqna. Xalapa, Veracruz, Mexico. Photo, Luis Fernando Soni\" style=\"width: 158px; height: 239px;\" \/> <\/a> <div class=\"tiled-gallery-caption\" itemprop=\"caption description\"> 2016, Xalapa Symphony Orchestra. Sala Tlaqna. Xalapa, Veracruz, Mexico. Photo, Luis Fernando Soni <\/div> <\/div> <\/div> <!-- close group --> <div class=\"gallery-group images-1\" style=\"width: 365px; height: 243px;\" data-original-width=\"365\" data-original-height=\"243\" > <div class=\"tiled-gallery-item tiled-gallery-item-large\" itemprop=\"associatedMedia\" itemscope itemtype=\"http:\/\/schema.org\/ImageObject\"> <a href=\"https:\/\/i2.wp.com\/miguelsalmondelreal.com\/wp-content\/uploads\/2016\/03\/068-2016-Xalapa-Symphony-Orchestra.-On-Moncayos-Tierra-de-Temporal.-Sala-Tlaqna.-Xalapa-Veracruz-Mexico.-Photo-Luis-Fernando-Soni.jpg?ssl=1\" border=\"0\" itemprop=\"url\"> <meta itemprop=\"width\" content=\"361\"> <meta itemprop=\"height\" content=\"239\"> <img loading=\"lazy\" decoding=\"async\" data-attachment-id=\"484\" data-orig-file=\"https:\/\/miguelsalmondelreal.com\/wp-content\/uploads\/2016\/03\/068-2016-Xalapa-Symphony-Orchestra.-On-Moncayos-Tierra-de-Temporal.-Sala-Tlaqna.-Xalapa-Veracruz-Mexico.-Photo-Luis-Fernando-Soni.jpg\" data-orig-size=\"2048,1356\" data-comments-opened=\"\" data-image-meta=\"{&quot;aperture&quot;:&quot;5.6&quot;,&quot;credit&quot;:&quot;&quot;,&quot;camera&quot;:&quot;CORPORATION&quot;,&quot;caption&quot;:&quot;&quot;,&quot;created_timestamp&quot;:&quot;1457127048&quot;,&quot;copyright&quot;:&quot;&quot;,&quot;focal_length&quot;:&quot;85&quot;,&quot;iso&quot;:&quot;2500&quot;,&quot;shutter_speed&quot;:&quot;0.00625&quot;,&quot;title&quot;:&quot;&quot;,&quot;orientation&quot;:&quot;1&quot;}\" data-image-title=\"2016, Xalapa Symphony Orchestra. On Moncayo&#8217;s Tierra de Temporal. Sala Tlaqna. Xalapa, Veracruz, Mexico. Photo, Luis Fernando Soni\" data-image-description=\"\" data-medium-file=\"https:\/\/i2.wp.com\/miguelsalmondelreal.com\/wp-content\/uploads\/2016\/03\/068-2016-Xalapa-Symphony-Orchestra.-On-Moncayos-Tierra-de-Temporal.-Sala-Tlaqna.-Xalapa-Veracruz-Mexico.-Photo-Luis-Fernando-Soni.jpg?fit=300%2C199&#038;ssl=1\" data-large-file=\"https:\/\/i2.wp.com\/miguelsalmondelreal.com\/wp-content\/uploads\/2016\/03\/068-2016-Xalapa-Symphony-Orchestra.-On-Moncayos-Tierra-de-Temporal.-Sala-Tlaqna.-Xalapa-Veracruz-Mexico.-Photo-Luis-Fernando-Soni.jpg?fit=1050%2C695&#038;ssl=1\" src=\"https:\/\/i2.wp.com\/miguelsalmondelreal.com\/wp-content\/uploads\/2016\/03\/068-2016-Xalapa-Symphony-Orchestra.-On-Moncayos-Tierra-de-Temporal.-Sala-Tlaqna.-Xalapa-Veracruz-Mexico.-Photo-Luis-Fernando-Soni.jpg?w=361&#038;h=239&#038;ssl=1\" width=\"361\" height=\"239\" data-original-width=\"361\" data-original-height=\"239\" itemprop=\"http:\/\/schema.org\/image\" title=\"2016, Xalapa Symphony Orchestra. On Moncayo&#039;s Tierra de Temporal. Sala Tlaqna. Xalapa, Veracruz, Mexico. Photo, Luis Fernando Soni\" alt=\"2016, Xalapa Symphony Orchestra. On Moncayo&#039;s Tierra de Temporal. Sala Tlaqna. Xalapa, Veracruz, Mexico. Photo, Luis Fernando Soni\" style=\"width: 361px; height: 239px;\" \/> <\/a> <div class=\"tiled-gallery-caption\" itemprop=\"caption description\"> 2016, Xalapa Symphony Orchestra. On Moncayo&#8217;s Tierra de Temporal. Sala Tlaqna. Xalapa, Veracruz, Mexico. Photo, Luis Fernando Soni <\/div> <\/div> <\/div> <!-- close group --> <div class=\"gallery-group images-1\" style=\"width: 164px; height: 243px;\" data-original-width=\"164\" data-original-height=\"243\" > <div class=\"tiled-gallery-item tiled-gallery-item-small\" itemprop=\"associatedMedia\" itemscope itemtype=\"http:\/\/schema.org\/ImageObject\"> <a href=\"https:\/\/i0.wp.com\/miguelsalmondelreal.com\/wp-content\/uploads\/2016\/03\/065-2015-Guanuajuato-Symphony-Orchestra.-Teatro-de-la-Ciudad-Gto.-Mexico.-Photo-Beto-Gutierrez.jpg?ssl=1\" border=\"0\" itemprop=\"url\"> <meta itemprop=\"width\" content=\"160\"> <meta itemprop=\"height\" content=\"239\"> <img loading=\"lazy\" decoding=\"async\" data-attachment-id=\"481\" data-orig-file=\"https:\/\/miguelsalmondelreal.com\/wp-content\/uploads\/2016\/03\/065-2015-Guanuajuato-Symphony-Orchestra.-Teatro-de-la-Ciudad-Gto.-Mexico.-Photo-Beto-Gutierrez.jpg\" data-orig-size=\"1210,1814\" data-comments-opened=\"\" data-image-meta=\"{&quot;aperture&quot;:&quot;0&quot;,&quot;credit&quot;:&quot;&quot;,&quot;camera&quot;:&quot;&quot;,&quot;caption&quot;:&quot;&quot;,&quot;created_timestamp&quot;:&quot;1425725982&quot;,&quot;copyright&quot;:&quot;&quot;,&quot;focal_length&quot;:&quot;0&quot;,&quot;iso&quot;:&quot;0&quot;,&quot;shutter_speed&quot;:&quot;0&quot;,&quot;title&quot;:&quot;65&quot;,&quot;orientation&quot;:&quot;1&quot;}\" data-image-title=\"2015, Guanuajuato Symphony Orchestra. Teatro de la Ciudad, Gto., Mexico. Photo, Beto Gutierrez\" data-image-description=\"\" data-medium-file=\"https:\/\/i0.wp.com\/miguelsalmondelreal.com\/wp-content\/uploads\/2016\/03\/065-2015-Guanuajuato-Symphony-Orchestra.-Teatro-de-la-Ciudad-Gto.-Mexico.-Photo-Beto-Gutierrez.jpg?fit=200%2C300&#038;ssl=1\" data-large-file=\"https:\/\/i0.wp.com\/miguelsalmondelreal.com\/wp-content\/uploads\/2016\/03\/065-2015-Guanuajuato-Symphony-Orchestra.-Teatro-de-la-Ciudad-Gto.-Mexico.-Photo-Beto-Gutierrez.jpg?fit=800%2C1200&#038;ssl=1\" src=\"https:\/\/i0.wp.com\/miguelsalmondelreal.com\/wp-content\/uploads\/2016\/03\/065-2015-Guanuajuato-Symphony-Orchestra.-Teatro-de-la-Ciudad-Gto.-Mexico.-Photo-Beto-Gutierrez.jpg?w=160&#038;h=239&#038;ssl=1\" width=\"160\" height=\"239\" data-original-width=\"160\" data-original-height=\"239\" itemprop=\"http:\/\/schema.org\/image\" title=\"2015, Guanuajuato Symphony Orchestra. Teatro de la Ciudad, Gto., Mexico. Photo, Beto Gutierrez\" alt=\"2015, Guanuajuato Symphony Orchestra. Teatro de la Ciudad, Gto., Mexico. Photo, Beto Gutierrez\" style=\"width: 160px; height: 239px;\" \/> <\/a> <div class=\"tiled-gallery-caption\" itemprop=\"caption description\"> 2015, Guanuajuato Symphony Orchestra. Teatro de la Ciudad, Gto., Mexico. Photo, Beto Gutierrez <\/div> <\/div> <\/div> <!-- close group --> <div class=\"gallery-group images-1\" style=\"width: 176px; height: 243px;\" data-original-width=\"176\" data-original-height=\"243\" > <div class=\"tiled-gallery-item tiled-gallery-item-small\" itemprop=\"associatedMedia\" itemscope itemtype=\"http:\/\/schema.org\/ImageObject\"> <a href=\"https:\/\/i1.wp.com\/miguelsalmondelreal.com\/wp-content\/uploads\/2016\/03\/036-2014-Lydie-Solomon-piano.-Michoacan-Symphony-Orchestra.-Ravel-piano-concerto.-Photo-Carlos-Cuin.jpg?ssl=1\" border=\"0\" itemprop=\"url\"> <meta itemprop=\"width\" content=\"172\"> <meta itemprop=\"height\" content=\"239\"> <img loading=\"lazy\" decoding=\"async\" data-attachment-id=\"453\" data-orig-file=\"https:\/\/miguelsalmondelreal.com\/wp-content\/uploads\/2016\/03\/036-2014-Lydie-Solomon-piano.-Michoacan-Symphony-Orchestra.-Ravel-piano-concerto.-Photo-Carlos-Cuin.jpg\" data-orig-size=\"3368,4669\" data-comments-opened=\"\" data-image-meta=\"{&quot;aperture&quot;:&quot;2.8&quot;,&quot;credit&quot;:&quot;&quot;,&quot;camera&quot;:&quot;Canon EOS 7D&quot;,&quot;caption&quot;:&quot;&quot;,&quot;created_timestamp&quot;:&quot;1411721505&quot;,&quot;copyright&quot;:&quot;&quot;,&quot;focal_length&quot;:&quot;128&quot;,&quot;iso&quot;:&quot;1000&quot;,&quot;shutter_speed&quot;:&quot;0.01&quot;,&quot;title&quot;:&quot;36&quot;,&quot;orientation&quot;:&quot;1&quot;}\" data-image-title=\"2014, Lydie Solomon, piano. Michoacan Symphony Orchestra. Ravel piano concerto. Photo, Carlos Cuin\" data-image-description=\"\" data-medium-file=\"https:\/\/i1.wp.com\/miguelsalmondelreal.com\/wp-content\/uploads\/2016\/03\/036-2014-Lydie-Solomon-piano.-Michoacan-Symphony-Orchestra.-Ravel-piano-concerto.-Photo-Carlos-Cuin.jpg?fit=216%2C300&#038;ssl=1\" data-large-file=\"https:\/\/i1.wp.com\/miguelsalmondelreal.com\/wp-content\/uploads\/2016\/03\/036-2014-Lydie-Solomon-piano.-Michoacan-Symphony-Orchestra.-Ravel-piano-concerto.-Photo-Carlos-Cuin.jpg?fit=866%2C1200&#038;ssl=1\" src=\"https:\/\/i1.wp.com\/miguelsalmondelreal.com\/wp-content\/uploads\/2016\/03\/036-2014-Lydie-Solomon-piano.-Michoacan-Symphony-Orchestra.-Ravel-piano-concerto.-Photo-Carlos-Cuin.jpg?w=172&#038;h=239&#038;ssl=1\" width=\"172\" height=\"239\" data-original-width=\"172\" data-original-height=\"239\" itemprop=\"http:\/\/schema.org\/image\" title=\"2014, Lydie Solomon, piano. Michoacan Symphony Orchestra. Ravel piano concerto. Photo, Carlos Cuin\" alt=\"2014, Lydie Solomon, piano. Michoacan Symphony Orchestra. Ravel piano concerto. Photo, Carlos Cuin\" style=\"width: 172px; height: 239px;\" \/> <\/a> <div class=\"tiled-gallery-caption\" itemprop=\"caption description\"> 2014, Lydie Solomon, piano. Michoacan Symphony Orchestra. Ravel piano concerto. Photo, Carlos Cuin <\/div> <\/div> <\/div> <!-- close group --> <\/div> <!-- close row --> <div class=\"gallery-row\" style=\"width: 1050px; height: 540px;\" data-original-width=\"1050\" data-original-height=\"540\" > <div class=\"gallery-group images-3\" style=\"width: 268px; height: 540px;\" data-original-width=\"268\" data-original-height=\"540\" > <div class=\"tiled-gallery-item tiled-gallery-item-large\" itemprop=\"associatedMedia\" itemscope itemtype=\"http:\/\/schema.org\/ImageObject\"> <a href=\"https:\/\/i2.wp.com\/miguelsalmondelreal.com\/wp-content\/uploads\/2016\/03\/021-2013-Michoacan-Symphony-Orchestra.-Messa-da-Requiem-Verdi.-Teatro-Obrero-Zamora-Mich.-Mexico.jpg?ssl=1\" border=\"0\" itemprop=\"url\"> <meta itemprop=\"width\" content=\"264\"> <meta itemprop=\"height\" content=\"176\"> <img loading=\"lazy\" decoding=\"async\" data-attachment-id=\"438\" data-orig-file=\"https:\/\/miguelsalmondelreal.com\/wp-content\/uploads\/2016\/03\/021-2013-Michoacan-Symphony-Orchestra.-Messa-da-Requiem-Verdi.-Teatro-Obrero-Zamora-Mich.-Mexico.jpg\" data-orig-size=\"4608,3072\" data-comments-opened=\"\" data-image-meta=\"{&quot;aperture&quot;:&quot;0&quot;,&quot;credit&quot;:&quot;&quot;,&quot;camera&quot;:&quot;&quot;,&quot;caption&quot;:&quot;&quot;,&quot;created_timestamp&quot;:&quot;1383216694&quot;,&quot;copyright&quot;:&quot;&quot;,&quot;focal_length&quot;:&quot;0&quot;,&quot;iso&quot;:&quot;0&quot;,&quot;shutter_speed&quot;:&quot;0&quot;,&quot;title&quot;:&quot;21&quot;,&quot;orientation&quot;:&quot;1&quot;}\" data-image-title=\"2013, Michoacan Symphony Orchestra. Messa da Requiem Verdi. Teatro Obrero, Zamora, Mich. Mexico\" data-image-description=\"\" data-medium-file=\"https:\/\/i2.wp.com\/miguelsalmondelreal.com\/wp-content\/uploads\/2016\/03\/021-2013-Michoacan-Symphony-Orchestra.-Messa-da-Requiem-Verdi.-Teatro-Obrero-Zamora-Mich.-Mexico.jpg?fit=300%2C200&#038;ssl=1\" data-large-file=\"https:\/\/i2.wp.com\/miguelsalmondelreal.com\/wp-content\/uploads\/2016\/03\/021-2013-Michoacan-Symphony-Orchestra.-Messa-da-Requiem-Verdi.-Teatro-Obrero-Zamora-Mich.-Mexico.jpg?fit=1050%2C700&#038;ssl=1\" src=\"https:\/\/i2.wp.com\/miguelsalmondelreal.com\/wp-content\/uploads\/2016\/03\/021-2013-Michoacan-Symphony-Orchestra.-Messa-da-Requiem-Verdi.-Teatro-Obrero-Zamora-Mich.-Mexico.jpg?w=264&#038;h=176&#038;ssl=1\" width=\"264\" height=\"176\" data-original-width=\"264\" data-original-height=\"176\" itemprop=\"http:\/\/schema.org\/image\" title=\"2013, Michoacan Symphony Orchestra. Messa da Requiem Verdi. Teatro Obrero, Zamora, Mich. Mexico\" alt=\"2013, Michoacan Symphony Orchestra. Messa da Requiem Verdi. Teatro Obrero, Zamora, Mich. Mexico\" style=\"width: 264px; height: 176px;\" \/> <\/a> <div class=\"tiled-gallery-caption\" itemprop=\"caption description\"> 2013, Michoacan Symphony Orchestra. Messa da Requiem Verdi. Teatro Obrero, Zamora, Mich. Mexico <\/div> <\/div> <div class=\"tiled-gallery-item tiled-gallery-item-large\" itemprop=\"associatedMedia\" itemscope itemtype=\"http:\/\/schema.org\/ImageObject\"> <a href=\"https:\/\/i1.wp.com\/miguelsalmondelreal.com\/wp-content\/uploads\/2016\/03\/043-2015-Jalisco-Philharmonic-Orchestra.-Photo-Marco-Ayala-1.jpg?ssl=1\" border=\"0\" itemprop=\"url\"> <meta itemprop=\"width\" content=\"264\"> <meta itemprop=\"height\" content=\"176\"> <img loading=\"lazy\" decoding=\"async\" data-attachment-id=\"460\" data-orig-file=\"https:\/\/miguelsalmondelreal.com\/wp-content\/uploads\/2016\/03\/043-2015-Jalisco-Philharmonic-Orchestra.-Photo-Marco-Ayala-1.jpg\" data-orig-size=\"2300,1533\" data-comments-opened=\"\" data-image-meta=\"{&quot;aperture&quot;:&quot;4.5&quot;,&quot;credit&quot;:&quot;&quot;,&quot;camera&quot;:&quot;NIKON D3100&quot;,&quot;caption&quot;:&quot;&quot;,&quot;created_timestamp&quot;:&quot;1429449652&quot;,&quot;copyright&quot;:&quot;&quot;,&quot;focal_length&quot;:&quot;65&quot;,&quot;iso&quot;:&quot;800&quot;,&quot;shutter_speed&quot;:&quot;0.01&quot;,&quot;title&quot;:&quot;&quot;,&quot;orientation&quot;:&quot;1&quot;}\" data-image-title=\"2015, Jalisco Philharmonic Orchestra. Photo, Marco Ayala\" data-image-description=\"\" data-medium-file=\"https:\/\/i1.wp.com\/miguelsalmondelreal.com\/wp-content\/uploads\/2016\/03\/043-2015-Jalisco-Philharmonic-Orchestra.-Photo-Marco-Ayala-1.jpg?fit=300%2C200&#038;ssl=1\" data-large-file=\"https:\/\/i1.wp.com\/miguelsalmondelreal.com\/wp-content\/uploads\/2016\/03\/043-2015-Jalisco-Philharmonic-Orchestra.-Photo-Marco-Ayala-1.jpg?fit=1050%2C700&#038;ssl=1\" src=\"https:\/\/i1.wp.com\/miguelsalmondelreal.com\/wp-content\/uploads\/2016\/03\/043-2015-Jalisco-Philharmonic-Orchestra.-Photo-Marco-Ayala-1.jpg?w=264&#038;h=176&#038;ssl=1\" width=\"264\" height=\"176\" data-original-width=\"264\" data-original-height=\"176\" itemprop=\"http:\/\/schema.org\/image\" title=\"2015, Jalisco Philharmonic Orchestra. Photo, Marco Ayala\" alt=\"2015, Jalisco Philharmonic Orchestra. Photo, Marco Ayala\" style=\"width: 264px; height: 176px;\" \/> <\/a> <div class=\"tiled-gallery-caption\" itemprop=\"caption description\"> 2015, Jalisco Philharmonic Orchestra. Photo, Marco Ayala <\/div> <\/div> <div class=\"tiled-gallery-item tiled-gallery-item-large\" itemprop=\"associatedMedia\" itemscope itemtype=\"http:\/\/schema.org\/ImageObject\"> <a href=\"https:\/\/i1.wp.com\/miguelsalmondelreal.com\/wp-content\/uploads\/2017\/12\/89-2017-Orquesta-Sinfonica-Sinaloa-de-las-Artes_Debut-Concert-as-Chief-Conductor_Teatro-Pablo-de-Villavicencio_Culiacan-Mexico.jpg?ssl=1\" border=\"0\" itemprop=\"url\"> <meta itemprop=\"width\" content=\"264\"> <meta itemprop=\"height\" content=\"176\"> <img loading=\"lazy\" decoding=\"async\" data-attachment-id=\"612\" data-orig-file=\"https:\/\/miguelsalmondelreal.com\/wp-content\/uploads\/2017\/12\/89-2017-Orquesta-Sinfonica-Sinaloa-de-las-Artes_Debut-Concert-as-Chief-Conductor_Teatro-Pablo-de-Villavicencio_Culiacan-Mexico.jpg\" data-orig-size=\"3840,2560\" data-comments-opened=\"\" data-image-meta=\"{&quot;aperture&quot;:&quot;4&quot;,&quot;credit&quot;:&quot;YanethGomez&quot;,&quot;camera&quot;:&quot;Canon EOS 5D Mark III&quot;,&quot;caption&quot;:&quot;&quot;,&quot;created_timestamp&quot;:&quot;1504777225&quot;,&quot;copyright&quot;:&quot;Janeth Gomez&quot;,&quot;focal_length&quot;:&quot;24&quot;,&quot;iso&quot;:&quot;10000&quot;,&quot;shutter_speed&quot;:&quot;0.005&quot;,&quot;title&quot;:&quot;&quot;,&quot;orientation&quot;:&quot;1&quot;}\" data-image-title=\"2017, Orquesta Sinf\u00f3nica Sinaloa de las Artes, Debut Concert as Chief Conductor, Teatro Pablo de Villavicencio, Culiac\u00e1n M\u00e9xico. [4]\" data-image-description=\"\" data-medium-file=\"https:\/\/i1.wp.com\/miguelsalmondelreal.com\/wp-content\/uploads\/2017\/12\/89-2017-Orquesta-Sinfonica-Sinaloa-de-las-Artes_Debut-Concert-as-Chief-Conductor_Teatro-Pablo-de-Villavicencio_Culiacan-Mexico.jpg?fit=300%2C200&#038;ssl=1\" data-large-file=\"https:\/\/i1.wp.com\/miguelsalmondelreal.com\/wp-content\/uploads\/2017\/12\/89-2017-Orquesta-Sinfonica-Sinaloa-de-las-Artes_Debut-Concert-as-Chief-Conductor_Teatro-Pablo-de-Villavicencio_Culiacan-Mexico.jpg?fit=1050%2C700&#038;ssl=1\" src=\"https:\/\/i1.wp.com\/miguelsalmondelreal.com\/wp-content\/uploads\/2017\/12\/89-2017-Orquesta-Sinfonica-Sinaloa-de-las-Artes_Debut-Concert-as-Chief-Conductor_Teatro-Pablo-de-Villavicencio_Culiacan-Mexico.jpg?w=264&#038;h=176&#038;ssl=1\" width=\"264\" height=\"176\" data-original-width=\"264\" data-original-height=\"176\" itemprop=\"http:\/\/schema.org\/image\" title=\"2017, Orquesta Sinf\u00f3nica Sinaloa de las Artes, Debut Concert as Chief Conductor, Teatro Pablo de Villavicencio, Culiac\u00e1n M\u00e9xico. [4]\" alt=\"2017, Orquesta Sinf\u00f3nica Sinaloa de las Artes, Debut Concert as Chief Conductor, Teatro Pablo de Villavicencio, Culiac\u00e1n M\u00e9xico.\" style=\"width: 264px; height: 176px;\" \/> <\/a> <div class=\"tiled-gallery-caption\" itemprop=\"caption description\"> 2017, Orquesta Sinf\u00f3nica Sinaloa de las Artes, Debut Concert as Chief Conductor, Teatro Pablo de Villavicencio, Culiac\u00e1n M\u00e9xico. <\/div> <\/div> <\/div> <!-- close group --> <div class=\"gallery-group images-1\" style=\"width: 507px; height: 540px;\" data-original-width=\"507\" data-original-height=\"540\" > <div class=\"tiled-gallery-item tiled-gallery-item-large\" itemprop=\"associatedMedia\" itemscope itemtype=\"http:\/\/schema.org\/ImageObject\"> <a href=\"https:\/\/i0.wp.com\/miguelsalmondelreal.com\/wp-content\/uploads\/2016\/03\/035-2013-Rehearsal-on-tour.-Michoacan-Symphony-Orchestra.-Playa-del-Carmen-Mexico-1.jpg?ssl=1\" border=\"0\" itemprop=\"url\"> <meta itemprop=\"width\" content=\"503\"> <meta itemprop=\"height\" content=\"536\"> <img loading=\"lazy\" decoding=\"async\" data-attachment-id=\"452\" data-orig-file=\"https:\/\/miguelsalmondelreal.com\/wp-content\/uploads\/2016\/03\/035-2013-Rehearsal-on-tour.-Michoacan-Symphony-Orchestra.-Playa-del-Carmen-Mexico-1.jpg\" data-orig-size=\"2221,2367\" data-comments-opened=\"\" data-image-meta=\"{&quot;aperture&quot;:&quot;5.6&quot;,&quot;credit&quot;:&quot;&quot;,&quot;camera&quot;:&quot;Canon EOS REBEL T3i&quot;,&quot;caption&quot;:&quot;&quot;,&quot;created_timestamp&quot;:&quot;1385401272&quot;,&quot;copyright&quot;:&quot;&quot;,&quot;focal_length&quot;:&quot;55&quot;,&quot;iso&quot;:&quot;3200&quot;,&quot;shutter_speed&quot;:&quot;0.0769230769231&quot;,&quot;title&quot;:&quot;35&quot;,&quot;orientation&quot;:&quot;1&quot;}\" data-image-title=\"2013, Rehearsal on tour. Michoacan Symphony Orchestra. Playa del Carmen, Mexico\" data-image-description=\"\" data-medium-file=\"https:\/\/i0.wp.com\/miguelsalmondelreal.com\/wp-content\/uploads\/2016\/03\/035-2013-Rehearsal-on-tour.-Michoacan-Symphony-Orchestra.-Playa-del-Carmen-Mexico-1.jpg?fit=281%2C300&#038;ssl=1\" data-large-file=\"https:\/\/i0.wp.com\/miguelsalmondelreal.com\/wp-content\/uploads\/2016\/03\/035-2013-Rehearsal-on-tour.-Michoacan-Symphony-Orchestra.-Playa-del-Carmen-Mexico-1.jpg?fit=1050%2C1119&#038;ssl=1\" src=\"https:\/\/i0.wp.com\/miguelsalmondelreal.com\/wp-content\/uploads\/2016\/03\/035-2013-Rehearsal-on-tour.-Michoacan-Symphony-Orchestra.-Playa-del-Carmen-Mexico-1.jpg?w=503&#038;h=536&#038;ssl=1\" width=\"503\" height=\"536\" data-original-width=\"503\" data-original-height=\"536\" itemprop=\"http:\/\/schema.org\/image\" title=\"2013, Rehearsal on tour. Michoacan Symphony Orchestra. Playa del Carmen, Mexico\" alt=\"2013, Rehearsal on tour. Michoacan Symphony Orchestra. Playa del Carmen, Mexico\" style=\"width: 503px; height: 536px;\" \/> <\/a> <div class=\"tiled-gallery-caption\" itemprop=\"caption description\"> 2013, Rehearsal on tour. Michoacan Symphony Orchestra. Playa del Carmen, Mexico <\/div> <\/div> <\/div> <!-- close group --> <div class=\"gallery-group images-3\" style=\"width: 275px; height: 540px;\" data-original-width=\"275\" data-original-height=\"540\" > <div class=\"tiled-gallery-item tiled-gallery-item-large\" itemprop=\"associatedMedia\" itemscope itemtype=\"http:\/\/schema.org\/ImageObject\"> <a href=\"https:\/\/i0.wp.com\/miguelsalmondelreal.com\/wp-content\/uploads\/2016\/03\/066-2014-At-rehearsal-with-the-Opole-Philharmonic-Orchestra-Poland-1.jpg?ssl=1\" border=\"0\" itemprop=\"url\"> <meta itemprop=\"width\" content=\"271\"> <meta itemprop=\"height\" content=\"145\"> <img loading=\"lazy\" decoding=\"async\" data-attachment-id=\"482\" data-orig-file=\"https:\/\/miguelsalmondelreal.com\/wp-content\/uploads\/2016\/03\/066-2014-At-rehearsal-with-the-Opole-Philharmonic-Orchestra-Poland-1.jpg\" data-orig-size=\"3226,1719\" data-comments-opened=\"\" data-image-meta=\"{&quot;aperture&quot;:&quot;2.2&quot;,&quot;credit&quot;:&quot;&quot;,&quot;camera&quot;:&quot;SM-G900M&quot;,&quot;caption&quot;:&quot;&quot;,&quot;created_timestamp&quot;:&quot;1404303587&quot;,&quot;copyright&quot;:&quot;&quot;,&quot;focal_length&quot;:&quot;4.8&quot;,&quot;iso&quot;:&quot;320&quot;,&quot;shutter_speed&quot;:&quot;0.030303030303&quot;,&quot;title&quot;:&quot;66&quot;,&quot;orientation&quot;:&quot;1&quot;}\" data-image-title=\"2014, At rehearsal with the Opole Philharmonic Orchestra, Poland\" data-image-description=\"\" data-medium-file=\"https:\/\/i0.wp.com\/miguelsalmondelreal.com\/wp-content\/uploads\/2016\/03\/066-2014-At-rehearsal-with-the-Opole-Philharmonic-Orchestra-Poland-1.jpg?fit=300%2C160&#038;ssl=1\" data-large-file=\"https:\/\/i0.wp.com\/miguelsalmondelreal.com\/wp-content\/uploads\/2016\/03\/066-2014-At-rehearsal-with-the-Opole-Philharmonic-Orchestra-Poland-1.jpg?fit=1050%2C559&#038;ssl=1\" src=\"https:\/\/i0.wp.com\/miguelsalmondelreal.com\/wp-content\/uploads\/2016\/03\/066-2014-At-rehearsal-with-the-Opole-Philharmonic-Orchestra-Poland-1.jpg?w=271&#038;h=145&#038;ssl=1\" width=\"271\" height=\"145\" data-original-width=\"271\" data-original-height=\"145\" itemprop=\"http:\/\/schema.org\/image\" title=\"2014, At rehearsal with the Opole Philharmonic Orchestra, Poland\" alt=\"2014, At rehearsal with the Opole Philharmonic Orchestra, Poland\" style=\"width: 271px; height: 145px;\" \/> <\/a> <div class=\"tiled-gallery-caption\" itemprop=\"caption description\"> 2014, At rehearsal with the Opole Philharmonic Orchestra, Poland <\/div> <\/div> <div class=\"tiled-gallery-item tiled-gallery-item-large\" itemprop=\"associatedMedia\" itemscope itemtype=\"http:\/\/schema.org\/ImageObject\"> <a href=\"https:\/\/i1.wp.com\/miguelsalmondelreal.com\/wp-content\/uploads\/2016\/03\/029-2013-Michoacan-Symphony-Orchestra.-Photo-Ramon-Merino.jpg?ssl=1\" border=\"0\" itemprop=\"url\"> <meta itemprop=\"width\" content=\"271\"> <meta itemprop=\"height\" content=\"180\"> <img loading=\"lazy\" decoding=\"async\" data-attachment-id=\"446\" data-orig-file=\"https:\/\/miguelsalmondelreal.com\/wp-content\/uploads\/2016\/03\/029-2013-Michoacan-Symphony-Orchestra.-Photo-Ramon-Merino.jpg\" data-orig-size=\"3543,2355\" data-comments-opened=\"\" data-image-meta=\"{&quot;aperture&quot;:&quot;0&quot;,&quot;credit&quot;:&quot;&quot;,&quot;camera&quot;:&quot;&quot;,&quot;caption&quot;:&quot;&quot;,&quot;created_timestamp&quot;:&quot;1394797304&quot;,&quot;copyright&quot;:&quot;&quot;,&quot;focal_length&quot;:&quot;0&quot;,&quot;iso&quot;:&quot;0&quot;,&quot;shutter_speed&quot;:&quot;0&quot;,&quot;title&quot;:&quot;29&quot;,&quot;orientation&quot;:&quot;1&quot;}\" data-image-title=\"2013, Michoacan Symphony Orchestra. Photo, Ramon Merino\" data-image-description=\"\" data-medium-file=\"https:\/\/i1.wp.com\/miguelsalmondelreal.com\/wp-content\/uploads\/2016\/03\/029-2013-Michoacan-Symphony-Orchestra.-Photo-Ramon-Merino.jpg?fit=300%2C199&#038;ssl=1\" data-large-file=\"https:\/\/i1.wp.com\/miguelsalmondelreal.com\/wp-content\/uploads\/2016\/03\/029-2013-Michoacan-Symphony-Orchestra.-Photo-Ramon-Merino.jpg?fit=1050%2C698&#038;ssl=1\" src=\"https:\/\/i1.wp.com\/miguelsalmondelreal.com\/wp-content\/uploads\/2016\/03\/029-2013-Michoacan-Symphony-Orchestra.-Photo-Ramon-Merino.jpg?w=271&#038;h=180&#038;ssl=1\" width=\"271\" height=\"180\" data-original-width=\"271\" data-original-height=\"180\" itemprop=\"http:\/\/schema.org\/image\" title=\"2013, Michoacan Symphony Orchestra. Photo, Ramon Merino\" alt=\"2013, Michoacan Symphony Orchestra. Photo, Ramon Merino\" style=\"width: 271px; height: 180px;\" \/> <\/a> <div class=\"tiled-gallery-caption\" itemprop=\"caption description\"> 2013, Michoacan Symphony Orchestra. Photo, Ramon Merino <\/div> <\/div> <div class=\"tiled-gallery-item tiled-gallery-item-large\" itemprop=\"associatedMedia\" itemscope itemtype=\"http:\/\/schema.org\/ImageObject\"> <a href=\"https:\/\/i2.wp.com\/miguelsalmondelreal.com\/wp-content\/uploads\/2016\/03\/078-2014-About-starting.-OPERA-CARMEN-Teatro-Obrero-Zamora-Mich.-Mexico-1.jpg?ssl=1\" border=\"0\" itemprop=\"url\"> <meta itemprop=\"width\" content=\"271\"> <meta itemprop=\"height\" content=\"203\"> <img loading=\"lazy\" decoding=\"async\" data-attachment-id=\"493\" data-orig-file=\"https:\/\/miguelsalmondelreal.com\/wp-content\/uploads\/2016\/03\/078-2014-About-starting.-OPERA-CARMEN-Teatro-Obrero-Zamora-Mich.-Mexico-1.jpg\" data-orig-size=\"4724,3543\" data-comments-opened=\"\" data-image-meta=\"{&quot;aperture&quot;:&quot;0&quot;,&quot;credit&quot;:&quot;&quot;,&quot;camera&quot;:&quot;&quot;,&quot;caption&quot;:&quot;&quot;,&quot;created_timestamp&quot;:&quot;0&quot;,&quot;copyright&quot;:&quot;&quot;,&quot;focal_length&quot;:&quot;0&quot;,&quot;iso&quot;:&quot;0&quot;,&quot;shutter_speed&quot;:&quot;0&quot;,&quot;title&quot;:&quot;&quot;,&quot;orientation&quot;:&quot;1&quot;}\" data-image-title=\"2014, About starting. OPERA CARMEN, Teatro Obrero, Zamora, Mich., Mexico\" data-image-description=\"\" data-medium-file=\"https:\/\/i2.wp.com\/miguelsalmondelreal.com\/wp-content\/uploads\/2016\/03\/078-2014-About-starting.-OPERA-CARMEN-Teatro-Obrero-Zamora-Mich.-Mexico-1.jpg?fit=300%2C225&#038;ssl=1\" data-large-file=\"https:\/\/i2.wp.com\/miguelsalmondelreal.com\/wp-content\/uploads\/2016\/03\/078-2014-About-starting.-OPERA-CARMEN-Teatro-Obrero-Zamora-Mich.-Mexico-1.jpg?fit=1050%2C788&#038;ssl=1\" src=\"https:\/\/i2.wp.com\/miguelsalmondelreal.com\/wp-content\/uploads\/2016\/03\/078-2014-About-starting.-OPERA-CARMEN-Teatro-Obrero-Zamora-Mich.-Mexico-1.jpg?w=271&#038;h=203&#038;ssl=1\" width=\"271\" height=\"203\" data-original-width=\"271\" data-original-height=\"203\" itemprop=\"http:\/\/schema.org\/image\" title=\"2014, About starting. OPERA CARMEN, Teatro Obrero, Zamora, Mich., Mexico\" alt=\"2014, About starting. OPERA CARMEN, Teatro Obrero, Zamora, Mich., Mexico\" style=\"width: 271px; height: 203px;\" \/> <\/a> <div class=\"tiled-gallery-caption\" itemprop=\"caption description\"> 2014, About starting. OPERA CARMEN, Teatro Obrero, Zamora, Mich., Mexico <\/div> <\/div> <\/div> <!-- close group --> <\/div> <!-- close row --> <div class=\"gallery-row\" style=\"width: 1050px; height: 442px;\" data-original-width=\"1050\" data-original-height=\"442\" > <div class=\"gallery-group images-2\" style=\"width: 389px; height: 442px;\" data-original-width=\"389\" data-original-height=\"442\" > <div class=\"tiled-gallery-item tiled-gallery-item-large\" itemprop=\"associatedMedia\" itemscope itemtype=\"http:\/\/schema.org\/ImageObject\"> <a href=\"https:\/\/i0.wp.com\/miguelsalmondelreal.com\/wp-content\/uploads\/2016\/03\/006-2013-Michoacan-Symphony-Orchestra.-Teatro-Ocampo-Morelia-Mich.-Mexico.-Photo-Ramon-Merino.jpg?ssl=1\" border=\"0\" itemprop=\"url\"> <meta itemprop=\"width\" content=\"385\"> <meta itemprop=\"height\" content=\"217\"> <img loading=\"lazy\" decoding=\"async\" data-attachment-id=\"423\" data-orig-file=\"https:\/\/miguelsalmondelreal.com\/wp-content\/uploads\/2016\/03\/006-2013-Michoacan-Symphony-Orchestra.-Teatro-Ocampo-Morelia-Mich.-Mexico.-Photo-Ramon-Merino.jpg\" data-orig-size=\"4724,2657\" data-comments-opened=\"\" data-image-meta=\"{&quot;aperture&quot;:&quot;0&quot;,&quot;credit&quot;:&quot;&quot;,&quot;camera&quot;:&quot;&quot;,&quot;caption&quot;:&quot;&quot;,&quot;created_timestamp&quot;:&quot;1376594899&quot;,&quot;copyright&quot;:&quot;&quot;,&quot;focal_length&quot;:&quot;0&quot;,&quot;iso&quot;:&quot;0&quot;,&quot;shutter_speed&quot;:&quot;0&quot;,&quot;title&quot;:&quot;17&quot;,&quot;orientation&quot;:&quot;1&quot;}\" data-image-title=\"2013, Michoacan Symphony Orchestra. Teatro Ocampo, Morelia, Mich. Mexico. Photo, Ramon Merino\" data-image-description=\"\" data-medium-file=\"https:\/\/i0.wp.com\/miguelsalmondelreal.com\/wp-content\/uploads\/2016\/03\/006-2013-Michoacan-Symphony-Orchestra.-Teatro-Ocampo-Morelia-Mich.-Mexico.-Photo-Ramon-Merino.jpg?fit=300%2C169&#038;ssl=1\" data-large-file=\"https:\/\/i0.wp.com\/miguelsalmondelreal.com\/wp-content\/uploads\/2016\/03\/006-2013-Michoacan-Symphony-Orchestra.-Teatro-Ocampo-Morelia-Mich.-Mexico.-Photo-Ramon-Merino.jpg?fit=1050%2C591&#038;ssl=1\" src=\"https:\/\/i0.wp.com\/miguelsalmondelreal.com\/wp-content\/uploads\/2016\/03\/006-2013-Michoacan-Symphony-Orchestra.-Teatro-Ocampo-Morelia-Mich.-Mexico.-Photo-Ramon-Merino.jpg?w=385&#038;h=217&#038;ssl=1\" width=\"385\" height=\"217\" data-original-width=\"385\" data-original-height=\"217\" itemprop=\"http:\/\/schema.org\/image\" title=\"2013, Michoacan Symphony Orchestra. Teatro Ocampo, Morelia, Mich. Mexico. Photo, Ramon Merino\" alt=\"2013, Michoacan Symphony Orchestra. Teatro Ocampo, Morelia, Mich. Mexico. Photo, Ramon Merino\" style=\"width: 385px; height: 217px;\" \/> <\/a> <div class=\"tiled-gallery-caption\" itemprop=\"caption description\"> 2013, Michoacan Symphony Orchestra. Teatro Ocampo, Morelia, Mich. Mexico. Photo, Ramon Merino <\/div> <\/div> <div class=\"tiled-gallery-item tiled-gallery-item-large\" itemprop=\"associatedMedia\" itemscope itemtype=\"http:\/\/schema.org\/ImageObject\"> <a href=\"https:\/\/i2.wp.com\/miguelsalmondelreal.com\/wp-content\/uploads\/2016\/03\/071-2016-Xalapa-Symphony-Orchestra.-11-symphonic-miniatures-by-11-living-mexican-composers.-Sala-Tlaqna.-Xalapa-Veracruz-Mexico.-Photo-Luis-Fernando-Soni.jpg?ssl=1\" border=\"0\" itemprop=\"url\"> <meta itemprop=\"width\" content=\"385\"> <meta itemprop=\"height\" content=\"217\"> <img loading=\"lazy\" decoding=\"async\" data-attachment-id=\"486\" data-orig-file=\"https:\/\/miguelsalmondelreal.com\/wp-content\/uploads\/2016\/03\/071-2016-Xalapa-Symphony-Orchestra.-11-symphonic-miniatures-by-11-living-mexican-composers.-Sala-Tlaqna.-Xalapa-Veracruz-Mexico.-Photo-Luis-Fernando-Soni.jpg\" data-orig-size=\"2048,1152\" data-comments-opened=\"\" data-image-meta=\"{&quot;aperture&quot;:&quot;5.6&quot;,&quot;credit&quot;:&quot;&quot;,&quot;camera&quot;:&quot;CORPORATION&quot;,&quot;caption&quot;:&quot;&quot;,&quot;created_timestamp&quot;:&quot;1457127504&quot;,&quot;copyright&quot;:&quot;&quot;,&quot;focal_length&quot;:&quot;18&quot;,&quot;iso&quot;:&quot;2500&quot;,&quot;shutter_speed&quot;:&quot;0.00625&quot;,&quot;title&quot;:&quot;&quot;,&quot;orientation&quot;:&quot;1&quot;}\" data-image-title=\"2016, Xalapa Symphony Orchestra. 11 symphonic miniatures by 11 living mexican composers. Sala Tlaqna. Xalapa, Veracruz, Mexico. Photo, Luis Fernando Soni\" data-image-description=\"\" data-medium-file=\"https:\/\/i2.wp.com\/miguelsalmondelreal.com\/wp-content\/uploads\/2016\/03\/071-2016-Xalapa-Symphony-Orchestra.-11-symphonic-miniatures-by-11-living-mexican-composers.-Sala-Tlaqna.-Xalapa-Veracruz-Mexico.-Photo-Luis-Fernando-Soni.jpg?fit=300%2C169&#038;ssl=1\" data-large-file=\"https:\/\/i2.wp.com\/miguelsalmondelreal.com\/wp-content\/uploads\/2016\/03\/071-2016-Xalapa-Symphony-Orchestra.-11-symphonic-miniatures-by-11-living-mexican-composers.-Sala-Tlaqna.-Xalapa-Veracruz-Mexico.-Photo-Luis-Fernando-Soni.jpg?fit=1050%2C591&#038;ssl=1\" src=\"https:\/\/i2.wp.com\/miguelsalmondelreal.com\/wp-content\/uploads\/2016\/03\/071-2016-Xalapa-Symphony-Orchestra.-11-symphonic-miniatures-by-11-living-mexican-composers.-Sala-Tlaqna.-Xalapa-Veracruz-Mexico.-Photo-Luis-Fernando-Soni.jpg?w=385&#038;h=217&#038;ssl=1\" width=\"385\" height=\"217\" data-original-width=\"385\" data-original-height=\"217\" itemprop=\"http:\/\/schema.org\/image\" title=\"2016, Xalapa Symphony Orchestra. 11 symphonic miniatures by 11 living mexican composers. Sala Tlaqna. Xalapa, Veracruz, Mexico. Photo, Luis Fernando Soni\" alt=\"2016, Xalapa Symphony Orchestra. 11 symphonic miniatures by 11 living mexican composers. Sala Tlaqna. Xalapa, Veracruz, Mexico. Photo, Luis Fernando Soni\" style=\"width: 385px; height: 217px;\" \/> <\/a> <div class=\"tiled-gallery-caption\" itemprop=\"caption description\"> 2016, Xalapa Symphony Orchestra. 11 symphonic miniatures by 11 living mexican composers. Sala Tlaqna. Xalapa, Veracruz, Mexico. Photo, Luis Fernando Soni <\/div> <\/div> <\/div> <!-- close group --> <div class=\"gallery-group images-1\" style=\"width: 661px; height: 442px;\" data-original-width=\"661\" data-original-height=\"442\" > <div class=\"tiled-gallery-item tiled-gallery-item-large\" itemprop=\"associatedMedia\" itemscope itemtype=\"http:\/\/schema.org\/ImageObject\"> <a href=\"https:\/\/i0.wp.com\/miguelsalmondelreal.com\/wp-content\/uploads\/2021\/07\/00-MIGUEL_DEL_REAL_0279.jpg?ssl=1\" border=\"0\" itemprop=\"url\"> <meta itemprop=\"width\" content=\"657\"> <meta itemprop=\"height\" content=\"438\"> <img loading=\"lazy\" decoding=\"async\" data-attachment-id=\"782\" data-orig-file=\"https:\/\/miguelsalmondelreal.com\/wp-content\/uploads\/2021\/07\/00-MIGUEL_DEL_REAL_0279.jpg\" data-orig-size=\"3000,2000\" data-comments-opened=\"\" data-image-meta=\"{&quot;aperture&quot;:&quot;0&quot;,&quot;credit&quot;:&quot;&quot;,&quot;camera&quot;:&quot;&quot;,&quot;caption&quot;:&quot;&quot;,&quot;created_timestamp&quot;:&quot;0&quot;,&quot;copyright&quot;:&quot;&quot;,&quot;focal_length&quot;:&quot;0&quot;,&quot;iso&quot;:&quot;0&quot;,&quot;shutter_speed&quot;:&quot;0&quot;,&quot;title&quot;:&quot;&quot;,&quot;orientation&quot;:&quot;0&quot;}\" data-image-title=\"00 MIGUEL_DEL_REAL_0279\" data-image-description=\"\" data-medium-file=\"https:\/\/i0.wp.com\/miguelsalmondelreal.com\/wp-content\/uploads\/2021\/07\/00-MIGUEL_DEL_REAL_0279.jpg?fit=300%2C200&#038;ssl=1\" data-large-file=\"https:\/\/i0.wp.com\/miguelsalmondelreal.com\/wp-content\/uploads\/2021\/07\/00-MIGUEL_DEL_REAL_0279.jpg?fit=1050%2C700&#038;ssl=1\" src=\"https:\/\/i0.wp.com\/miguelsalmondelreal.com\/wp-content\/uploads\/2021\/07\/00-MIGUEL_DEL_REAL_0279.jpg?w=657&#038;h=438&#038;ssl=1\" width=\"657\" height=\"438\" data-original-width=\"657\" data-original-height=\"438\" itemprop=\"http:\/\/schema.org\/image\" title=\"00 MIGUEL_DEL_REAL_0279\" alt=\"00 MIGUEL_DEL_REAL_0279\" style=\"width: 657px; height: 438px;\" \/> <\/a> <\/div> <\/div> <!-- close group --> <\/div> <!-- close row --> <div class=\"gallery-row\" style=\"width: 1050px; height: 300px;\" data-original-width=\"1050\" data-original-height=\"300\" > <div class=\"gallery-group images-1\" style=\"width: 449px; height: 300px;\" data-original-width=\"449\" data-original-height=\"300\" > <div class=\"tiled-gallery-item tiled-gallery-item-large\" itemprop=\"associatedMedia\" itemscope itemtype=\"http:\/\/schema.org\/ImageObject\"> <a href=\"https:\/\/i1.wp.com\/miguelsalmondelreal.com\/wp-content\/uploads\/2016\/03\/056-2015-Jalisco-Philharmonic-Orchestra.-Photo-Marco-Ayala-1.jpg?ssl=1\" border=\"0\" itemprop=\"url\"> <meta itemprop=\"width\" content=\"445\"> <meta itemprop=\"height\" content=\"296\"> <img loading=\"lazy\" decoding=\"async\" data-attachment-id=\"472\" data-orig-file=\"https:\/\/miguelsalmondelreal.com\/wp-content\/uploads\/2016\/03\/056-2015-Jalisco-Philharmonic-Orchestra.-Photo-Marco-Ayala-1.jpg\" data-orig-size=\"2300,1533\" data-comments-opened=\"\" data-image-meta=\"{&quot;aperture&quot;:&quot;4.8&quot;,&quot;credit&quot;:&quot;&quot;,&quot;camera&quot;:&quot;NIKON D3100&quot;,&quot;caption&quot;:&quot;&quot;,&quot;created_timestamp&quot;:&quot;1429305285&quot;,&quot;copyright&quot;:&quot;&quot;,&quot;focal_length&quot;:&quot;116&quot;,&quot;iso&quot;:&quot;800&quot;,&quot;shutter_speed&quot;:&quot;0.0125&quot;,&quot;title&quot;:&quot;&quot;,&quot;orientation&quot;:&quot;1&quot;}\" data-image-title=\"2015, Jalisco Philharmonic Orchestra. Photo, Marco Ayala\" data-image-description=\"\" data-medium-file=\"https:\/\/i1.wp.com\/miguelsalmondelreal.com\/wp-content\/uploads\/2016\/03\/056-2015-Jalisco-Philharmonic-Orchestra.-Photo-Marco-Ayala-1.jpg?fit=300%2C200&#038;ssl=1\" data-large-file=\"https:\/\/i1.wp.com\/miguelsalmondelreal.com\/wp-content\/uploads\/2016\/03\/056-2015-Jalisco-Philharmonic-Orchestra.-Photo-Marco-Ayala-1.jpg?fit=1050%2C700&#038;ssl=1\" src=\"https:\/\/i1.wp.com\/miguelsalmondelreal.com\/wp-content\/uploads\/2016\/03\/056-2015-Jalisco-Philharmonic-Orchestra.-Photo-Marco-Ayala-1.jpg?w=445&#038;h=296&#038;ssl=1\" width=\"445\" height=\"296\" data-original-width=\"445\" data-original-height=\"296\" itemprop=\"http:\/\/schema.org\/image\" title=\"2015, Jalisco Philharmonic Orchestra. Photo, Marco Ayala\" alt=\"2015, Jalisco Philharmonic Orchestra. Photo, Marco Ayala\" style=\"width: 445px; height: 296px;\" \/> <\/a> <div class=\"tiled-gallery-caption\" itemprop=\"caption description\"> 2015, Jalisco Philharmonic Orchestra. Photo, Marco Ayala <\/div> <\/div> <\/div> <!-- close group --> <div class=\"gallery-group images-1\" style=\"width: 399px; height: 300px;\" data-original-width=\"399\" data-original-height=\"300\" > <div class=\"tiled-gallery-item tiled-gallery-item-large\" itemprop=\"associatedMedia\" itemscope itemtype=\"http:\/\/schema.org\/ImageObject\"> <a href=\"https:\/\/i2.wp.com\/miguelsalmondelreal.com\/wp-content\/uploads\/2021\/07\/MIGUEL_DEL_REAL_0454-e1627947954680.jpg?ssl=1\" border=\"0\" itemprop=\"url\"> <meta itemprop=\"width\" content=\"395\"> <meta itemprop=\"height\" content=\"296\"> <img loading=\"lazy\" decoding=\"async\" data-attachment-id=\"778\" data-orig-file=\"https:\/\/miguelsalmondelreal.com\/wp-content\/uploads\/2021\/07\/MIGUEL_DEL_REAL_0454-e1627947954680.jpg\" data-orig-size=\"2130,1597\" data-comments-opened=\"\" data-image-meta=\"{&quot;aperture&quot;:&quot;0&quot;,&quot;credit&quot;:&quot;&quot;,&quot;camera&quot;:&quot;&quot;,&quot;caption&quot;:&quot;&quot;,&quot;created_timestamp&quot;:&quot;0&quot;,&quot;copyright&quot;:&quot;&quot;,&quot;focal_length&quot;:&quot;0&quot;,&quot;iso&quot;:&quot;0&quot;,&quot;shutter_speed&quot;:&quot;0&quot;,&quot;title&quot;:&quot;&quot;,&quot;orientation&quot;:&quot;0&quot;}\" data-image-title=\"MIGUEL_DEL_REAL_0454\" data-image-description=\"\" data-medium-file=\"https:\/\/i2.wp.com\/miguelsalmondelreal.com\/wp-content\/uploads\/2021\/07\/MIGUEL_DEL_REAL_0454-e1627947954680.jpg?fit=300%2C225&#038;ssl=1\" data-large-file=\"https:\/\/i2.wp.com\/miguelsalmondelreal.com\/wp-content\/uploads\/2021\/07\/MIGUEL_DEL_REAL_0454-e1627947954680.jpg?fit=1050%2C787&#038;ssl=1\" src=\"https:\/\/i2.wp.com\/miguelsalmondelreal.com\/wp-content\/uploads\/2021\/07\/MIGUEL_DEL_REAL_0454-e1627947954680.jpg?w=395&#038;h=296&#038;ssl=1\" width=\"395\" height=\"296\" data-original-width=\"395\" data-original-height=\"296\" itemprop=\"http:\/\/schema.org\/image\" title=\"MIGUEL_DEL_REAL_0454\" alt=\"MIGUEL_DEL_REAL_0454\" style=\"width: 395px; height: 296px;\" \/> <\/a> <\/div> <\/div> <!-- close group --> <div class=\"gallery-group images-1\" style=\"width: 202px; height: 300px;\" data-original-width=\"202\" data-original-height=\"300\" > <div class=\"tiled-gallery-item tiled-gallery-item-small\" itemprop=\"associatedMedia\" itemscope itemtype=\"http:\/\/schema.org\/ImageObject\"> <a href=\"https:\/\/i2.wp.com\/miguelsalmondelreal.com\/wp-content\/uploads\/2016\/03\/032-2013-Michoacan-Symphony-Orchestra.-Teatro-Ocampo-Morelia-Mich.-Mexico-1.jpg?ssl=1\" border=\"0\" itemprop=\"url\"> <meta itemprop=\"width\" content=\"198\"> <meta itemprop=\"height\" content=\"296\"> <img loading=\"lazy\" decoding=\"async\" data-attachment-id=\"449\" data-orig-file=\"https:\/\/miguelsalmondelreal.com\/wp-content\/uploads\/2016\/03\/032-2013-Michoacan-Symphony-Orchestra.-Teatro-Ocampo-Morelia-Mich.-Mexico-1.jpg\" data-orig-size=\"3163,4724\" data-comments-opened=\"\" data-image-meta=\"{&quot;aperture&quot;:&quot;5.6&quot;,&quot;credit&quot;:&quot;&quot;,&quot;camera&quot;:&quot;DSLR-A100&quot;,&quot;caption&quot;:&quot;SONY DSC&quot;,&quot;created_timestamp&quot;:&quot;1354336014&quot;,&quot;copyright&quot;:&quot;&quot;,&quot;focal_length&quot;:&quot;60&quot;,&quot;iso&quot;:&quot;1600&quot;,&quot;shutter_speed&quot;:&quot;0.0125&quot;,&quot;title&quot;:&quot;32&quot;,&quot;orientation&quot;:&quot;1&quot;}\" data-image-title=\"2013, Michoacan Symphony Orchestra. Teatro Ocampo, Morelia, Mich., Mexico\" data-image-description=\"\" data-medium-file=\"https:\/\/i2.wp.com\/miguelsalmondelreal.com\/wp-content\/uploads\/2016\/03\/032-2013-Michoacan-Symphony-Orchestra.-Teatro-Ocampo-Morelia-Mich.-Mexico-1.jpg?fit=201%2C300&#038;ssl=1\" data-large-file=\"https:\/\/i2.wp.com\/miguelsalmondelreal.com\/wp-content\/uploads\/2016\/03\/032-2013-Michoacan-Symphony-Orchestra.-Teatro-Ocampo-Morelia-Mich.-Mexico-1.jpg?fit=803%2C1200&#038;ssl=1\" src=\"https:\/\/i2.wp.com\/miguelsalmondelreal.com\/wp-content\/uploads\/2016\/03\/032-2013-Michoacan-Symphony-Orchestra.-Teatro-Ocampo-Morelia-Mich.-Mexico-1.jpg?w=198&#038;h=296&#038;ssl=1\" width=\"198\" height=\"296\" data-original-width=\"198\" data-original-height=\"296\" itemprop=\"http:\/\/schema.org\/image\" title=\"2013, Michoacan Symphony Orchestra. Teatro Ocampo, Morelia, Mich., Mexico\" alt=\"2013, Michoacan Symphony Orchestra. Teatro Ocampo, Morelia, Mich., Mexico\" style=\"width: 198px; height: 296px;\" \/> <\/a> <div class=\"tiled-gallery-caption\" itemprop=\"caption description\"> 2013, Michoacan Symphony Orchestra. Teatro Ocampo, Morelia, Mich., Mexico <\/div> <\/div> <\/div> <!-- close group --> <\/div> <!-- close row --> <div class=\"gallery-row\" style=\"width: 1050px; height: 225px;\" data-original-width=\"1050\" data-original-height=\"225\" > <div class=\"gallery-group images-1\" style=\"width: 298px; height: 225px;\" data-original-width=\"298\" data-original-height=\"225\" > <div class=\"tiled-gallery-item tiled-gallery-item-large\" itemprop=\"associatedMedia\" itemscope itemtype=\"http:\/\/schema.org\/ImageObject\"> <a href=\"https:\/\/i2.wp.com\/miguelsalmondelreal.com\/wp-content\/uploads\/2016\/03\/019-2014-Michoacan-Symphony-Orchestra.-Teatro-Morelos-Morelia-Mich.-Mexico.-Photo-Ramon-Merino.jpg?ssl=1\" border=\"0\" itemprop=\"url\"> <meta itemprop=\"width\" content=\"294\"> <meta itemprop=\"height\" content=\"221\"> <img loading=\"lazy\" decoding=\"async\" data-attachment-id=\"436\" data-orig-file=\"https:\/\/miguelsalmondelreal.com\/wp-content\/uploads\/2016\/03\/019-2014-Michoacan-Symphony-Orchestra.-Teatro-Morelos-Morelia-Mich.-Mexico.-Photo-Ramon-Merino.jpg\" data-orig-size=\"4724,3543\" data-comments-opened=\"\" data-image-meta=\"{&quot;aperture&quot;:&quot;0&quot;,&quot;credit&quot;:&quot;&quot;,&quot;camera&quot;:&quot;&quot;,&quot;caption&quot;:&quot;&quot;,&quot;created_timestamp&quot;:&quot;1408866402&quot;,&quot;copyright&quot;:&quot;&quot;,&quot;focal_length&quot;:&quot;0&quot;,&quot;iso&quot;:&quot;0&quot;,&quot;shutter_speed&quot;:&quot;0&quot;,&quot;title&quot;:&quot;19&quot;,&quot;orientation&quot;:&quot;1&quot;}\" data-image-title=\"2014, Michoacan Symphony Orchestra. Teatro Morelos, Morelia, Mich., Mexico. Photo, Ramon Merino\" data-image-description=\"\" data-medium-file=\"https:\/\/i2.wp.com\/miguelsalmondelreal.com\/wp-content\/uploads\/2016\/03\/019-2014-Michoacan-Symphony-Orchestra.-Teatro-Morelos-Morelia-Mich.-Mexico.-Photo-Ramon-Merino.jpg?fit=300%2C225&#038;ssl=1\" data-large-file=\"https:\/\/i2.wp.com\/miguelsalmondelreal.com\/wp-content\/uploads\/2016\/03\/019-2014-Michoacan-Symphony-Orchestra.-Teatro-Morelos-Morelia-Mich.-Mexico.-Photo-Ramon-Merino.jpg?fit=1050%2C788&#038;ssl=1\" src=\"https:\/\/i2.wp.com\/miguelsalmondelreal.com\/wp-content\/uploads\/2016\/03\/019-2014-Michoacan-Symphony-Orchestra.-Teatro-Morelos-Morelia-Mich.-Mexico.-Photo-Ramon-Merino.jpg?w=294&#038;h=221&#038;ssl=1\" width=\"294\" height=\"221\" data-original-width=\"294\" data-original-height=\"221\" itemprop=\"http:\/\/schema.org\/image\" title=\"2014, Michoacan Symphony Orchestra. Teatro Morelos, Morelia, Mich., Mexico. Photo, Ramon Merino\" alt=\"2014, Michoacan Symphony Orchestra. Teatro Morelos, Morelia, Mich., Mexico. Photo, Ramon Merino\" style=\"width: 294px; height: 221px;\" \/> <\/a> <div class=\"tiled-gallery-caption\" itemprop=\"caption description\"> 2014, Michoacan Symphony Orchestra. Teatro Morelos, Morelia, Mich., Mexico. Photo, Ramon Merino <\/div> <\/div> <\/div> <!-- close group --> <div class=\"gallery-group images-1\" style=\"width: 152px; height: 225px;\" data-original-width=\"152\" data-original-height=\"225\" > <div class=\"tiled-gallery-item tiled-gallery-item-small\" itemprop=\"associatedMedia\" itemscope itemtype=\"http:\/\/schema.org\/ImageObject\"> <a href=\"https:\/\/i2.wp.com\/miguelsalmondelreal.com\/wp-content\/uploads\/2016\/03\/030-On-new-music-being-premiered.-Michoacan-Symphony-Orchestra.-Photo-Ramon-Merino.jpg?ssl=1\" border=\"0\" itemprop=\"url\"> <meta itemprop=\"width\" content=\"148\"> <meta itemprop=\"height\" content=\"221\"> <img loading=\"lazy\" decoding=\"async\" data-attachment-id=\"447\" data-orig-file=\"https:\/\/miguelsalmondelreal.com\/wp-content\/uploads\/2016\/03\/030-On-new-music-being-premiered.-Michoacan-Symphony-Orchestra.-Photo-Ramon-Merino.jpg\" data-orig-size=\"2372,3543\" data-comments-opened=\"\" data-image-meta=\"{&quot;aperture&quot;:&quot;0&quot;,&quot;credit&quot;:&quot;&quot;,&quot;camera&quot;:&quot;&quot;,&quot;caption&quot;:&quot;&quot;,&quot;created_timestamp&quot;:&quot;0&quot;,&quot;copyright&quot;:&quot;&quot;,&quot;focal_length&quot;:&quot;0&quot;,&quot;iso&quot;:&quot;0&quot;,&quot;shutter_speed&quot;:&quot;0&quot;,&quot;title&quot;:&quot;&quot;,&quot;orientation&quot;:&quot;1&quot;}\" data-image-title=\"On new music being premiered. Michoacan Symphony Orchestra. Photo, Ramon Merino\" data-image-description=\"\" data-medium-file=\"https:\/\/i2.wp.com\/miguelsalmondelreal.com\/wp-content\/uploads\/2016\/03\/030-On-new-music-being-premiered.-Michoacan-Symphony-Orchestra.-Photo-Ramon-Merino.jpg?fit=201%2C300&#038;ssl=1\" data-large-file=\"https:\/\/i2.wp.com\/miguelsalmondelreal.com\/wp-content\/uploads\/2016\/03\/030-On-new-music-being-premiered.-Michoacan-Symphony-Orchestra.-Photo-Ramon-Merino.jpg?fit=803%2C1200&#038;ssl=1\" src=\"https:\/\/i2.wp.com\/miguelsalmondelreal.com\/wp-content\/uploads\/2016\/03\/030-On-new-music-being-premiered.-Michoacan-Symphony-Orchestra.-Photo-Ramon-Merino.jpg?w=148&#038;h=221&#038;ssl=1\" width=\"148\" height=\"221\" data-original-width=\"148\" data-original-height=\"221\" itemprop=\"http:\/\/schema.org\/image\" title=\"On new music being premiered. Michoacan Symphony Orchestra. Photo, Ramon Merino\" alt=\"On new music being premiered. Michoacan Symphony Orchestra. Photo, Ramon Merino\" style=\"width: 148px; height: 221px;\" \/> <\/a> <div class=\"tiled-gallery-caption\" itemprop=\"caption description\"> On new music being premiered. Michoacan Symphony Orchestra. Photo, Ramon Merino <\/div> <\/div> <\/div> <!-- close group --> <div class=\"gallery-group images-1\" style=\"width: 151px; height: 225px;\" data-original-width=\"151\" data-original-height=\"225\" > <div class=\"tiled-gallery-item tiled-gallery-item-small\" itemprop=\"associatedMedia\" itemscope itemtype=\"http:\/\/schema.org\/ImageObject\"> <a href=\"https:\/\/i1.wp.com\/miguelsalmondelreal.com\/wp-content\/uploads\/2016\/03\/057-2015.-Stabat-Mater-Dvorak.-Gabriela-Herrera-Nieves-Navarro-Carlos-Galvan-Octavio-Perez-Photo-Ramon-Merino.jpg?ssl=1\" border=\"0\" itemprop=\"url\"> <meta itemprop=\"width\" content=\"147\"> <meta itemprop=\"height\" content=\"221\"> <img loading=\"lazy\" decoding=\"async\" data-attachment-id=\"473\" data-orig-file=\"https:\/\/miguelsalmondelreal.com\/wp-content\/uploads\/2016\/03\/057-2015.-Stabat-Mater-Dvorak.-Gabriela-Herrera-Nieves-Navarro-Carlos-Galvan-Octavio-Perez-Photo-Ramon-Merino.jpg\" data-orig-size=\"3145,4724\" data-comments-opened=\"\" data-image-meta=\"{&quot;aperture&quot;:&quot;0&quot;,&quot;credit&quot;:&quot;&quot;,&quot;camera&quot;:&quot;&quot;,&quot;caption&quot;:&quot;&quot;,&quot;created_timestamp&quot;:&quot;1427623089&quot;,&quot;copyright&quot;:&quot;&quot;,&quot;focal_length&quot;:&quot;0&quot;,&quot;iso&quot;:&quot;0&quot;,&quot;shutter_speed&quot;:&quot;0&quot;,&quot;title&quot;:&quot;57&quot;,&quot;orientation&quot;:&quot;1&quot;}\" data-image-title=\"2015. Stabat Mater Dvorak. Gabriela Herrera, Nieves Navarro, Carlos Galvan, Octavio Perez, Photo, Ramon Merino\" data-image-description=\"\" data-medium-file=\"https:\/\/i1.wp.com\/miguelsalmondelreal.com\/wp-content\/uploads\/2016\/03\/057-2015.-Stabat-Mater-Dvorak.-Gabriela-Herrera-Nieves-Navarro-Carlos-Galvan-Octavio-Perez-Photo-Ramon-Merino.jpg?fit=200%2C300&#038;ssl=1\" data-large-file=\"https:\/\/i1.wp.com\/miguelsalmondelreal.com\/wp-content\/uploads\/2016\/03\/057-2015.-Stabat-Mater-Dvorak.-Gabriela-Herrera-Nieves-Navarro-Carlos-Galvan-Octavio-Perez-Photo-Ramon-Merino.jpg?fit=799%2C1200&#038;ssl=1\" src=\"https:\/\/i1.wp.com\/miguelsalmondelreal.com\/wp-content\/uploads\/2016\/03\/057-2015.-Stabat-Mater-Dvorak.-Gabriela-Herrera-Nieves-Navarro-Carlos-Galvan-Octavio-Perez-Photo-Ramon-Merino.jpg?w=147&#038;h=221&#038;ssl=1\" width=\"147\" height=\"221\" data-original-width=\"147\" data-original-height=\"221\" itemprop=\"http:\/\/schema.org\/image\" title=\"2015. Stabat Mater Dvorak. Gabriela Herrera, Nieves Navarro, Carlos Galvan, Octavio Perez, Photo, Ramon Merino\" alt=\"2015. Stabat Mater Dvorak. Gabriela Herrera, Nieves Navarro, Carlos Galvan, Octavio Perez, Photo, Ramon Merino\" style=\"width: 147px; height: 221px;\" \/> <\/a> <div class=\"tiled-gallery-caption\" itemprop=\"caption description\"> 2015. Stabat Mater Dvorak. Gabriela Herrera, Nieves Navarro, Carlos Galvan, Octavio Perez, Photo, Ramon Merino <\/div> <\/div> <\/div> <!-- close group --> <div class=\"gallery-group images-1\" style=\"width: 298px; height: 225px;\" data-original-width=\"298\" data-original-height=\"225\" > <div class=\"tiled-gallery-item tiled-gallery-item-large\" itemprop=\"associatedMedia\" itemscope itemtype=\"http:\/\/schema.org\/ImageObject\"> <a href=\"https:\/\/i1.wp.com\/miguelsalmondelreal.com\/wp-content\/uploads\/2016\/03\/025-2014-A-German-Requiem-Brahms.-Michoacan-Symphony-Orchestra.-Photo-Ramon-Merino.jpg?ssl=1\" border=\"0\" itemprop=\"url\"> <meta itemprop=\"width\" content=\"294\"> <meta itemprop=\"height\" content=\"221\"> <img loading=\"lazy\" decoding=\"async\" data-attachment-id=\"442\" data-orig-file=\"https:\/\/miguelsalmondelreal.com\/wp-content\/uploads\/2016\/03\/025-2014-A-German-Requiem-Brahms.-Michoacan-Symphony-Orchestra.-Photo-Ramon-Merino.jpg\" data-orig-size=\"4724,3543\" data-comments-opened=\"\" data-image-meta=\"{&quot;aperture&quot;:&quot;0&quot;,&quot;credit&quot;:&quot;&quot;,&quot;camera&quot;:&quot;&quot;,&quot;caption&quot;:&quot;&quot;,&quot;created_timestamp&quot;:&quot;1383283602&quot;,&quot;copyright&quot;:&quot;&quot;,&quot;focal_length&quot;:&quot;0&quot;,&quot;iso&quot;:&quot;0&quot;,&quot;shutter_speed&quot;:&quot;0&quot;,&quot;title&quot;:&quot;25&quot;,&quot;orientation&quot;:&quot;1&quot;}\" data-image-title=\"2014, A German Requiem Brahms. Michoacan Symphony Orchestra. Photo, Ramon Merino\" data-image-description=\"\" data-medium-file=\"https:\/\/i1.wp.com\/miguelsalmondelreal.com\/wp-content\/uploads\/2016\/03\/025-2014-A-German-Requiem-Brahms.-Michoacan-Symphony-Orchestra.-Photo-Ramon-Merino.jpg?fit=300%2C225&#038;ssl=1\" data-large-file=\"https:\/\/i1.wp.com\/miguelsalmondelreal.com\/wp-content\/uploads\/2016\/03\/025-2014-A-German-Requiem-Brahms.-Michoacan-Symphony-Orchestra.-Photo-Ramon-Merino.jpg?fit=1050%2C788&#038;ssl=1\" src=\"https:\/\/i1.wp.com\/miguelsalmondelreal.com\/wp-content\/uploads\/2016\/03\/025-2014-A-German-Requiem-Brahms.-Michoacan-Symphony-Orchestra.-Photo-Ramon-Merino.jpg?w=294&#038;h=221&#038;ssl=1\" width=\"294\" height=\"221\" data-original-width=\"294\" data-original-height=\"221\" itemprop=\"http:\/\/schema.org\/image\" title=\"2014, A German Requiem Brahms. Michoacan Symphony Orchestra. Photo, Ramon Merino\" alt=\"2014, A German Requiem Brahms. Michoacan Symphony Orchestra. Photo, Ramon Merino\" style=\"width: 294px; height: 221px;\" \/> <\/a> <div class=\"tiled-gallery-caption\" itemprop=\"caption description\"> 2014, A German Requiem Brahms. Michoacan Symphony Orchestra. Photo, Ramon Merino <\/div> <\/div> <\/div> <!-- close group --> <div class=\"gallery-group images-1\" style=\"width: 151px; height: 225px;\" data-original-width=\"151\" data-original-height=\"225\" > <div class=\"tiled-gallery-item tiled-gallery-item-small\" itemprop=\"associatedMedia\" itemscope itemtype=\"http:\/\/schema.org\/ImageObject\"> <a href=\"https:\/\/i0.wp.com\/miguelsalmondelreal.com\/wp-content\/uploads\/2021\/07\/miguel1_1.jpg?ssl=1\" border=\"0\" itemprop=\"url\"> <meta itemprop=\"width\" content=\"147\"> <meta itemprop=\"height\" content=\"221\"> <img loading=\"lazy\" decoding=\"async\" data-attachment-id=\"796\" data-orig-file=\"https:\/\/miguelsalmondelreal.com\/wp-content\/uploads\/2021\/07\/miguel1_1.jpg\" data-orig-size=\"1398,2096\" data-comments-opened=\"\" data-image-meta=\"{&quot;aperture&quot;:&quot;0&quot;,&quot;credit&quot;:&quot;&quot;,&quot;camera&quot;:&quot;&quot;,&quot;caption&quot;:&quot;&quot;,&quot;created_timestamp&quot;:&quot;0&quot;,&quot;copyright&quot;:&quot;&quot;,&quot;focal_length&quot;:&quot;0&quot;,&quot;iso&quot;:&quot;0&quot;,&quot;shutter_speed&quot;:&quot;0&quot;,&quot;title&quot;:&quot;&quot;,&quot;orientation&quot;:&quot;1&quot;}\" data-image-title=\"miguel1_1\" data-image-description=\"\" data-medium-file=\"https:\/\/i0.wp.com\/miguelsalmondelreal.com\/wp-content\/uploads\/2021\/07\/miguel1_1.jpg?fit=200%2C300&#038;ssl=1\" data-large-file=\"https:\/\/i0.wp.com\/miguelsalmondelreal.com\/wp-content\/uploads\/2021\/07\/miguel1_1.jpg?fit=800%2C1200&#038;ssl=1\" src=\"https:\/\/i0.wp.com\/miguelsalmondelreal.com\/wp-content\/uploads\/2021\/07\/miguel1_1.jpg?w=147&#038;h=221&#038;ssl=1\" width=\"147\" height=\"221\" data-original-width=\"147\" data-original-height=\"221\" itemprop=\"http:\/\/schema.org\/image\" title=\"miguel1_1\" alt=\"miguel1_1\" style=\"width: 147px; height: 221px;\" \/> <\/a> <\/div> <\/div> <!-- close group --> <\/div> <!-- close row --> <div class=\"gallery-row\" style=\"width: 1050px; height: 464px;\" data-original-width=\"1050\" data-original-height=\"464\" > <div class=\"gallery-group images-1\" style=\"width: 694px; height: 464px;\" data-original-width=\"694\" data-original-height=\"464\" > <div class=\"tiled-gallery-item tiled-gallery-item-large\" itemprop=\"associatedMedia\" itemscope itemtype=\"http:\/\/schema.org\/ImageObject\"> <a href=\"https:\/\/i1.wp.com\/miguelsalmondelreal.com\/wp-content\/uploads\/2021\/07\/GI8A8745-Editar.jpg?ssl=1\" border=\"0\" itemprop=\"url\"> <meta itemprop=\"width\" content=\"690\"> <meta itemprop=\"height\" content=\"460\"> <img loading=\"lazy\" decoding=\"async\" data-attachment-id=\"794\" data-orig-file=\"https:\/\/miguelsalmondelreal.com\/wp-content\/uploads\/2021\/07\/GI8A8745-Editar.jpg\" data-orig-size=\"3000,2000\" data-comments-opened=\"\" data-image-meta=\"{&quot;aperture&quot;:&quot;0&quot;,&quot;credit&quot;:&quot;&quot;,&quot;camera&quot;:&quot;&quot;,&quot;caption&quot;:&quot;&quot;,&quot;created_timestamp&quot;:&quot;0&quot;,&quot;copyright&quot;:&quot;&quot;,&quot;focal_length&quot;:&quot;0&quot;,&quot;iso&quot;:&quot;0&quot;,&quot;shutter_speed&quot;:&quot;0&quot;,&quot;title&quot;:&quot;&quot;,&quot;orientation&quot;:&quot;0&quot;}\" data-image-title=\"GI8A8745-Editar\" data-image-description=\"\" data-medium-file=\"https:\/\/i1.wp.com\/miguelsalmondelreal.com\/wp-content\/uploads\/2021\/07\/GI8A8745-Editar.jpg?fit=300%2C200&#038;ssl=1\" data-large-file=\"https:\/\/i1.wp.com\/miguelsalmondelreal.com\/wp-content\/uploads\/2021\/07\/GI8A8745-Editar.jpg?fit=1050%2C700&#038;ssl=1\" src=\"https:\/\/i1.wp.com\/miguelsalmondelreal.com\/wp-content\/uploads\/2021\/07\/GI8A8745-Editar.jpg?w=690&#038;h=460&#038;ssl=1\" width=\"690\" height=\"460\" data-original-width=\"690\" data-original-height=\"460\" itemprop=\"http:\/\/schema.org\/image\" title=\"GI8A8745-Editar\" alt=\"GI8A8745-Editar\" style=\"width: 690px; height: 460px;\" \/> <\/a> <\/div> <\/div> <!-- close group --> <div class=\"gallery-group images-2\" style=\"width: 356px; height: 464px;\" data-original-width=\"356\" data-original-height=\"464\" > <div class=\"tiled-gallery-item tiled-gallery-item-large\" itemprop=\"associatedMedia\" itemscope itemtype=\"http:\/\/schema.org\/ImageObject\"> <a href=\"https:\/\/i2.wp.com\/miguelsalmondelreal.com\/wp-content\/uploads\/2016\/03\/027-2013-Michoacan-Symphony-Orchestra.-Photo-Ramon-Merino.jpg?ssl=1\" border=\"0\" itemprop=\"url\"> <meta itemprop=\"width\" content=\"352\"> <meta itemprop=\"height\" content=\"236\"> <img loading=\"lazy\" decoding=\"async\" data-attachment-id=\"444\" data-orig-file=\"https:\/\/miguelsalmondelreal.com\/wp-content\/uploads\/2016\/03\/027-2013-Michoacan-Symphony-Orchestra.-Photo-Ramon-Merino.jpg\" data-orig-size=\"4724,3163\" data-comments-opened=\"\" data-image-meta=\"{&quot;aperture&quot;:&quot;0&quot;,&quot;credit&quot;:&quot;&quot;,&quot;camera&quot;:&quot;&quot;,&quot;caption&quot;:&quot;&quot;,&quot;created_timestamp&quot;:&quot;1386008907&quot;,&quot;copyright&quot;:&quot;&quot;,&quot;focal_length&quot;:&quot;0&quot;,&quot;iso&quot;:&quot;0&quot;,&quot;shutter_speed&quot;:&quot;0&quot;,&quot;title&quot;:&quot;27&quot;,&quot;orientation&quot;:&quot;1&quot;}\" data-image-title=\"2013, Michoacan Symphony Orchestra. Photo, Ramon Merino\" data-image-description=\"\" data-medium-file=\"https:\/\/i2.wp.com\/miguelsalmondelreal.com\/wp-content\/uploads\/2016\/03\/027-2013-Michoacan-Symphony-Orchestra.-Photo-Ramon-Merino.jpg?fit=300%2C201&#038;ssl=1\" data-large-file=\"https:\/\/i2.wp.com\/miguelsalmondelreal.com\/wp-content\/uploads\/2016\/03\/027-2013-Michoacan-Symphony-Orchestra.-Photo-Ramon-Merino.jpg?fit=1050%2C703&#038;ssl=1\" src=\"https:\/\/i2.wp.com\/miguelsalmondelreal.com\/wp-content\/uploads\/2016\/03\/027-2013-Michoacan-Symphony-Orchestra.-Photo-Ramon-Merino.jpg?w=352&#038;h=236&#038;ssl=1\" width=\"352\" height=\"236\" data-original-width=\"352\" data-original-height=\"236\" itemprop=\"http:\/\/schema.org\/image\" title=\"2013, Michoacan Symphony Orchestra. Photo, Ramon Merino\" alt=\"2013, Michoacan Symphony Orchestra. Photo, Ramon Merino\" style=\"width: 352px; height: 236px;\" \/> <\/a> <div class=\"tiled-gallery-caption\" itemprop=\"caption description\"> 2013, Michoacan Symphony Orchestra. Photo, Ramon Merino <\/div> <\/div> <div class=\"tiled-gallery-item tiled-gallery-item-large\" itemprop=\"associatedMedia\" itemscope itemtype=\"http:\/\/schema.org\/ImageObject\"> <a href=\"https:\/\/i0.wp.com\/miguelsalmondelreal.com\/wp-content\/uploads\/2016\/03\/045-2014-In-Germany-with-the-Trier-Philarmonic-Orchestra.-On-Dvoraks-8th-Symphony.jpg?ssl=1\" border=\"0\" itemprop=\"url\"> <meta itemprop=\"width\" content=\"352\"> <meta itemprop=\"height\" content=\"220\"> <img loading=\"lazy\" decoding=\"async\" data-attachment-id=\"462\" data-orig-file=\"https:\/\/miguelsalmondelreal.com\/wp-content\/uploads\/2016\/03\/045-2014-In-Germany-with-the-Trier-Philarmonic-Orchestra.-On-Dvoraks-8th-Symphony.jpg\" data-orig-size=\"4409,2750\" data-comments-opened=\"\" data-image-meta=\"{&quot;aperture&quot;:&quot;2.2&quot;,&quot;credit&quot;:&quot;&quot;,&quot;camera&quot;:&quot;SM-G900M&quot;,&quot;caption&quot;:&quot;&quot;,&quot;created_timestamp&quot;:&quot;1414102309&quot;,&quot;copyright&quot;:&quot;&quot;,&quot;focal_length&quot;:&quot;4.8&quot;,&quot;iso&quot;:&quot;500&quot;,&quot;shutter_speed&quot;:&quot;0.0333333333333&quot;,&quot;title&quot;:&quot;45&quot;,&quot;orientation&quot;:&quot;1&quot;}\" data-image-title=\"2014, In Germany, with the Trier Philarmonic Orchestra. On Dvoraks 8th Symphony\" data-image-description=\"\" data-medium-file=\"https:\/\/i0.wp.com\/miguelsalmondelreal.com\/wp-content\/uploads\/2016\/03\/045-2014-In-Germany-with-the-Trier-Philarmonic-Orchestra.-On-Dvoraks-8th-Symphony.jpg?fit=300%2C187&#038;ssl=1\" data-large-file=\"https:\/\/i0.wp.com\/miguelsalmondelreal.com\/wp-content\/uploads\/2016\/03\/045-2014-In-Germany-with-the-Trier-Philarmonic-Orchestra.-On-Dvoraks-8th-Symphony.jpg?fit=1050%2C655&#038;ssl=1\" src=\"https:\/\/i0.wp.com\/miguelsalmondelreal.com\/wp-content\/uploads\/2016\/03\/045-2014-In-Germany-with-the-Trier-Philarmonic-Orchestra.-On-Dvoraks-8th-Symphony.jpg?w=352&#038;h=220&#038;ssl=1\" width=\"352\" height=\"220\" data-original-width=\"352\" data-original-height=\"220\" itemprop=\"http:\/\/schema.org\/image\" title=\"2014, In Germany, with the Trier Philarmonic Orchestra. On Dvoraks 8th Symphony\" alt=\"2014, In Germany, with the Trier Philarmonic Orchestra. On Dvoraks 8th Symphony\" style=\"width: 352px; height: 220px;\" \/> <\/a> <div class=\"tiled-gallery-caption\" itemprop=\"caption description\"> 2014, In Germany, with the Trier Philarmonic Orchestra. On Dvoraks 8th Symphony <\/div> <\/div> <\/div> <!-- close group --> <\/div> <!-- close row --> <div class=\"gallery-row\" style=\"width: 1050px; height: 818px;\" data-original-width=\"1050\" data-original-height=\"818\" > <div class=\"gallery-group images-2\" style=\"width: 505px; height: 818px;\" data-original-width=\"505\" data-original-height=\"818\" > <div class=\"tiled-gallery-item tiled-gallery-item-large\" itemprop=\"associatedMedia\" itemscope itemtype=\"http:\/\/schema.org\/ImageObject\"> <a href=\"https:\/\/i1.wp.com\/miguelsalmondelreal.com\/wp-content\/uploads\/2016\/03\/018-2013-Michoacan-Symphony-Orchestra.-Teatro-Ocampo-Morelia-Mich.-Mexico-1.jpg?ssl=1\" border=\"0\" itemprop=\"url\"> <meta itemprop=\"width\" content=\"501\"> <meta itemprop=\"height\" content=\"336\"> <img loading=\"lazy\" decoding=\"async\" data-attachment-id=\"435\" data-orig-file=\"https:\/\/miguelsalmondelreal.com\/wp-content\/uploads\/2016\/03\/018-2013-Michoacan-Symphony-Orchestra.-Teatro-Ocampo-Morelia-Mich.-Mexico-1.jpg\" data-orig-size=\"3872,2592\" data-comments-opened=\"\" data-image-meta=\"{&quot;aperture&quot;:&quot;0&quot;,&quot;credit&quot;:&quot;&quot;,&quot;camera&quot;:&quot;&quot;,&quot;caption&quot;:&quot;&quot;,&quot;created_timestamp&quot;:&quot;1380341454&quot;,&quot;copyright&quot;:&quot;&quot;,&quot;focal_length&quot;:&quot;0&quot;,&quot;iso&quot;:&quot;0&quot;,&quot;shutter_speed&quot;:&quot;0&quot;,&quot;title&quot;:&quot;18&quot;,&quot;orientation&quot;:&quot;1&quot;}\" data-image-title=\"2013, Michoacan Symphony Orchestra. Teatro Ocampo, Morelia, Mich., Mexico\" data-image-description=\"\" data-medium-file=\"https:\/\/i1.wp.com\/miguelsalmondelreal.com\/wp-content\/uploads\/2016\/03\/018-2013-Michoacan-Symphony-Orchestra.-Teatro-Ocampo-Morelia-Mich.-Mexico-1.jpg?fit=300%2C201&#038;ssl=1\" data-large-file=\"https:\/\/i1.wp.com\/miguelsalmondelreal.com\/wp-content\/uploads\/2016\/03\/018-2013-Michoacan-Symphony-Orchestra.-Teatro-Ocampo-Morelia-Mich.-Mexico-1.jpg?fit=1050%2C703&#038;ssl=1\" src=\"https:\/\/i1.wp.com\/miguelsalmondelreal.com\/wp-content\/uploads\/2016\/03\/018-2013-Michoacan-Symphony-Orchestra.-Teatro-Ocampo-Morelia-Mich.-Mexico-1.jpg?w=501&#038;h=336&#038;ssl=1\" width=\"501\" height=\"336\" data-original-width=\"501\" data-original-height=\"336\" itemprop=\"http:\/\/schema.org\/image\" title=\"2013, Michoacan Symphony Orchestra. Teatro Ocampo, Morelia, Mich., Mexico\" alt=\"2013, Michoacan Symphony Orchestra. Teatro Ocampo, Morelia, Mich., Mexico\" style=\"width: 501px; height: 336px;\" \/> <\/a> <div class=\"tiled-gallery-caption\" itemprop=\"caption description\"> 2013, Michoacan Symphony Orchestra. Teatro Ocampo, Morelia, Mich., Mexico <\/div> <\/div> <div class=\"tiled-gallery-item tiled-gallery-item-large\" itemprop=\"associatedMedia\" itemscope itemtype=\"http:\/\/schema.org\/ImageObject\"> <a href=\"https:\/\/i1.wp.com\/miguelsalmondelreal.com\/wp-content\/uploads\/2021\/07\/MIGUEL_DEL_REAL_9503-e1627948610861.jpg?ssl=1\" border=\"0\" itemprop=\"url\"> <meta itemprop=\"width\" content=\"501\"> <meta itemprop=\"height\" content=\"474\"> <img loading=\"lazy\" decoding=\"async\" data-attachment-id=\"783\" data-orig-file=\"https:\/\/miguelsalmondelreal.com\/wp-content\/uploads\/2021\/07\/MIGUEL_DEL_REAL_9503-e1627948610861.jpg\" data-orig-size=\"2115,2002\" data-comments-opened=\"\" data-image-meta=\"{&quot;aperture&quot;:&quot;0&quot;,&quot;credit&quot;:&quot;&quot;,&quot;camera&quot;:&quot;&quot;,&quot;caption&quot;:&quot;&quot;,&quot;created_timestamp&quot;:&quot;0&quot;,&quot;copyright&quot;:&quot;&quot;,&quot;focal_length&quot;:&quot;0&quot;,&quot;iso&quot;:&quot;0&quot;,&quot;shutter_speed&quot;:&quot;0&quot;,&quot;title&quot;:&quot;&quot;,&quot;orientation&quot;:&quot;0&quot;}\" data-image-title=\"MIGUEL_DEL_REAL_9503\" data-image-description=\"\" data-medium-file=\"https:\/\/i1.wp.com\/miguelsalmondelreal.com\/wp-content\/uploads\/2021\/07\/MIGUEL_DEL_REAL_9503-e1627948610861.jpg?fit=300%2C284&#038;ssl=1\" data-large-file=\"https:\/\/i1.wp.com\/miguelsalmondelreal.com\/wp-content\/uploads\/2021\/07\/MIGUEL_DEL_REAL_9503-e1627948610861.jpg?fit=1050%2C994&#038;ssl=1\" src=\"https:\/\/i1.wp.com\/miguelsalmondelreal.com\/wp-content\/uploads\/2021\/07\/MIGUEL_DEL_REAL_9503-e1627948610861.jpg?w=501&#038;h=474&#038;ssl=1\" width=\"501\" height=\"474\" data-original-width=\"501\" data-original-height=\"474\" itemprop=\"http:\/\/schema.org\/image\" title=\"MIGUEL_DEL_REAL_9503\" alt=\"MIGUEL_DEL_REAL_9503\" style=\"width: 501px; height: 474px;\" \/> <\/a> <\/div> <\/div> <!-- close group --> <div class=\"gallery-group images-1\" style=\"width: 545px; height: 818px;\" data-original-width=\"545\" data-original-height=\"818\" > <div class=\"tiled-gallery-item tiled-gallery-item-large\" itemprop=\"associatedMedia\" itemscope itemtype=\"http:\/\/schema.org\/ImageObject\"> <a href=\"https:\/\/i0.wp.com\/miguelsalmondelreal.com\/wp-content\/uploads\/2016\/03\/034-Miguel-Salmon-Del-Real.-Photo-Ramon-Merino.jpg?ssl=1\" border=\"0\" itemprop=\"url\"> <meta itemprop=\"width\" content=\"541\"> <meta itemprop=\"height\" content=\"814\"> <img loading=\"lazy\" decoding=\"async\" data-attachment-id=\"451\" data-orig-file=\"https:\/\/miguelsalmondelreal.com\/wp-content\/uploads\/2016\/03\/034-Miguel-Salmon-Del-Real.-Photo-Ramon-Merino.jpg\" data-orig-size=\"2355,3543\" data-comments-opened=\"\" data-image-meta=\"{&quot;aperture&quot;:&quot;0&quot;,&quot;credit&quot;:&quot;&quot;,&quot;camera&quot;:&quot;&quot;,&quot;caption&quot;:&quot;&quot;,&quot;created_timestamp&quot;:&quot;0&quot;,&quot;copyright&quot;:&quot;&quot;,&quot;focal_length&quot;:&quot;0&quot;,&quot;iso&quot;:&quot;0&quot;,&quot;shutter_speed&quot;:&quot;0&quot;,&quot;title&quot;:&quot;&quot;,&quot;orientation&quot;:&quot;1&quot;}\" data-image-title=\"Miguel Salmon Del Real. Photo, Ramon Merino\" data-image-description=\"\" data-medium-file=\"https:\/\/i0.wp.com\/miguelsalmondelreal.com\/wp-content\/uploads\/2016\/03\/034-Miguel-Salmon-Del-Real.-Photo-Ramon-Merino.jpg?fit=199%2C300&#038;ssl=1\" data-large-file=\"https:\/\/i0.wp.com\/miguelsalmondelreal.com\/wp-content\/uploads\/2016\/03\/034-Miguel-Salmon-Del-Real.-Photo-Ramon-Merino.jpg?fit=798%2C1200&#038;ssl=1\" src=\"https:\/\/i0.wp.com\/miguelsalmondelreal.com\/wp-content\/uploads\/2016\/03\/034-Miguel-Salmon-Del-Real.-Photo-Ramon-Merino.jpg?w=541&#038;h=814&#038;ssl=1\" width=\"541\" height=\"814\" data-original-width=\"541\" data-original-height=\"814\" itemprop=\"http:\/\/schema.org\/image\" title=\"Miguel Salmon Del Real. Photo, Ramon Merino\" alt=\"Miguel Salmon Del Real. Photo, Ramon Merino\" style=\"width: 541px; height: 814px;\" \/> <\/a> <div class=\"tiled-gallery-caption\" itemprop=\"caption description\"> Miguel Salmon Del Real. Photo, Ramon Merino <\/div> <\/div> <\/div> <!-- close group --> <\/div> <!-- close row --> <div class=\"gallery-row\" style=\"width: 1050px; height: 854px;\" data-original-width=\"1050\" data-original-height=\"854\" > <div class=\"gallery-group images-1\" style=\"width: 642px; height: 854px;\" data-original-width=\"642\" data-original-height=\"854\" > <div class=\"tiled-gallery-item tiled-gallery-item-large\" itemprop=\"associatedMedia\" itemscope itemtype=\"http:\/\/schema.org\/ImageObject\"> <a href=\"https:\/\/i0.wp.com\/miguelsalmondelreal.com\/wp-content\/uploads\/2016\/03\/024-2012-Beethoven-Cycle.-Michoacan-Symphony-Orchestra.-Photo-Ramon-Merino.jpg?ssl=1\" border=\"0\" itemprop=\"url\"> <meta itemprop=\"width\" content=\"638\"> <meta itemprop=\"height\" content=\"850\"> <img loading=\"lazy\" decoding=\"async\" data-attachment-id=\"441\" data-orig-file=\"https:\/\/miguelsalmondelreal.com\/wp-content\/uploads\/2016\/03\/024-2012-Beethoven-Cycle.-Michoacan-Symphony-Orchestra.-Photo-Ramon-Merino.jpg\" data-orig-size=\"3543,4724\" data-comments-opened=\"\" data-image-meta=\"{&quot;aperture&quot;:&quot;3.5&quot;,&quot;credit&quot;:&quot;&quot;,&quot;camera&quot;:&quot;DSC-H2&quot;,&quot;caption&quot;:&quot;&quot;,&quot;created_timestamp&quot;:&quot;1354359749&quot;,&quot;copyright&quot;:&quot;&quot;,&quot;focal_length&quot;:&quot;24&quot;,&quot;iso&quot;:&quot;320&quot;,&quot;shutter_speed&quot;:&quot;0.1&quot;,&quot;title&quot;:&quot;24&quot;,&quot;orientation&quot;:&quot;1&quot;}\" data-image-title=\"2012, Beethoven Cycle. Michoacan Symphony Orchestra. Photo, Ramon Merino\" data-image-description=\"\" data-medium-file=\"https:\/\/i0.wp.com\/miguelsalmondelreal.com\/wp-content\/uploads\/2016\/03\/024-2012-Beethoven-Cycle.-Michoacan-Symphony-Orchestra.-Photo-Ramon-Merino.jpg?fit=225%2C300&#038;ssl=1\" data-large-file=\"https:\/\/i0.wp.com\/miguelsalmondelreal.com\/wp-content\/uploads\/2016\/03\/024-2012-Beethoven-Cycle.-Michoacan-Symphony-Orchestra.-Photo-Ramon-Merino.jpg?fit=900%2C1200&#038;ssl=1\" src=\"https:\/\/i0.wp.com\/miguelsalmondelreal.com\/wp-content\/uploads\/2016\/03\/024-2012-Beethoven-Cycle.-Michoacan-Symphony-Orchestra.-Photo-Ramon-Merino.jpg?w=638&#038;h=850&#038;ssl=1\" width=\"638\" height=\"850\" data-original-width=\"638\" data-original-height=\"850\" itemprop=\"http:\/\/schema.org\/image\" title=\"2012, Beethoven Cycle. Michoacan Symphony Orchestra. Photo, Ramon Merino\" alt=\"2012, Beethoven Cycle. Michoacan Symphony Orchestra. Photo, Ramon Merino\" style=\"width: 638px; height: 850px;\" \/> <\/a> <div class=\"tiled-gallery-caption\" itemprop=\"caption description\"> 2012, Beethoven Cycle. Michoacan Symphony Orchestra. Photo, Ramon Merino <\/div> <\/div> <\/div> <!-- close group --> <div class=\"gallery-group images-3\" style=\"width: 408px; height: 854px;\" data-original-width=\"408\" data-original-height=\"854\" > <div class=\"tiled-gallery-item tiled-gallery-item-large\" itemprop=\"associatedMedia\" itemscope itemtype=\"http:\/\/schema.org\/ImageObject\"> <a href=\"https:\/\/i0.wp.com\/miguelsalmondelreal.com\/wp-content\/uploads\/2021\/07\/Miguel-del-Real-8.jpg?ssl=1\" border=\"0\" itemprop=\"url\"> <meta itemprop=\"width\" content=\"404\"> <meta itemprop=\"height\" content=\"270\"> <img loading=\"lazy\" decoding=\"async\" data-attachment-id=\"776\" data-orig-file=\"https:\/\/miguelsalmondelreal.com\/wp-content\/uploads\/2021\/07\/Miguel-del-Real-8.jpg\" data-orig-size=\"3000,2000\" data-comments-opened=\"\" data-image-meta=\"{&quot;aperture&quot;:&quot;0&quot;,&quot;credit&quot;:&quot;&quot;,&quot;camera&quot;:&quot;&quot;,&quot;caption&quot;:&quot;&quot;,&quot;created_timestamp&quot;:&quot;0&quot;,&quot;copyright&quot;:&quot;&quot;,&quot;focal_length&quot;:&quot;0&quot;,&quot;iso&quot;:&quot;0&quot;,&quot;shutter_speed&quot;:&quot;0&quot;,&quot;title&quot;:&quot;&quot;,&quot;orientation&quot;:&quot;0&quot;}\" data-image-title=\"Miguel del Real&#8211;8\" data-image-description=\"\" data-medium-file=\"https:\/\/i0.wp.com\/miguelsalmondelreal.com\/wp-content\/uploads\/2021\/07\/Miguel-del-Real-8.jpg?fit=300%2C200&#038;ssl=1\" data-large-file=\"https:\/\/i0.wp.com\/miguelsalmondelreal.com\/wp-content\/uploads\/2021\/07\/Miguel-del-Real-8.jpg?fit=1050%2C700&#038;ssl=1\" src=\"https:\/\/i0.wp.com\/miguelsalmondelreal.com\/wp-content\/uploads\/2021\/07\/Miguel-del-Real-8.jpg?w=404&#038;h=270&#038;ssl=1\" width=\"404\" height=\"270\" data-original-width=\"404\" data-original-height=\"270\" itemprop=\"http:\/\/schema.org\/image\" title=\"Miguel del Real--8\" alt=\"Miguel del Real--8\" style=\"width: 404px; height: 270px;\" \/> <\/a> <\/div> <div class=\"tiled-gallery-item tiled-gallery-item-large\" itemprop=\"associatedMedia\" itemscope itemtype=\"http:\/\/schema.org\/ImageObject\"> <a href=\"https:\/\/i2.wp.com\/miguelsalmondelreal.com\/wp-content\/uploads\/2017\/12\/86-2017-Orquesta-Sinfonica-Sinaloa-de-las-Artes_Debut-Concert-as-Chief-Conductor_Teatro-Pablo-de-Villavicencio_Culiacan-Mexico.jpg?ssl=1\" border=\"0\" itemprop=\"url\"> <meta itemprop=\"width\" content=\"404\"> <meta itemprop=\"height\" content=\"269\"> <img loading=\"lazy\" decoding=\"async\" data-attachment-id=\"609\" data-orig-file=\"https:\/\/miguelsalmondelreal.com\/wp-content\/uploads\/2017\/12\/86-2017-Orquesta-Sinfonica-Sinaloa-de-las-Artes_Debut-Concert-as-Chief-Conductor_Teatro-Pablo-de-Villavicencio_Culiacan-Mexico.jpg\" data-orig-size=\"3840,2560\" data-comments-opened=\"\" data-image-meta=\"{&quot;aperture&quot;:&quot;5&quot;,&quot;credit&quot;:&quot;YanethGomez&quot;,&quot;camera&quot;:&quot;Canon EOS 5D Mark III&quot;,&quot;caption&quot;:&quot;&quot;,&quot;created_timestamp&quot;:&quot;1504772381&quot;,&quot;copyright&quot;:&quot;Janeth Gomez&quot;,&quot;focal_length&quot;:&quot;220&quot;,&quot;iso&quot;:&quot;3200&quot;,&quot;shutter_speed&quot;:&quot;0.00625&quot;,&quot;title&quot;:&quot;&quot;,&quot;orientation&quot;:&quot;1&quot;}\" data-image-title=\"2017, Orquesta Sinf\u00f3nica Sinaloa de las Artes, Debut Concert as Chief Conductor, Teatro Pablo de Villavicencio, Culiac\u00e1n M\u00e9xico. [1]\" data-image-description=\"\" data-medium-file=\"https:\/\/i2.wp.com\/miguelsalmondelreal.com\/wp-content\/uploads\/2017\/12\/86-2017-Orquesta-Sinfonica-Sinaloa-de-las-Artes_Debut-Concert-as-Chief-Conductor_Teatro-Pablo-de-Villavicencio_Culiacan-Mexico.jpg?fit=300%2C200&#038;ssl=1\" data-large-file=\"https:\/\/i2.wp.com\/miguelsalmondelreal.com\/wp-content\/uploads\/2017\/12\/86-2017-Orquesta-Sinfonica-Sinaloa-de-las-Artes_Debut-Concert-as-Chief-Conductor_Teatro-Pablo-de-Villavicencio_Culiacan-Mexico.jpg?fit=1050%2C700&#038;ssl=1\" src=\"https:\/\/i2.wp.com\/miguelsalmondelreal.com\/wp-content\/uploads\/2017\/12\/86-2017-Orquesta-Sinfonica-Sinaloa-de-las-Artes_Debut-Concert-as-Chief-Conductor_Teatro-Pablo-de-Villavicencio_Culiacan-Mexico.jpg?w=404&#038;h=269&#038;ssl=1\" width=\"404\" height=\"269\" data-original-width=\"404\" data-original-height=\"269\" itemprop=\"http:\/\/schema.org\/image\" title=\"2017, Orquesta Sinf\u00f3nica Sinaloa de las Artes, Debut Concert as Chief Conductor, Teatro Pablo de Villavicencio, Culiac\u00e1n M\u00e9xico. [1]\" alt=\"2017, Orquesta Sinf\u00f3nica Sinaloa de las Artes, Debut Concert as Chief Conductor, Teatro Pablo de Villavicencio, Culiac\u00e1n M\u00e9xico.\" style=\"width: 404px; height: 269px;\" \/> <\/a> <div class=\"tiled-gallery-caption\" itemprop=\"caption description\"> 2017, Orquesta Sinf\u00f3nica Sinaloa de las Artes, Debut Concert as Chief Conductor, Teatro Pablo de Villavicencio, Culiac\u00e1n M\u00e9xico. <\/div> <\/div> <div class=\"tiled-gallery-item tiled-gallery-item-large\" itemprop=\"associatedMedia\" itemscope itemtype=\"http:\/\/schema.org\/ImageObject\"> <a href=\"https:\/\/i0.wp.com\/miguelsalmondelreal.com\/wp-content\/uploads\/2016\/03\/042-2014-Trier-Philharmonic-Orchestra-Germany.-At-rehearsal-with-Felix-Schwartz-viola.-On-Pantaleons-viola-concerto.jpg?ssl=1\" border=\"0\" itemprop=\"url\"> <meta itemprop=\"width\" content=\"404\"> <meta itemprop=\"height\" content=\"303\"> <img loading=\"lazy\" decoding=\"async\" data-attachment-id=\"459\" data-orig-file=\"https:\/\/miguelsalmondelreal.com\/wp-content\/uploads\/2016\/03\/042-2014-Trier-Philharmonic-Orchestra-Germany.-At-rehearsal-with-Felix-Schwartz-viola.-On-Pantaleons-viola-concerto.jpg\" data-orig-size=\"3528,2642\" data-comments-opened=\"\" data-image-meta=\"{&quot;aperture&quot;:&quot;3.7&quot;,&quot;credit&quot;:&quot;&quot;,&quot;camera&quot;:&quot;DMC-FZ28&quot;,&quot;caption&quot;:&quot;&quot;,&quot;created_timestamp&quot;:&quot;1414058454&quot;,&quot;copyright&quot;:&quot;&quot;,&quot;focal_length&quot;:&quot;49.3&quot;,&quot;iso&quot;:&quot;800&quot;,&quot;shutter_speed&quot;:&quot;0.0666666666667&quot;,&quot;title&quot;:&quot;42&quot;,&quot;orientation&quot;:&quot;1&quot;}\" data-image-title=\"2014, Trier Philharmonic Orchestra, Germany. At rehearsal with Felix Schwartz, viola. On Pantaleons viola concerto\" data-image-description=\"\" data-medium-file=\"https:\/\/i0.wp.com\/miguelsalmondelreal.com\/wp-content\/uploads\/2016\/03\/042-2014-Trier-Philharmonic-Orchestra-Germany.-At-rehearsal-with-Felix-Schwartz-viola.-On-Pantaleons-viola-concerto.jpg?fit=300%2C225&#038;ssl=1\" data-large-file=\"https:\/\/i0.wp.com\/miguelsalmondelreal.com\/wp-content\/uploads\/2016\/03\/042-2014-Trier-Philharmonic-Orchestra-Germany.-At-rehearsal-with-Felix-Schwartz-viola.-On-Pantaleons-viola-concerto.jpg?fit=1050%2C787&#038;ssl=1\" src=\"https:\/\/i0.wp.com\/miguelsalmondelreal.com\/wp-content\/uploads\/2016\/03\/042-2014-Trier-Philharmonic-Orchestra-Germany.-At-rehearsal-with-Felix-Schwartz-viola.-On-Pantaleons-viola-concerto.jpg?w=404&#038;h=303&#038;ssl=1\" width=\"404\" height=\"303\" data-original-width=\"404\" data-original-height=\"303\" itemprop=\"http:\/\/schema.org\/image\" title=\"2014, Trier Philharmonic Orchestra, Germany. At rehearsal with Felix Schwartz, viola. On Pantaleons viola concerto\" alt=\"2014, Trier Philharmonic Orchestra, Germany. At rehearsal with Felix Schwartz, viola. On Pantaleons viola concerto\" style=\"width: 404px; height: 303px;\" \/> <\/a> <div class=\"tiled-gallery-caption\" itemprop=\"caption description\"> 2014, Trier Philharmonic Orchestra, Germany. At rehearsal with Felix Schwartz, viola. On Pantaleons viola concerto <\/div> <\/div> <\/div> <!-- close group --> <\/div> <!-- close row --> <div class=\"gallery-row\" style=\"width: 1050px; height: 244px;\" data-original-width=\"1050\" data-original-height=\"244\" > <div class=\"gallery-group images-1\" style=\"width: 364px; height: 244px;\" data-original-width=\"364\" data-original-height=\"244\" > <div class=\"tiled-gallery-item tiled-gallery-item-large\" itemprop=\"associatedMedia\" itemscope itemtype=\"http:\/\/schema.org\/ImageObject\"> <a href=\"https:\/\/i1.wp.com\/miguelsalmondelreal.com\/wp-content\/uploads\/2016\/03\/055-2015-Guanuajuato-Symphony-Orchestra.-Teatro-de-la-Ciudad-Gto.-Mexico.-Photo-Beto-Gutierrez.jpg?ssl=1\" border=\"0\" itemprop=\"url\"> <meta itemprop=\"width\" content=\"360\"> <meta itemprop=\"height\" content=\"240\"> <img loading=\"lazy\" decoding=\"async\" data-attachment-id=\"471\" data-orig-file=\"https:\/\/miguelsalmondelreal.com\/wp-content\/uploads\/2016\/03\/055-2015-Guanuajuato-Symphony-Orchestra.-Teatro-de-la-Ciudad-Gto.-Mexico.-Photo-Beto-Gutierrez.jpg\" data-orig-size=\"1814,1210\" data-comments-opened=\"\" data-image-meta=\"{&quot;aperture&quot;:&quot;0&quot;,&quot;credit&quot;:&quot;&quot;,&quot;camera&quot;:&quot;&quot;,&quot;caption&quot;:&quot;&quot;,&quot;created_timestamp&quot;:&quot;0&quot;,&quot;copyright&quot;:&quot;&quot;,&quot;focal_length&quot;:&quot;0&quot;,&quot;iso&quot;:&quot;0&quot;,&quot;shutter_speed&quot;:&quot;0&quot;,&quot;title&quot;:&quot;&quot;,&quot;orientation&quot;:&quot;0&quot;}\" data-image-title=\"2015, Guanuajuato Symphony Orchestra. Teatro de la Ciudad, Gto., Mexico. Photo, Beto Gutierrez\" data-image-description=\"\" data-medium-file=\"https:\/\/i1.wp.com\/miguelsalmondelreal.com\/wp-content\/uploads\/2016\/03\/055-2015-Guanuajuato-Symphony-Orchestra.-Teatro-de-la-Ciudad-Gto.-Mexico.-Photo-Beto-Gutierrez.jpg?fit=300%2C200&#038;ssl=1\" data-large-file=\"https:\/\/i1.wp.com\/miguelsalmondelreal.com\/wp-content\/uploads\/2016\/03\/055-2015-Guanuajuato-Symphony-Orchestra.-Teatro-de-la-Ciudad-Gto.-Mexico.-Photo-Beto-Gutierrez.jpg?fit=1050%2C700&#038;ssl=1\" src=\"https:\/\/i1.wp.com\/miguelsalmondelreal.com\/wp-content\/uploads\/2016\/03\/055-2015-Guanuajuato-Symphony-Orchestra.-Teatro-de-la-Ciudad-Gto.-Mexico.-Photo-Beto-Gutierrez.jpg?w=360&#038;h=240&#038;ssl=1\" width=\"360\" height=\"240\" data-original-width=\"360\" data-original-height=\"240\" itemprop=\"http:\/\/schema.org\/image\" title=\"2015, Guanuajuato Symphony Orchestra. Teatro de la Ciudad, Gto., Mexico. Photo, Beto Gutierrez\" alt=\"2015, Guanuajuato Symphony Orchestra. Teatro de la Ciudad, Gto., Mexico. Photo, Beto Gutierrez\" style=\"width: 360px; height: 240px;\" \/> <\/a> <div class=\"tiled-gallery-caption\" itemprop=\"caption description\"> 2015, Guanuajuato Symphony Orchestra. Teatro de la Ciudad, Gto., Mexico. Photo, Beto Gutierrez <\/div> <\/div> <\/div> <!-- close group --> <div class=\"gallery-group images-1\" style=\"width: 362px; height: 244px;\" data-original-width=\"362\" data-original-height=\"244\" > <div class=\"tiled-gallery-item tiled-gallery-item-large\" itemprop=\"associatedMedia\" itemscope itemtype=\"http:\/\/schema.org\/ImageObject\"> <a href=\"https:\/\/i0.wp.com\/miguelsalmondelreal.com\/wp-content\/uploads\/2016\/03\/047-2013-The-Beethoven-cycle.-Michoacan-Symphony-Orchestra.-Photo-Ramon-Merino.jpg?ssl=1\" border=\"0\" itemprop=\"url\"> <meta itemprop=\"width\" content=\"358\"> <meta itemprop=\"height\" content=\"240\"> <img loading=\"lazy\" decoding=\"async\" data-attachment-id=\"464\" data-orig-file=\"https:\/\/miguelsalmondelreal.com\/wp-content\/uploads\/2016\/03\/047-2013-The-Beethoven-cycle.-Michoacan-Symphony-Orchestra.-Photo-Ramon-Merino.jpg\" data-orig-size=\"3543,2372\" data-comments-opened=\"\" data-image-meta=\"{&quot;aperture&quot;:&quot;5.6&quot;,&quot;credit&quot;:&quot;&quot;,&quot;camera&quot;:&quot;DSLR-A100&quot;,&quot;caption&quot;:&quot;SONY DSC&quot;,&quot;created_timestamp&quot;:&quot;1360967545&quot;,&quot;copyright&quot;:&quot;&quot;,&quot;focal_length&quot;:&quot;70&quot;,&quot;iso&quot;:&quot;1600&quot;,&quot;shutter_speed&quot;:&quot;0.0166666666667&quot;,&quot;title&quot;:&quot;47&quot;,&quot;orientation&quot;:&quot;1&quot;}\" data-image-title=\"2013, The Beethoven cycle. Michoacan Symphony Orchestra. Photo, Ramon Merino\" data-image-description=\"\" data-medium-file=\"https:\/\/i0.wp.com\/miguelsalmondelreal.com\/wp-content\/uploads\/2016\/03\/047-2013-The-Beethoven-cycle.-Michoacan-Symphony-Orchestra.-Photo-Ramon-Merino.jpg?fit=300%2C201&#038;ssl=1\" data-large-file=\"https:\/\/i0.wp.com\/miguelsalmondelreal.com\/wp-content\/uploads\/2016\/03\/047-2013-The-Beethoven-cycle.-Michoacan-Symphony-Orchestra.-Photo-Ramon-Merino.jpg?fit=1050%2C703&#038;ssl=1\" src=\"https:\/\/i0.wp.com\/miguelsalmondelreal.com\/wp-content\/uploads\/2016\/03\/047-2013-The-Beethoven-cycle.-Michoacan-Symphony-Orchestra.-Photo-Ramon-Merino.jpg?w=358&#038;h=240&#038;ssl=1\" width=\"358\" height=\"240\" data-original-width=\"358\" data-original-height=\"240\" itemprop=\"http:\/\/schema.org\/image\" title=\"2013, The Beethoven cycle. Michoacan Symphony Orchestra. Photo, Ramon Merino\" alt=\"2013, The Beethoven cycle. Michoacan Symphony Orchestra. Photo, Ramon Merino\" style=\"width: 358px; height: 240px;\" \/> <\/a> <div class=\"tiled-gallery-caption\" itemprop=\"caption description\"> 2013, The Beethoven cycle. Michoacan Symphony Orchestra. Photo, Ramon Merino <\/div> <\/div> <\/div> <!-- close group --> <div class=\"gallery-group images-1\" style=\"width: 324px; height: 244px;\" data-original-width=\"324\" data-original-height=\"244\" > <div class=\"tiled-gallery-item tiled-gallery-item-large\" itemprop=\"associatedMedia\" itemscope itemtype=\"http:\/\/schema.org\/ImageObject\"> <a href=\"https:\/\/i0.wp.com\/miguelsalmondelreal.com\/wp-content\/uploads\/2016\/03\/070-2014-with-the-Cuarteto-Latinoamericano-and-Michoacan-Symphony-Orchestra.-Piazzolas-Four-Seasons.-Photo-Ramon-Merino-2.jpg?ssl=1\" border=\"0\" itemprop=\"url\"> <meta itemprop=\"width\" content=\"320\"> <meta itemprop=\"height\" content=\"240\"> <img loading=\"lazy\" decoding=\"async\" data-attachment-id=\"504\" data-orig-file=\"https:\/\/miguelsalmondelreal.com\/wp-content\/uploads\/2016\/03\/070-2014-with-the-Cuarteto-Latinoamericano-and-Michoacan-Symphony-Orchestra.-Piazzolas-Four-Seasons.-Photo-Ramon-Merino-2.jpg\" data-orig-size=\"4724,3543\" data-comments-opened=\"\" data-image-meta=\"{&quot;aperture&quot;:&quot;0&quot;,&quot;credit&quot;:&quot;&quot;,&quot;camera&quot;:&quot;&quot;,&quot;caption&quot;:&quot;&quot;,&quot;created_timestamp&quot;:&quot;1430168900&quot;,&quot;copyright&quot;:&quot;&quot;,&quot;focal_length&quot;:&quot;0&quot;,&quot;iso&quot;:&quot;0&quot;,&quot;shutter_speed&quot;:&quot;0&quot;,&quot;title&quot;:&quot;&quot;,&quot;orientation&quot;:&quot;1&quot;}\" data-image-title=\"2014, with the Cuarteto Latinoamericano and Michoacan Symphony Orchestra. Piazzolas Four Seasons.\" data-image-description=\"\" data-medium-file=\"https:\/\/i0.wp.com\/miguelsalmondelreal.com\/wp-content\/uploads\/2016\/03\/070-2014-with-the-Cuarteto-Latinoamericano-and-Michoacan-Symphony-Orchestra.-Piazzolas-Four-Seasons.-Photo-Ramon-Merino-2.jpg?fit=300%2C225&#038;ssl=1\" data-large-file=\"https:\/\/i0.wp.com\/miguelsalmondelreal.com\/wp-content\/uploads\/2016\/03\/070-2014-with-the-Cuarteto-Latinoamericano-and-Michoacan-Symphony-Orchestra.-Piazzolas-Four-Seasons.-Photo-Ramon-Merino-2.jpg?fit=1050%2C788&#038;ssl=1\" src=\"https:\/\/i0.wp.com\/miguelsalmondelreal.com\/wp-content\/uploads\/2016\/03\/070-2014-with-the-Cuarteto-Latinoamericano-and-Michoacan-Symphony-Orchestra.-Piazzolas-Four-Seasons.-Photo-Ramon-Merino-2.jpg?w=320&#038;h=240&#038;ssl=1\" width=\"320\" height=\"240\" data-original-width=\"320\" data-original-height=\"240\" itemprop=\"http:\/\/schema.org\/image\" title=\"2014, with the Cuarteto Latinoamericano and Michoacan Symphony Orchestra. Piazzolas Four Seasons.\" alt=\"2014, with the Cuarteto Latinoamericano and Michoacan Symphony Orchestra. Piazzolas Four Seasons. Photo, Ramon Merino\" style=\"width: 320px; height: 240px;\" \/> <\/a> <div class=\"tiled-gallery-caption\" itemprop=\"caption description\"> 2014, with the Cuarteto Latinoamericano and Michoacan Symphony Orchestra. Piazzolas Four Seasons. Photo, Ramon Merino <\/div> <\/div> <\/div> <!-- close group --> <\/div> <!-- close row --> <div class=\"gallery-row\" style=\"width: 1050px; height: 930px;\" data-original-width=\"1050\" data-original-height=\"930\" > <div class=\"gallery-group images-3\" style=\"width: 429px; height: 930px;\" data-original-width=\"429\" data-original-height=\"930\" > <div class=\"tiled-gallery-item tiled-gallery-item-large\" itemprop=\"associatedMedia\" itemscope itemtype=\"http:\/\/schema.org\/ImageObject\"> <a href=\"https:\/\/i1.wp.com\/miguelsalmondelreal.com\/wp-content\/uploads\/2016\/03\/062-2015-Final-stading-ovation-in-Poland.-Kalisz-Philharmonic-Orchestra-Poland-1.jpg?ssl=1\" border=\"0\" itemprop=\"url\"> <meta itemprop=\"width\" content=\"425\"> <meta itemprop=\"height\" content=\"282\"> <img loading=\"lazy\" decoding=\"async\" data-attachment-id=\"478\" data-orig-file=\"https:\/\/miguelsalmondelreal.com\/wp-content\/uploads\/2016\/03\/062-2015-Final-stading-ovation-in-Poland.-Kalisz-Philharmonic-Orchestra-Poland-1.jpg\" data-orig-size=\"4928,3264\" data-comments-opened=\"\" data-image-meta=\"{&quot;aperture&quot;:&quot;4&quot;,&quot;credit&quot;:&quot;&quot;,&quot;camera&quot;:&quot;NIKON D7000&quot;,&quot;caption&quot;:&quot;&quot;,&quot;created_timestamp&quot;:&quot;1446848323&quot;,&quot;copyright&quot;:&quot;&quot;,&quot;focal_length&quot;:&quot;22&quot;,&quot;iso&quot;:&quot;3200&quot;,&quot;shutter_speed&quot;:&quot;0.0166666666667&quot;,&quot;title&quot;:&quot;62&quot;,&quot;orientation&quot;:&quot;1&quot;}\" data-image-title=\"2015, Final stading ovation in Poland. Kalisz Philharmonic Orchestra, Poland\" data-image-description=\"\" data-medium-file=\"https:\/\/i1.wp.com\/miguelsalmondelreal.com\/wp-content\/uploads\/2016\/03\/062-2015-Final-stading-ovation-in-Poland.-Kalisz-Philharmonic-Orchestra-Poland-1.jpg?fit=300%2C199&#038;ssl=1\" data-large-file=\"https:\/\/i1.wp.com\/miguelsalmondelreal.com\/wp-content\/uploads\/2016\/03\/062-2015-Final-stading-ovation-in-Poland.-Kalisz-Philharmonic-Orchestra-Poland-1.jpg?fit=1050%2C695&#038;ssl=1\" src=\"https:\/\/i1.wp.com\/miguelsalmondelreal.com\/wp-content\/uploads\/2016\/03\/062-2015-Final-stading-ovation-in-Poland.-Kalisz-Philharmonic-Orchestra-Poland-1.jpg?w=425&#038;h=282&#038;ssl=1\" width=\"425\" height=\"282\" data-original-width=\"425\" data-original-height=\"282\" itemprop=\"http:\/\/schema.org\/image\" title=\"2015, Final stading ovation in Poland. Kalisz Philharmonic Orchestra, Poland\" alt=\"2015, Final stading ovation in Poland. Kalisz Philharmonic Orchestra, Poland\" style=\"width: 425px; height: 282px;\" \/> <\/a> <div class=\"tiled-gallery-caption\" itemprop=\"caption description\"> 2015, Final stading ovation in Poland. Kalisz Philharmonic Orchestra, Poland <\/div> <\/div> <div class=\"tiled-gallery-item tiled-gallery-item-large\" itemprop=\"associatedMedia\" itemscope itemtype=\"http:\/\/schema.org\/ImageObject\"> <a href=\"https:\/\/i2.wp.com\/miguelsalmondelreal.com\/wp-content\/uploads\/2016\/03\/013-2015-Guanajuato-Symphony-Orchestra.-Photo-Beto-Gutierrez.jpg?ssl=1\" border=\"0\" itemprop=\"url\"> <meta itemprop=\"width\" content=\"425\"> <meta itemprop=\"height\" content=\"283\"> <img loading=\"lazy\" decoding=\"async\" data-attachment-id=\"430\" data-orig-file=\"https:\/\/miguelsalmondelreal.com\/wp-content\/uploads\/2016\/03\/013-2015-Guanajuato-Symphony-Orchestra.-Photo-Beto-Gutierrez.jpg\" data-orig-size=\"1814,1210\" data-comments-opened=\"\" data-image-meta=\"{&quot;aperture&quot;:&quot;0&quot;,&quot;credit&quot;:&quot;&quot;,&quot;camera&quot;:&quot;&quot;,&quot;caption&quot;:&quot;&quot;,&quot;created_timestamp&quot;:&quot;0&quot;,&quot;copyright&quot;:&quot;&quot;,&quot;focal_length&quot;:&quot;0&quot;,&quot;iso&quot;:&quot;0&quot;,&quot;shutter_speed&quot;:&quot;0&quot;,&quot;title&quot;:&quot;&quot;,&quot;orientation&quot;:&quot;0&quot;}\" data-image-title=\"2015, Guanajuato Symphony Orchestra. Photo, Beto Gutierrez\" data-image-description=\"\" data-medium-file=\"https:\/\/i2.wp.com\/miguelsalmondelreal.com\/wp-content\/uploads\/2016\/03\/013-2015-Guanajuato-Symphony-Orchestra.-Photo-Beto-Gutierrez.jpg?fit=300%2C200&#038;ssl=1\" data-large-file=\"https:\/\/i2.wp.com\/miguelsalmondelreal.com\/wp-content\/uploads\/2016\/03\/013-2015-Guanajuato-Symphony-Orchestra.-Photo-Beto-Gutierrez.jpg?fit=1050%2C700&#038;ssl=1\" src=\"https:\/\/i2.wp.com\/miguelsalmondelreal.com\/wp-content\/uploads\/2016\/03\/013-2015-Guanajuato-Symphony-Orchestra.-Photo-Beto-Gutierrez.jpg?w=425&#038;h=283&#038;ssl=1\" width=\"425\" height=\"283\" data-original-width=\"425\" data-original-height=\"283\" itemprop=\"http:\/\/schema.org\/image\" title=\"2015, Guanajuato Symphony Orchestra. Photo, Beto Gutierrez\" alt=\"2015, Guanajuato Symphony Orchestra. Photo, Beto Gutierrez\" style=\"width: 425px; height: 283px;\" \/> <\/a> <div class=\"tiled-gallery-caption\" itemprop=\"caption description\"> 2015, Guanajuato Symphony Orchestra. Photo, Beto Gutierrez <\/div> <\/div> <div class=\"tiled-gallery-item tiled-gallery-item-large\" itemprop=\"associatedMedia\" itemscope itemtype=\"http:\/\/schema.org\/ImageObject\"> <a href=\"https:\/\/i1.wp.com\/miguelsalmondelreal.com\/wp-content\/uploads\/2016\/03\/022-2013-Michoacan-Symphony-Orchestra.-Messa-da-Requiem-Verdi.-Teatro-Obrero-Zamora-Mich.-Mexico.jpg?ssl=1\" border=\"0\" itemprop=\"url\"> <meta itemprop=\"width\" content=\"425\"> <meta itemprop=\"height\" content=\"353\"> <img loading=\"lazy\" decoding=\"async\" data-attachment-id=\"439\" data-orig-file=\"https:\/\/miguelsalmondelreal.com\/wp-content\/uploads\/2016\/03\/022-2013-Michoacan-Symphony-Orchestra.-Messa-da-Requiem-Verdi.-Teatro-Obrero-Zamora-Mich.-Mexico.jpg\" data-orig-size=\"4269,3543\" data-comments-opened=\"\" data-image-meta=\"{&quot;aperture&quot;:&quot;0&quot;,&quot;credit&quot;:&quot;&quot;,&quot;camera&quot;:&quot;&quot;,&quot;caption&quot;:&quot;&quot;,&quot;created_timestamp&quot;:&quot;1383219878&quot;,&quot;copyright&quot;:&quot;&quot;,&quot;focal_length&quot;:&quot;0&quot;,&quot;iso&quot;:&quot;0&quot;,&quot;shutter_speed&quot;:&quot;0&quot;,&quot;title&quot;:&quot;22&quot;,&quot;orientation&quot;:&quot;1&quot;}\" data-image-title=\"2013, Michoacan Symphony Orchestra. Messa da Requiem Verdi. Teatro Obrero, Zamora, Mich. Mexico\" data-image-description=\"\" data-medium-file=\"https:\/\/i1.wp.com\/miguelsalmondelreal.com\/wp-content\/uploads\/2016\/03\/022-2013-Michoacan-Symphony-Orchestra.-Messa-da-Requiem-Verdi.-Teatro-Obrero-Zamora-Mich.-Mexico.jpg?fit=300%2C249&#038;ssl=1\" data-large-file=\"https:\/\/i1.wp.com\/miguelsalmondelreal.com\/wp-content\/uploads\/2016\/03\/022-2013-Michoacan-Symphony-Orchestra.-Messa-da-Requiem-Verdi.-Teatro-Obrero-Zamora-Mich.-Mexico.jpg?fit=1050%2C871&#038;ssl=1\" src=\"https:\/\/i1.wp.com\/miguelsalmondelreal.com\/wp-content\/uploads\/2016\/03\/022-2013-Michoacan-Symphony-Orchestra.-Messa-da-Requiem-Verdi.-Teatro-Obrero-Zamora-Mich.-Mexico.jpg?w=425&#038;h=353&#038;ssl=1\" width=\"425\" height=\"353\" data-original-width=\"425\" data-original-height=\"353\" itemprop=\"http:\/\/schema.org\/image\" title=\"2013, Michoacan Symphony Orchestra. Messa da Requiem Verdi. Teatro Obrero, Zamora, Mich. Mexico\" alt=\"2013, Michoacan Symphony Orchestra. Messa da Requiem Verdi. Teatro Obrero, Zamora, Mich. Mexico\" style=\"width: 425px; height: 353px;\" \/> <\/a> <div class=\"tiled-gallery-caption\" itemprop=\"caption description\"> 2013, Michoacan Symphony Orchestra. Messa da Requiem Verdi. Teatro Obrero, Zamora, Mich. Mexico <\/div> <\/div> <\/div> <!-- close group --> <div class=\"gallery-group images-1\" style=\"width: 621px; height: 930px;\" data-original-width=\"621\" data-original-height=\"930\" > <div class=\"tiled-gallery-item tiled-gallery-item-large\" itemprop=\"associatedMedia\" itemscope itemtype=\"http:\/\/schema.org\/ImageObject\"> <a href=\"https:\/\/i2.wp.com\/miguelsalmondelreal.com\/wp-content\/uploads\/2016\/03\/037-2014-Michoacan-Symphony-Orchestra.-Photo-Carlos-Cuin-Jr..jpg?ssl=1\" border=\"0\" itemprop=\"url\"> <meta itemprop=\"width\" content=\"617\"> <meta itemprop=\"height\" content=\"926\"> <img loading=\"lazy\" decoding=\"async\" data-attachment-id=\"454\" data-orig-file=\"https:\/\/miguelsalmondelreal.com\/wp-content\/uploads\/2016\/03\/037-2014-Michoacan-Symphony-Orchestra.-Photo-Carlos-Cuin-Jr..jpg\" data-orig-size=\"2400,3600\" data-comments-opened=\"\" data-image-meta=\"{&quot;aperture&quot;:&quot;2.8&quot;,&quot;credit&quot;:&quot;&quot;,&quot;camera&quot;:&quot;Canon EOS 7D&quot;,&quot;caption&quot;:&quot;&quot;,&quot;created_timestamp&quot;:&quot;1411724549&quot;,&quot;copyright&quot;:&quot;&quot;,&quot;focal_length&quot;:&quot;76&quot;,&quot;iso&quot;:&quot;1000&quot;,&quot;shutter_speed&quot;:&quot;0.004&quot;,&quot;title&quot;:&quot;37&quot;,&quot;orientation&quot;:&quot;1&quot;}\" data-image-title=\"2014, Michoacan Symphony Orchestra. Photo, Carlos Cuin Jr.\" data-image-description=\"\" data-medium-file=\"https:\/\/i2.wp.com\/miguelsalmondelreal.com\/wp-content\/uploads\/2016\/03\/037-2014-Michoacan-Symphony-Orchestra.-Photo-Carlos-Cuin-Jr..jpg?fit=200%2C300&#038;ssl=1\" data-large-file=\"https:\/\/i2.wp.com\/miguelsalmondelreal.com\/wp-content\/uploads\/2016\/03\/037-2014-Michoacan-Symphony-Orchestra.-Photo-Carlos-Cuin-Jr..jpg?fit=800%2C1200&#038;ssl=1\" src=\"https:\/\/i2.wp.com\/miguelsalmondelreal.com\/wp-content\/uploads\/2016\/03\/037-2014-Michoacan-Symphony-Orchestra.-Photo-Carlos-Cuin-Jr..jpg?w=617&#038;h=926&#038;ssl=1\" width=\"617\" height=\"926\" data-original-width=\"617\" data-original-height=\"926\" itemprop=\"http:\/\/schema.org\/image\" title=\"2014, Michoacan Symphony Orchestra. Photo, Carlos Cuin Jr.\" alt=\"2014, Michoacan Symphony Orchestra. Photo, Carlos Cuin Jr.\" style=\"width: 617px; height: 926px;\" \/> <\/a> <div class=\"tiled-gallery-caption\" itemprop=\"caption description\"> 2014, Michoacan Symphony Orchestra. Photo, Carlos Cuin Jr. <\/div> <\/div> <\/div> <!-- close group --> <\/div> <!-- close row --> <div class=\"gallery-row\" style=\"width: 1050px; height: 483px;\" data-original-width=\"1050\" data-original-height=\"483\" > <div class=\"gallery-group images-1\" style=\"width: 325px; height: 483px;\" data-original-width=\"325\" data-original-height=\"483\" > <div class=\"tiled-gallery-item tiled-gallery-item-large\" itemprop=\"associatedMedia\" itemscope itemtype=\"http:\/\/schema.org\/ImageObject\"> <a href=\"https:\/\/i0.wp.com\/miguelsalmondelreal.com\/wp-content\/uploads\/2016\/03\/011-2013-Miguel-Salmon-Del-Real.-Photo-Ramon-Merino.jpg?ssl=1\" border=\"0\" itemprop=\"url\"> <meta itemprop=\"width\" content=\"321\"> <meta itemprop=\"height\" content=\"479\"> <img loading=\"lazy\" decoding=\"async\" data-attachment-id=\"502\" data-orig-file=\"https:\/\/miguelsalmondelreal.com\/wp-content\/uploads\/2016\/03\/011-2013-Miguel-Salmon-Del-Real.-Photo-Ramon-Merino.jpg\" data-orig-size=\"3163,4724\" data-comments-opened=\"\" data-image-meta=\"{&quot;aperture&quot;:&quot;0&quot;,&quot;credit&quot;:&quot;&quot;,&quot;camera&quot;:&quot;&quot;,&quot;caption&quot;:&quot;&quot;,&quot;created_timestamp&quot;:&quot;0&quot;,&quot;copyright&quot;:&quot;&quot;,&quot;focal_length&quot;:&quot;0&quot;,&quot;iso&quot;:&quot;0&quot;,&quot;shutter_speed&quot;:&quot;0&quot;,&quot;title&quot;:&quot;&quot;,&quot;orientation&quot;:&quot;1&quot;}\" data-image-title=\"2013, Miguel Salmon Del Real. Photo, Ramon Merino\" data-image-description=\"\" data-medium-file=\"https:\/\/i0.wp.com\/miguelsalmondelreal.com\/wp-content\/uploads\/2016\/03\/011-2013-Miguel-Salmon-Del-Real.-Photo-Ramon-Merino.jpg?fit=201%2C300&#038;ssl=1\" data-large-file=\"https:\/\/i0.wp.com\/miguelsalmondelreal.com\/wp-content\/uploads\/2016\/03\/011-2013-Miguel-Salmon-Del-Real.-Photo-Ramon-Merino.jpg?fit=803%2C1200&#038;ssl=1\" src=\"https:\/\/i0.wp.com\/miguelsalmondelreal.com\/wp-content\/uploads\/2016\/03\/011-2013-Miguel-Salmon-Del-Real.-Photo-Ramon-Merino.jpg?w=321&#038;h=479&#038;ssl=1\" width=\"321\" height=\"479\" data-original-width=\"321\" data-original-height=\"479\" itemprop=\"http:\/\/schema.org\/image\" title=\"2013, Miguel Salmon Del Real. Photo, Ramon Merino\" alt=\"2013, Miguel Salmon Del Real. Photo, Ramon Merino\" style=\"width: 321px; height: 479px;\" \/> <\/a> <div class=\"tiled-gallery-caption\" itemprop=\"caption description\"> 2013, Miguel Salmon Del Real. Photo, Ramon Merino <\/div> <\/div> <\/div> <!-- close group --> <div class=\"gallery-group images-1\" style=\"width: 725px; height: 483px;\" data-original-width=\"725\" data-original-height=\"483\" > <div class=\"tiled-gallery-item tiled-gallery-item-large\" itemprop=\"associatedMedia\" itemscope itemtype=\"http:\/\/schema.org\/ImageObject\"> <a href=\"https:\/\/i2.wp.com\/miguelsalmondelreal.com\/wp-content\/uploads\/2016\/03\/082-2010-Ensamble-Nuevo-de-Mexico.-Biblioteca-Vasconcelos-Mexico-City.-XXI-century-repertoire.jpg?ssl=1\" border=\"0\" itemprop=\"url\"> <meta itemprop=\"width\" content=\"721\"> <meta itemprop=\"height\" content=\"479\"> <img loading=\"lazy\" decoding=\"async\" data-attachment-id=\"497\" data-orig-file=\"https:\/\/miguelsalmondelreal.com\/wp-content\/uploads\/2016\/03\/082-2010-Ensamble-Nuevo-de-Mexico.-Biblioteca-Vasconcelos-Mexico-City.-XXI-century-repertoire.jpg\" data-orig-size=\"3947,2621\" data-comments-opened=\"\" data-image-meta=\"{&quot;aperture&quot;:&quot;0&quot;,&quot;credit&quot;:&quot;&quot;,&quot;camera&quot;:&quot;&quot;,&quot;caption&quot;:&quot;&quot;,&quot;created_timestamp&quot;:&quot;0&quot;,&quot;copyright&quot;:&quot;&quot;,&quot;focal_length&quot;:&quot;0&quot;,&quot;iso&quot;:&quot;0&quot;,&quot;shutter_speed&quot;:&quot;0&quot;,&quot;title&quot;:&quot;&quot;,&quot;orientation&quot;:&quot;0&quot;}\" data-image-title=\"2010, Ensamble Nuevo de Mexico. Biblioteca Vasconcelos, Mexico City. XXI century repertoire\" data-image-description=\"\" data-medium-file=\"https:\/\/i2.wp.com\/miguelsalmondelreal.com\/wp-content\/uploads\/2016\/03\/082-2010-Ensamble-Nuevo-de-Mexico.-Biblioteca-Vasconcelos-Mexico-City.-XXI-century-repertoire.jpg?fit=300%2C199&#038;ssl=1\" data-large-file=\"https:\/\/i2.wp.com\/miguelsalmondelreal.com\/wp-content\/uploads\/2016\/03\/082-2010-Ensamble-Nuevo-de-Mexico.-Biblioteca-Vasconcelos-Mexico-City.-XXI-century-repertoire.jpg?fit=1050%2C697&#038;ssl=1\" src=\"https:\/\/i2.wp.com\/miguelsalmondelreal.com\/wp-content\/uploads\/2016\/03\/082-2010-Ensamble-Nuevo-de-Mexico.-Biblioteca-Vasconcelos-Mexico-City.-XXI-century-repertoire.jpg?w=721&#038;h=479&#038;ssl=1\" width=\"721\" height=\"479\" data-original-width=\"721\" data-original-height=\"479\" itemprop=\"http:\/\/schema.org\/image\" title=\"2010, Ensamble Nuevo de Mexico. Biblioteca Vasconcelos, Mexico City. XXI century repertoire\" alt=\"2010, Ensamble Nuevo de Mexico. Biblioteca Vasconcelos, Mexico City. XXI century repertoire\" style=\"width: 721px; height: 479px;\" \/> <\/a> <div class=\"tiled-gallery-caption\" itemprop=\"caption description\"> 2010, Ensamble Nuevo de Mexico. Biblioteca Vasconcelos, Mexico City. XXI century repertoire <\/div> <\/div> <\/div> <!-- close group --> <\/div> <!-- close row --> <div class=\"gallery-row\" style=\"width: 1050px; height: 945px;\" data-original-width=\"1050\" data-original-height=\"945\" > <div class=\"gallery-group images-1\" style=\"width: 631px; height: 945px;\" data-original-width=\"631\" data-original-height=\"945\" > <div class=\"tiled-gallery-item tiled-gallery-item-large\" itemprop=\"associatedMedia\" itemscope itemtype=\"http:\/\/schema.org\/ImageObject\"> <a href=\"https:\/\/i1.wp.com\/miguelsalmondelreal.com\/wp-content\/uploads\/2021\/07\/GI8A0228-Editar.jpg?ssl=1\" border=\"0\" itemprop=\"url\"> <meta itemprop=\"width\" content=\"627\"> <meta itemprop=\"height\" content=\"941\"> <img loading=\"lazy\" decoding=\"async\" data-attachment-id=\"774\" data-orig-file=\"https:\/\/miguelsalmondelreal.com\/wp-content\/uploads\/2021\/07\/GI8A0228-Editar.jpg\" data-orig-size=\"1800,2700\" data-comments-opened=\"\" data-image-meta=\"{&quot;aperture&quot;:&quot;0&quot;,&quot;credit&quot;:&quot;&quot;,&quot;camera&quot;:&quot;&quot;,&quot;caption&quot;:&quot;&quot;,&quot;created_timestamp&quot;:&quot;0&quot;,&quot;copyright&quot;:&quot;&quot;,&quot;focal_length&quot;:&quot;0&quot;,&quot;iso&quot;:&quot;0&quot;,&quot;shutter_speed&quot;:&quot;0&quot;,&quot;title&quot;:&quot;&quot;,&quot;orientation&quot;:&quot;0&quot;}\" data-image-title=\"\" data-image-description=\"\" data-medium-file=\"https:\/\/i1.wp.com\/miguelsalmondelreal.com\/wp-content\/uploads\/2021\/07\/GI8A0228-Editar.jpg?fit=200%2C300&#038;ssl=1\" data-large-file=\"https:\/\/i1.wp.com\/miguelsalmondelreal.com\/wp-content\/uploads\/2021\/07\/GI8A0228-Editar.jpg?fit=800%2C1200&#038;ssl=1\" src=\"https:\/\/i1.wp.com\/miguelsalmondelreal.com\/wp-content\/uploads\/2021\/07\/GI8A0228-Editar.jpg?w=627&#038;h=941&#038;ssl=1\" width=\"627\" height=\"941\" data-original-width=\"627\" data-original-height=\"941\" itemprop=\"http:\/\/schema.org\/image\" title=\"\" alt=\"\" style=\"width: 627px; height: 941px;\" \/> <\/a> <\/div> <\/div> <!-- close group --> <div class=\"gallery-group images-3\" style=\"width: 419px; height: 945px;\" data-original-width=\"419\" data-original-height=\"945\" > <div class=\"tiled-gallery-item tiled-gallery-item-large\" itemprop=\"associatedMedia\" itemscope itemtype=\"http:\/\/schema.org\/ImageObject\"> <a href=\"https:\/\/i2.wp.com\/miguelsalmondelreal.com\/wp-content\/uploads\/2016\/03\/001-2015-Michoacan-Symphony-Orchestra-2015.-Teatro-Morelos-Morelia-Mich.-Mexico.jpg?ssl=1\" border=\"0\" itemprop=\"url\"> <meta itemprop=\"width\" content=\"415\"> <meta itemprop=\"height\" content=\"311\"> <img loading=\"lazy\" decoding=\"async\" data-attachment-id=\"418\" data-orig-file=\"https:\/\/miguelsalmondelreal.com\/wp-content\/uploads\/2016\/03\/001-2015-Michoacan-Symphony-Orchestra-2015.-Teatro-Morelos-Morelia-Mich.-Mexico.jpg\" data-orig-size=\"4724,3543\" data-comments-opened=\"\" data-image-meta=\"{&quot;aperture&quot;:&quot;2.8&quot;,&quot;credit&quot;:&quot;&quot;,&quot;camera&quot;:&quot;HERO3+Silver Edition&quot;,&quot;caption&quot;:&quot;DCIM100GOPRO&quot;,&quot;created_timestamp&quot;:&quot;1439586179&quot;,&quot;copyright&quot;:&quot;&quot;,&quot;focal_length&quot;:&quot;2.77&quot;,&quot;iso&quot;:&quot;400&quot;,&quot;shutter_speed&quot;:&quot;0.15625&quot;,&quot;title&quot;:&quot;1&quot;,&quot;orientation&quot;:&quot;1&quot;}\" data-image-title=\"2015, Michoacan Symphony Orchestra, 2015. Teatro Morelos, Morelia, Mich. Mexico\" data-image-description=\"\" data-medium-file=\"https:\/\/i2.wp.com\/miguelsalmondelreal.com\/wp-content\/uploads\/2016\/03\/001-2015-Michoacan-Symphony-Orchestra-2015.-Teatro-Morelos-Morelia-Mich.-Mexico.jpg?fit=300%2C225&#038;ssl=1\" data-large-file=\"https:\/\/i2.wp.com\/miguelsalmondelreal.com\/wp-content\/uploads\/2016\/03\/001-2015-Michoacan-Symphony-Orchestra-2015.-Teatro-Morelos-Morelia-Mich.-Mexico.jpg?fit=1050%2C788&#038;ssl=1\" src=\"https:\/\/i2.wp.com\/miguelsalmondelreal.com\/wp-content\/uploads\/2016\/03\/001-2015-Michoacan-Symphony-Orchestra-2015.-Teatro-Morelos-Morelia-Mich.-Mexico.jpg?w=415&#038;h=311&#038;ssl=1\" width=\"415\" height=\"311\" data-original-width=\"415\" data-original-height=\"311\" itemprop=\"http:\/\/schema.org\/image\" title=\"2015, Michoacan Symphony Orchestra, 2015. Teatro Morelos, Morelia, Mich. Mexico\" alt=\"2015, Michoacan Symphony Orchestra, 2015. Teatro Morelos, Morelia, Mich. Mexico\" style=\"width: 415px; height: 311px;\" \/> <\/a> <div class=\"tiled-gallery-caption\" itemprop=\"caption description\"> 2015, Michoacan Symphony Orchestra, 2015. Teatro Morelos, Morelia, Mich. Mexico <\/div> <\/div> <div class=\"tiled-gallery-item tiled-gallery-item-large\" itemprop=\"associatedMedia\" itemscope itemtype=\"http:\/\/schema.org\/ImageObject\"> <a href=\"https:\/\/i1.wp.com\/miguelsalmondelreal.com\/wp-content\/uploads\/2021\/07\/MIGUEL_DEL_REAL_9552-e1627948235791.jpg?ssl=1\" border=\"0\" itemprop=\"url\"> <meta itemprop=\"width\" content=\"415\"> <meta itemprop=\"height\" content=\"345\"> <img loading=\"lazy\" decoding=\"async\" data-attachment-id=\"780\" data-orig-file=\"https:\/\/miguelsalmondelreal.com\/wp-content\/uploads\/2021\/07\/MIGUEL_DEL_REAL_9552-e1627948235791.jpg\" data-orig-size=\"2407,2002\" data-comments-opened=\"\" data-image-meta=\"{&quot;aperture&quot;:&quot;0&quot;,&quot;credit&quot;:&quot;&quot;,&quot;camera&quot;:&quot;&quot;,&quot;caption&quot;:&quot;&quot;,&quot;created_timestamp&quot;:&quot;0&quot;,&quot;copyright&quot;:&quot;&quot;,&quot;focal_length&quot;:&quot;0&quot;,&quot;iso&quot;:&quot;0&quot;,&quot;shutter_speed&quot;:&quot;0&quot;,&quot;title&quot;:&quot;&quot;,&quot;orientation&quot;:&quot;0&quot;}\" data-image-title=\"MIGUEL_DEL_REAL_9552\" data-image-description=\"\" data-medium-file=\"https:\/\/i1.wp.com\/miguelsalmondelreal.com\/wp-content\/uploads\/2021\/07\/MIGUEL_DEL_REAL_9552-e1627948235791.jpg?fit=300%2C250&#038;ssl=1\" data-large-file=\"https:\/\/i1.wp.com\/miguelsalmondelreal.com\/wp-content\/uploads\/2021\/07\/MIGUEL_DEL_REAL_9552-e1627948235791.jpg?fit=1050%2C873&#038;ssl=1\" src=\"https:\/\/i1.wp.com\/miguelsalmondelreal.com\/wp-content\/uploads\/2021\/07\/MIGUEL_DEL_REAL_9552-e1627948235791.jpg?w=415&#038;h=345&#038;ssl=1\" width=\"415\" height=\"345\" data-original-width=\"415\" data-original-height=\"345\" itemprop=\"http:\/\/schema.org\/image\" title=\"MIGUEL_DEL_REAL_9552\" alt=\"MIGUEL_DEL_REAL_9552\" style=\"width: 415px; height: 345px;\" \/> <\/a> <\/div> <div class=\"tiled-gallery-item tiled-gallery-item-large\" itemprop=\"associatedMedia\" itemscope itemtype=\"http:\/\/schema.org\/ImageObject\"> <a href=\"https:\/\/i1.wp.com\/miguelsalmondelreal.com\/wp-content\/uploads\/2016\/03\/010-2012-Michoacan-Symphony-Orchestra.-Beethovens-9th-Symphony.-Cathedral-of-Morelia-Mich.-Mexico.-Photo-Ramon-Merino.jpg?ssl=1\" border=\"0\" itemprop=\"url\"> <meta itemprop=\"width\" content=\"415\"> <meta itemprop=\"height\" content=\"277\"> <img loading=\"lazy\" decoding=\"async\" data-attachment-id=\"427\" data-orig-file=\"https:\/\/miguelsalmondelreal.com\/wp-content\/uploads\/2016\/03\/010-2012-Michoacan-Symphony-Orchestra.-Beethovens-9th-Symphony.-Cathedral-of-Morelia-Mich.-Mexico.-Photo-Ramon-Merino.jpg\" data-orig-size=\"4724,3163\" data-comments-opened=\"\" data-image-meta=\"{&quot;aperture&quot;:&quot;5&quot;,&quot;credit&quot;:&quot;&quot;,&quot;camera&quot;:&quot;DSLR-A100&quot;,&quot;caption&quot;:&quot;SONY DSC&quot;,&quot;created_timestamp&quot;:&quot;1355692240&quot;,&quot;copyright&quot;:&quot;&quot;,&quot;focal_length&quot;:&quot;18&quot;,&quot;iso&quot;:&quot;1600&quot;,&quot;shutter_speed&quot;:&quot;0.05&quot;,&quot;title&quot;:&quot;10&quot;,&quot;orientation&quot;:&quot;1&quot;}\" data-image-title=\"2012, Michoacan Symphony Orchestra. Beethovens 9th Symphony. Cathedral of Morelia, Mich., Mexico. Photo, Ramon Merino\" data-image-description=\"\" data-medium-file=\"https:\/\/i1.wp.com\/miguelsalmondelreal.com\/wp-content\/uploads\/2016\/03\/010-2012-Michoacan-Symphony-Orchestra.-Beethovens-9th-Symphony.-Cathedral-of-Morelia-Mich.-Mexico.-Photo-Ramon-Merino.jpg?fit=300%2C201&#038;ssl=1\" data-large-file=\"https:\/\/i1.wp.com\/miguelsalmondelreal.com\/wp-content\/uploads\/2016\/03\/010-2012-Michoacan-Symphony-Orchestra.-Beethovens-9th-Symphony.-Cathedral-of-Morelia-Mich.-Mexico.-Photo-Ramon-Merino.jpg?fit=1050%2C703&#038;ssl=1\" src=\"https:\/\/i1.wp.com\/miguelsalmondelreal.com\/wp-content\/uploads\/2016\/03\/010-2012-Michoacan-Symphony-Orchestra.-Beethovens-9th-Symphony.-Cathedral-of-Morelia-Mich.-Mexico.-Photo-Ramon-Merino.jpg?w=415&#038;h=277&#038;ssl=1\" width=\"415\" height=\"277\" data-original-width=\"415\" data-original-height=\"277\" itemprop=\"http:\/\/schema.org\/image\" title=\"2012, Michoacan Symphony Orchestra. Beethovens 9th Symphony. Cathedral of Morelia, Mich., Mexico. Photo, Ramon Merino\" alt=\"2012, Michoacan Symphony Orchestra. Beethovens 9th Symphony. Cathedral of Morelia, Mich., Mexico. Photo, Ramon Merino\" style=\"width: 415px; height: 277px;\" \/> <\/a> <div class=\"tiled-gallery-caption\" itemprop=\"caption description\"> 2012, Michoacan Symphony Orchestra. Beethovens 9th Symphony. Cathedral of Morelia, Mich., Mexico. Photo, Ramon Merino <\/div> <\/div> <\/div> <!-- close group --> <\/div> <!-- close row --> <div class=\"gallery-row\" style=\"width: 1050px; height: 461px;\" data-original-width=\"1050\" data-original-height=\"461\" > <div class=\"gallery-group images-1\" style=\"width: 658px; height: 461px;\" data-original-width=\"658\" data-original-height=\"461\" > <div class=\"tiled-gallery-item tiled-gallery-item-large\" itemprop=\"associatedMedia\" itemscope itemtype=\"http:\/\/schema.org\/ImageObject\"> <a href=\"https:\/\/i2.wp.com\/miguelsalmondelreal.com\/wp-content\/uploads\/2016\/03\/020-2013-Michoacan-Symphony-Orchestra.-Messa-da-Requiem-Verdi.-Teatro-Obrero-Zamora-Mich.-Mexico.jpg?ssl=1\" border=\"0\" itemprop=\"url\"> <meta itemprop=\"width\" content=\"654\"> <meta itemprop=\"height\" content=\"457\"> <img loading=\"lazy\" decoding=\"async\" data-attachment-id=\"437\" data-orig-file=\"https:\/\/miguelsalmondelreal.com\/wp-content\/uploads\/2016\/03\/020-2013-Michoacan-Symphony-Orchestra.-Messa-da-Requiem-Verdi.-Teatro-Obrero-Zamora-Mich.-Mexico.jpg\" data-orig-size=\"4367,3052\" data-comments-opened=\"\" data-image-meta=\"{&quot;aperture&quot;:&quot;0&quot;,&quot;credit&quot;:&quot;&quot;,&quot;camera&quot;:&quot;&quot;,&quot;caption&quot;:&quot;&quot;,&quot;created_timestamp&quot;:&quot;1383209308&quot;,&quot;copyright&quot;:&quot;&quot;,&quot;focal_length&quot;:&quot;0&quot;,&quot;iso&quot;:&quot;0&quot;,&quot;shutter_speed&quot;:&quot;0&quot;,&quot;title&quot;:&quot;20&quot;,&quot;orientation&quot;:&quot;1&quot;}\" data-image-title=\"2013, Michoacan Symphony Orchestra. Messa da Requiem Verdi. Teatro Obrero, Zamora, Mich. Mexico\" data-image-description=\"\" data-medium-file=\"https:\/\/i2.wp.com\/miguelsalmondelreal.com\/wp-content\/uploads\/2016\/03\/020-2013-Michoacan-Symphony-Orchestra.-Messa-da-Requiem-Verdi.-Teatro-Obrero-Zamora-Mich.-Mexico.jpg?fit=300%2C210&#038;ssl=1\" data-large-file=\"https:\/\/i2.wp.com\/miguelsalmondelreal.com\/wp-content\/uploads\/2016\/03\/020-2013-Michoacan-Symphony-Orchestra.-Messa-da-Requiem-Verdi.-Teatro-Obrero-Zamora-Mich.-Mexico.jpg?fit=1050%2C734&#038;ssl=1\" src=\"https:\/\/i2.wp.com\/miguelsalmondelreal.com\/wp-content\/uploads\/2016\/03\/020-2013-Michoacan-Symphony-Orchestra.-Messa-da-Requiem-Verdi.-Teatro-Obrero-Zamora-Mich.-Mexico.jpg?w=654&#038;h=457&#038;ssl=1\" width=\"654\" height=\"457\" data-original-width=\"654\" data-original-height=\"457\" itemprop=\"http:\/\/schema.org\/image\" title=\"2013, Michoacan Symphony Orchestra. Messa da Requiem Verdi. Teatro Obrero, Zamora, Mich. Mexico\" alt=\"2013, Michoacan Symphony Orchestra. Messa da Requiem Verdi. Teatro Obrero, Zamora, Mich. Mexico\" style=\"width: 654px; height: 457px;\" \/> <\/a> <div class=\"tiled-gallery-caption\" itemprop=\"caption description\"> 2013, Michoacan Symphony Orchestra. Messa da Requiem Verdi. Teatro Obrero, Zamora, Mich. Mexico <\/div> <\/div> <\/div> <!-- close group --> <div class=\"gallery-group images-2\" style=\"width: 392px; height: 461px;\" data-original-width=\"392\" data-original-height=\"461\" > <div class=\"tiled-gallery-item tiled-gallery-item-large\" itemprop=\"associatedMedia\" itemscope itemtype=\"http:\/\/schema.org\/ImageObject\"> <a href=\"https:\/\/i2.wp.com\/miguelsalmondelreal.com\/wp-content\/uploads\/2016\/03\/060-2015-Kalisz-Philharmonic-Orchestra-Poland-1.jpg?ssl=1\" border=\"0\" itemprop=\"url\"> <meta itemprop=\"width\" content=\"388\"> <meta itemprop=\"height\" content=\"257\"> <img loading=\"lazy\" decoding=\"async\" data-attachment-id=\"476\" data-orig-file=\"https:\/\/miguelsalmondelreal.com\/wp-content\/uploads\/2016\/03\/060-2015-Kalisz-Philharmonic-Orchestra-Poland-1.jpg\" data-orig-size=\"4928,3264\" data-comments-opened=\"\" data-image-meta=\"{&quot;aperture&quot;:&quot;6.3&quot;,&quot;credit&quot;:&quot;&quot;,&quot;camera&quot;:&quot;NIKON D7000&quot;,&quot;caption&quot;:&quot;&quot;,&quot;created_timestamp&quot;:&quot;1446843192&quot;,&quot;copyright&quot;:&quot;&quot;,&quot;focal_length&quot;:&quot;185&quot;,&quot;iso&quot;:&quot;3200&quot;,&quot;shutter_speed&quot;:&quot;0.01&quot;,&quot;title&quot;:&quot;60&quot;,&quot;orientation&quot;:&quot;1&quot;}\" data-image-title=\"2015, Kalisz Philharmonic Orchestra, Poland\" data-image-description=\"\" data-medium-file=\"https:\/\/i2.wp.com\/miguelsalmondelreal.com\/wp-content\/uploads\/2016\/03\/060-2015-Kalisz-Philharmonic-Orchestra-Poland-1.jpg?fit=300%2C199&#038;ssl=1\" data-large-file=\"https:\/\/i2.wp.com\/miguelsalmondelreal.com\/wp-content\/uploads\/2016\/03\/060-2015-Kalisz-Philharmonic-Orchestra-Poland-1.jpg?fit=1050%2C695&#038;ssl=1\" src=\"https:\/\/i2.wp.com\/miguelsalmondelreal.com\/wp-content\/uploads\/2016\/03\/060-2015-Kalisz-Philharmonic-Orchestra-Poland-1.jpg?w=388&#038;h=257&#038;ssl=1\" width=\"388\" height=\"257\" data-original-width=\"388\" data-original-height=\"257\" itemprop=\"http:\/\/schema.org\/image\" title=\"2015, Kalisz Philharmonic Orchestra, Poland\" alt=\"2015, Kalisz Philharmonic Orchestra, Poland\" style=\"width: 388px; height: 257px;\" \/> <\/a> <div class=\"tiled-gallery-caption\" itemprop=\"caption description\"> 2015, Kalisz Philharmonic Orchestra, Poland <\/div> <\/div> <div class=\"tiled-gallery-item tiled-gallery-item-large\" itemprop=\"associatedMedia\" itemscope itemtype=\"http:\/\/schema.org\/ImageObject\"> <a href=\"https:\/\/i1.wp.com\/miguelsalmondelreal.com\/wp-content\/uploads\/2016\/03\/051-2014-A-German-Requiem-Brahms.-Michoacan-Symphony-Orchestra.-SNFM-Choir-Conaculta-1.jpg?ssl=1\" border=\"0\" itemprop=\"url\"> <meta itemprop=\"width\" content=\"388\"> <meta itemprop=\"height\" content=\"196\"> <img loading=\"lazy\" decoding=\"async\" data-attachment-id=\"468\" data-orig-file=\"https:\/\/miguelsalmondelreal.com\/wp-content\/uploads\/2016\/03\/051-2014-A-German-Requiem-Brahms.-Michoacan-Symphony-Orchestra.-SNFM-Choir-Conaculta-1.jpg\" data-orig-size=\"5906,2990\" data-comments-opened=\"\" data-image-meta=\"{&quot;aperture&quot;:&quot;0&quot;,&quot;credit&quot;:&quot;&quot;,&quot;camera&quot;:&quot;&quot;,&quot;caption&quot;:&quot;&quot;,&quot;created_timestamp&quot;:&quot;1415002754&quot;,&quot;copyright&quot;:&quot;&quot;,&quot;focal_length&quot;:&quot;0&quot;,&quot;iso&quot;:&quot;0&quot;,&quot;shutter_speed&quot;:&quot;0&quot;,&quot;title&quot;:&quot;51&quot;,&quot;orientation&quot;:&quot;1&quot;}\" data-image-title=\"2014, A German Requiem Brahms. Michoacan Symphony Orchestra. SNFM Choir (Conaculta)\" data-image-description=\"\" data-medium-file=\"https:\/\/i1.wp.com\/miguelsalmondelreal.com\/wp-content\/uploads\/2016\/03\/051-2014-A-German-Requiem-Brahms.-Michoacan-Symphony-Orchestra.-SNFM-Choir-Conaculta-1.jpg?fit=300%2C152&#038;ssl=1\" data-large-file=\"https:\/\/i1.wp.com\/miguelsalmondelreal.com\/wp-content\/uploads\/2016\/03\/051-2014-A-German-Requiem-Brahms.-Michoacan-Symphony-Orchestra.-SNFM-Choir-Conaculta-1.jpg?fit=1050%2C532&#038;ssl=1\" src=\"https:\/\/i1.wp.com\/miguelsalmondelreal.com\/wp-content\/uploads\/2016\/03\/051-2014-A-German-Requiem-Brahms.-Michoacan-Symphony-Orchestra.-SNFM-Choir-Conaculta-1.jpg?w=388&#038;h=196&#038;ssl=1\" width=\"388\" height=\"196\" data-original-width=\"388\" data-original-height=\"196\" itemprop=\"http:\/\/schema.org\/image\" title=\"2014, A German Requiem Brahms. Michoacan Symphony Orchestra. SNFM Choir (Conaculta)\" alt=\"2014, A German Requiem Brahms. Michoacan Symphony Orchestra. SNFM Choir (Conaculta)\" style=\"width: 388px; height: 196px;\" \/> <\/a> <div class=\"tiled-gallery-caption\" itemprop=\"caption description\"> 2014, A German Requiem Brahms. Michoacan Symphony Orchestra. SNFM Choir (Conaculta) <\/div> <\/div> <\/div> <!-- close group --> <\/div> <!-- close row --> <div class=\"gallery-row\" style=\"width: 1050px; height: 623px;\" data-original-width=\"1050\" data-original-height=\"623\" > <div class=\"gallery-group images-3\" style=\"width: 312px; height: 623px;\" data-original-width=\"312\" data-original-height=\"623\" > <div class=\"tiled-gallery-item tiled-gallery-item-large\" itemprop=\"associatedMedia\" itemscope itemtype=\"http:\/\/schema.org\/ImageObject\"> <a href=\"https:\/\/i1.wp.com\/miguelsalmondelreal.com\/wp-content\/uploads\/2016\/03\/061-2015-Kalisz-Philharmonic-Orchestra-Poland-1.jpg?ssl=1\" border=\"0\" itemprop=\"url\"> <meta itemprop=\"width\" content=\"308\"> <meta itemprop=\"height\" content=\"204\"> <img loading=\"lazy\" decoding=\"async\" data-attachment-id=\"477\" data-orig-file=\"https:\/\/miguelsalmondelreal.com\/wp-content\/uploads\/2016\/03\/061-2015-Kalisz-Philharmonic-Orchestra-Poland-1.jpg\" data-orig-size=\"4928,3264\" data-comments-opened=\"\" data-image-meta=\"{&quot;aperture&quot;:&quot;6&quot;,&quot;credit&quot;:&quot;&quot;,&quot;camera&quot;:&quot;NIKON D7000&quot;,&quot;caption&quot;:&quot;&quot;,&quot;created_timestamp&quot;:&quot;1446843882&quot;,&quot;copyright&quot;:&quot;&quot;,&quot;focal_length&quot;:&quot;175&quot;,&quot;iso&quot;:&quot;3200&quot;,&quot;shutter_speed&quot;:&quot;0.02&quot;,&quot;title&quot;:&quot;61&quot;,&quot;orientation&quot;:&quot;1&quot;}\" data-image-title=\"2015, Kalisz Philharmonic Orchestra, Poland\" data-image-description=\"\" data-medium-file=\"https:\/\/i1.wp.com\/miguelsalmondelreal.com\/wp-content\/uploads\/2016\/03\/061-2015-Kalisz-Philharmonic-Orchestra-Poland-1.jpg?fit=300%2C199&#038;ssl=1\" data-large-file=\"https:\/\/i1.wp.com\/miguelsalmondelreal.com\/wp-content\/uploads\/2016\/03\/061-2015-Kalisz-Philharmonic-Orchestra-Poland-1.jpg?fit=1050%2C695&#038;ssl=1\" src=\"https:\/\/i1.wp.com\/miguelsalmondelreal.com\/wp-content\/uploads\/2016\/03\/061-2015-Kalisz-Philharmonic-Orchestra-Poland-1.jpg?w=308&#038;h=204&#038;ssl=1\" width=\"308\" height=\"204\" data-original-width=\"308\" data-original-height=\"204\" itemprop=\"http:\/\/schema.org\/image\" title=\"2015, Kalisz Philharmonic Orchestra, Poland\" alt=\"2015, Kalisz Philharmonic Orchestra, Poland\" style=\"width: 308px; height: 204px;\" \/> <\/a> <div class=\"tiled-gallery-caption\" itemprop=\"caption description\"> 2015, Kalisz Philharmonic Orchestra, Poland <\/div> <\/div> <div class=\"tiled-gallery-item tiled-gallery-item-large\" itemprop=\"associatedMedia\" itemscope itemtype=\"http:\/\/schema.org\/ImageObject\"> <a href=\"https:\/\/i1.wp.com\/miguelsalmondelreal.com\/wp-content\/uploads\/2016\/03\/033-2014-Gaia-Philharmonic-Orchestra.-Portugal.-Photo-Lauren-Maganete-1-1.jpg?ssl=1\" border=\"0\" itemprop=\"url\"> <meta itemprop=\"width\" content=\"308\"> <meta itemprop=\"height\" content=\"202\"> <img loading=\"lazy\" decoding=\"async\" data-attachment-id=\"450\" data-orig-file=\"https:\/\/miguelsalmondelreal.com\/wp-content\/uploads\/2016\/03\/033-2014-Gaia-Philharmonic-Orchestra.-Portugal.-Photo-Lauren-Maganete-1-1.jpg\" data-orig-size=\"710,465\" data-comments-opened=\"\" data-image-meta=\"{&quot;aperture&quot;:&quot;0&quot;,&quot;credit&quot;:&quot;&quot;,&quot;camera&quot;:&quot;&quot;,&quot;caption&quot;:&quot;&quot;,&quot;created_timestamp&quot;:&quot;1405023429&quot;,&quot;copyright&quot;:&quot;&quot;,&quot;focal_length&quot;:&quot;0&quot;,&quot;iso&quot;:&quot;0&quot;,&quot;shutter_speed&quot;:&quot;0&quot;,&quot;title&quot;:&quot;33&quot;,&quot;orientation&quot;:&quot;1&quot;}\" data-image-title=\"2014, Gaia Philharmonic Orchestra. Portugal. Photo, Lauren Maganete\" data-image-description=\"\" data-medium-file=\"https:\/\/i1.wp.com\/miguelsalmondelreal.com\/wp-content\/uploads\/2016\/03\/033-2014-Gaia-Philharmonic-Orchestra.-Portugal.-Photo-Lauren-Maganete-1-1.jpg?fit=300%2C196&#038;ssl=1\" data-large-file=\"https:\/\/i1.wp.com\/miguelsalmondelreal.com\/wp-content\/uploads\/2016\/03\/033-2014-Gaia-Philharmonic-Orchestra.-Portugal.-Photo-Lauren-Maganete-1-1.jpg?fit=710%2C465&#038;ssl=1\" src=\"https:\/\/i1.wp.com\/miguelsalmondelreal.com\/wp-content\/uploads\/2016\/03\/033-2014-Gaia-Philharmonic-Orchestra.-Portugal.-Photo-Lauren-Maganete-1-1.jpg?w=308&#038;h=202&#038;ssl=1\" width=\"308\" height=\"202\" data-original-width=\"308\" data-original-height=\"202\" itemprop=\"http:\/\/schema.org\/image\" title=\"2014, Gaia Philharmonic Orchestra. Portugal. Photo, Lauren Maganete\" alt=\"2014, Gaia Philharmonic Orchestra. Portugal. Photo, Lauren Maganete\" style=\"width: 308px; height: 202px;\" \/> <\/a> <div class=\"tiled-gallery-caption\" itemprop=\"caption description\"> 2014, Gaia Philharmonic Orchestra. Portugal. Photo, Lauren Maganete <\/div> <\/div> <div class=\"tiled-gallery-item tiled-gallery-item-large\" itemprop=\"associatedMedia\" itemscope itemtype=\"http:\/\/schema.org\/ImageObject\"> <a href=\"https:\/\/i2.wp.com\/miguelsalmondelreal.com\/wp-content\/uploads\/2016\/03\/003-2013-Miguel-Samon-Del-Real.-Photo-Ramon-Merino.jpg?ssl=1\" border=\"0\" itemprop=\"url\"> <meta itemprop=\"width\" content=\"308\"> <meta itemprop=\"height\" content=\"205\"> <img loading=\"lazy\" decoding=\"async\" data-attachment-id=\"420\" data-orig-file=\"https:\/\/miguelsalmondelreal.com\/wp-content\/uploads\/2016\/03\/003-2013-Miguel-Samon-Del-Real.-Photo-Ramon-Merino.jpg\" data-orig-size=\"2816,1872\" data-comments-opened=\"\" data-image-meta=\"{&quot;aperture&quot;:&quot;0&quot;,&quot;credit&quot;:&quot;&quot;,&quot;camera&quot;:&quot;&quot;,&quot;caption&quot;:&quot;&quot;,&quot;created_timestamp&quot;:&quot;1394794038&quot;,&quot;copyright&quot;:&quot;&quot;,&quot;focal_length&quot;:&quot;0&quot;,&quot;iso&quot;:&quot;0&quot;,&quot;shutter_speed&quot;:&quot;0&quot;,&quot;title&quot;:&quot;3&quot;,&quot;orientation&quot;:&quot;1&quot;}\" data-image-title=\"2013, Miguel Samon Del Real. Photo, Ramon Merino\" data-image-description=\"\" data-medium-file=\"https:\/\/i2.wp.com\/miguelsalmondelreal.com\/wp-content\/uploads\/2016\/03\/003-2013-Miguel-Samon-Del-Real.-Photo-Ramon-Merino.jpg?fit=300%2C199&#038;ssl=1\" data-large-file=\"https:\/\/i2.wp.com\/miguelsalmondelreal.com\/wp-content\/uploads\/2016\/03\/003-2013-Miguel-Samon-Del-Real.-Photo-Ramon-Merino.jpg?fit=1050%2C698&#038;ssl=1\" src=\"https:\/\/i2.wp.com\/miguelsalmondelreal.com\/wp-content\/uploads\/2016\/03\/003-2013-Miguel-Samon-Del-Real.-Photo-Ramon-Merino.jpg?w=308&#038;h=205&#038;ssl=1\" width=\"308\" height=\"205\" data-original-width=\"308\" data-original-height=\"205\" itemprop=\"http:\/\/schema.org\/image\" title=\"2013, Miguel Samon Del Real. Photo, Ramon Merino\" alt=\"2013, Miguel Samon Del Real. Photo, Ramon Merino\" style=\"width: 308px; height: 205px;\" \/> <\/a> <div class=\"tiled-gallery-caption\" itemprop=\"caption description\"> 2013, Miguel Samon Del Real. Photo, Ramon Merino <\/div> <\/div> <\/div> <!-- close group --> <div class=\"gallery-group images-1\" style=\"width: 417px; height: 623px;\" data-original-width=\"417\" data-original-height=\"623\" > <div class=\"tiled-gallery-item tiled-gallery-item-large\" itemprop=\"associatedMedia\" itemscope itemtype=\"http:\/\/schema.org\/ImageObject\"> <a href=\"https:\/\/i0.wp.com\/miguelsalmondelreal.com\/wp-content\/uploads\/2016\/03\/026-2013-Messa-da-Requiem-Verdi.-Michoacan-Symphony-Orchestra.-Basilica-de-Patzcuaro-Mich.-Mexico.jpg?ssl=1\" border=\"0\" itemprop=\"url\"> <meta itemprop=\"width\" content=\"413\"> <meta itemprop=\"height\" content=\"619\"> <img loading=\"lazy\" decoding=\"async\" data-attachment-id=\"443\" data-orig-file=\"https:\/\/miguelsalmondelreal.com\/wp-content\/uploads\/2016\/03\/026-2013-Messa-da-Requiem-Verdi.-Michoacan-Symphony-Orchestra.-Basilica-de-Patzcuaro-Mich.-Mexico.jpg\" data-orig-size=\"3543,5315\" data-comments-opened=\"\" data-image-meta=\"{&quot;aperture&quot;:&quot;2.8&quot;,&quot;credit&quot;:&quot;&quot;,&quot;camera&quot;:&quot;DSC-H2&quot;,&quot;caption&quot;:&quot;&quot;,&quot;created_timestamp&quot;:&quot;1383344968&quot;,&quot;copyright&quot;:&quot;&quot;,&quot;focal_length&quot;:&quot;6.3&quot;,&quot;iso&quot;:&quot;1000&quot;,&quot;shutter_speed&quot;:&quot;0.025&quot;,&quot;title&quot;:&quot;26&quot;,&quot;orientation&quot;:&quot;1&quot;}\" data-image-title=\"2013, Messa da Requiem Verdi. Michoacan Symphony Orchestra. Basilica de Patzcuaro, Mich., Mexico\" data-image-description=\"\" data-medium-file=\"https:\/\/i0.wp.com\/miguelsalmondelreal.com\/wp-content\/uploads\/2016\/03\/026-2013-Messa-da-Requiem-Verdi.-Michoacan-Symphony-Orchestra.-Basilica-de-Patzcuaro-Mich.-Mexico.jpg?fit=200%2C300&#038;ssl=1\" data-large-file=\"https:\/\/i0.wp.com\/miguelsalmondelreal.com\/wp-content\/uploads\/2016\/03\/026-2013-Messa-da-Requiem-Verdi.-Michoacan-Symphony-Orchestra.-Basilica-de-Patzcuaro-Mich.-Mexico.jpg?fit=800%2C1200&#038;ssl=1\" src=\"https:\/\/i0.wp.com\/miguelsalmondelreal.com\/wp-content\/uploads\/2016\/03\/026-2013-Messa-da-Requiem-Verdi.-Michoacan-Symphony-Orchestra.-Basilica-de-Patzcuaro-Mich.-Mexico.jpg?w=413&#038;h=619&#038;ssl=1\" width=\"413\" height=\"619\" data-original-width=\"413\" data-original-height=\"619\" itemprop=\"http:\/\/schema.org\/image\" title=\"2013, Messa da Requiem Verdi. Michoacan Symphony Orchestra. Basilica de Patzcuaro, Mich., Mexico\" alt=\"2013, Messa da Requiem Verdi. Michoacan Symphony Orchestra. Basilica de Patzcuaro, Mich., Mexico\" style=\"width: 413px; height: 619px;\" \/> <\/a> <div class=\"tiled-gallery-caption\" itemprop=\"caption description\"> 2013, Messa da Requiem Verdi. Michoacan Symphony Orchestra. Basilica de Patzcuaro, Mich., Mexico <\/div> <\/div> <\/div> <!-- close group --> <div class=\"gallery-group images-3\" style=\"width: 321px; height: 623px;\" data-original-width=\"321\" data-original-height=\"623\" > <div class=\"tiled-gallery-item tiled-gallery-item-large\" itemprop=\"associatedMedia\" itemscope itemtype=\"http:\/\/schema.org\/ImageObject\"> <a href=\"https:\/\/i2.wp.com\/miguelsalmondelreal.com\/wp-content\/uploads\/2021\/07\/GI8A9640-Editar.jpg?ssl=1\" border=\"0\" itemprop=\"url\"> <meta itemprop=\"width\" content=\"317\"> <meta itemprop=\"height\" content=\"212\"> <img loading=\"lazy\" decoding=\"async\" data-attachment-id=\"792\" data-orig-file=\"https:\/\/miguelsalmondelreal.com\/wp-content\/uploads\/2021\/07\/GI8A9640-Editar.jpg\" data-orig-size=\"3000,2001\" data-comments-opened=\"\" data-image-meta=\"{&quot;aperture&quot;:&quot;0&quot;,&quot;credit&quot;:&quot;&quot;,&quot;camera&quot;:&quot;&quot;,&quot;caption&quot;:&quot;&quot;,&quot;created_timestamp&quot;:&quot;0&quot;,&quot;copyright&quot;:&quot;&quot;,&quot;focal_length&quot;:&quot;0&quot;,&quot;iso&quot;:&quot;0&quot;,&quot;shutter_speed&quot;:&quot;0&quot;,&quot;title&quot;:&quot;&quot;,&quot;orientation&quot;:&quot;0&quot;}\" data-image-title=\"GI8A9640-Editar\" data-image-description=\"\" data-medium-file=\"https:\/\/i2.wp.com\/miguelsalmondelreal.com\/wp-content\/uploads\/2021\/07\/GI8A9640-Editar.jpg?fit=300%2C200&#038;ssl=1\" data-large-file=\"https:\/\/i2.wp.com\/miguelsalmondelreal.com\/wp-content\/uploads\/2021\/07\/GI8A9640-Editar.jpg?fit=1050%2C700&#038;ssl=1\" src=\"https:\/\/i2.wp.com\/miguelsalmondelreal.com\/wp-content\/uploads\/2021\/07\/GI8A9640-Editar.jpg?w=317&#038;h=212&#038;ssl=1\" width=\"317\" height=\"212\" data-original-width=\"317\" data-original-height=\"212\" itemprop=\"http:\/\/schema.org\/image\" title=\"GI8A9640-Editar\" alt=\"GI8A9640-Editar\" style=\"width: 317px; height: 212px;\" \/> <\/a> <\/div> <div class=\"tiled-gallery-item tiled-gallery-item-large\" itemprop=\"associatedMedia\" itemscope itemtype=\"http:\/\/schema.org\/ImageObject\"> <a href=\"https:\/\/i1.wp.com\/miguelsalmondelreal.com\/wp-content\/uploads\/2016\/03\/063-2016-Warmia-and-Mazury-Philharmonic-Orchestra-Poland.-Monika-Dondalska-violin-1.jpg?ssl=1\" border=\"0\" itemprop=\"url\"> <meta itemprop=\"width\" content=\"317\"> <meta itemprop=\"height\" content=\"211\"> <img loading=\"lazy\" decoding=\"async\" data-attachment-id=\"479\" data-orig-file=\"https:\/\/miguelsalmondelreal.com\/wp-content\/uploads\/2016\/03\/063-2016-Warmia-and-Mazury-Philharmonic-Orchestra-Poland.-Monika-Dondalska-violin-1.jpg\" data-orig-size=\"2000,1333\" data-comments-opened=\"\" data-image-meta=\"{&quot;aperture&quot;:&quot;0&quot;,&quot;credit&quot;:&quot;&quot;,&quot;camera&quot;:&quot;&quot;,&quot;caption&quot;:&quot;&quot;,&quot;created_timestamp&quot;:&quot;1454700339&quot;,&quot;copyright&quot;:&quot;&quot;,&quot;focal_length&quot;:&quot;0&quot;,&quot;iso&quot;:&quot;0&quot;,&quot;shutter_speed&quot;:&quot;0&quot;,&quot;title&quot;:&quot;63&quot;,&quot;orientation&quot;:&quot;1&quot;}\" data-image-title=\"2016, Warmia and Mazury Philharmonic Orchestra, Poland. Monika Dondalska, violin\" data-image-description=\"\" data-medium-file=\"https:\/\/i1.wp.com\/miguelsalmondelreal.com\/wp-content\/uploads\/2016\/03\/063-2016-Warmia-and-Mazury-Philharmonic-Orchestra-Poland.-Monika-Dondalska-violin-1.jpg?fit=300%2C200&#038;ssl=1\" data-large-file=\"https:\/\/i1.wp.com\/miguelsalmondelreal.com\/wp-content\/uploads\/2016\/03\/063-2016-Warmia-and-Mazury-Philharmonic-Orchestra-Poland.-Monika-Dondalska-violin-1.jpg?fit=1050%2C700&#038;ssl=1\" src=\"https:\/\/i1.wp.com\/miguelsalmondelreal.com\/wp-content\/uploads\/2016\/03\/063-2016-Warmia-and-Mazury-Philharmonic-Orchestra-Poland.-Monika-Dondalska-violin-1.jpg?w=317&#038;h=211&#038;ssl=1\" width=\"317\" height=\"211\" data-original-width=\"317\" data-original-height=\"211\" itemprop=\"http:\/\/schema.org\/image\" title=\"2016, Warmia and Mazury Philharmonic Orchestra, Poland. Monika Dondalska, violin\" alt=\"2016, Warmia and Mazury Philharmonic Orchestra, Poland. Monika Dondalska, violin\" style=\"width: 317px; height: 211px;\" \/> <\/a> <div class=\"tiled-gallery-caption\" itemprop=\"caption description\"> 2016, Warmia and Mazury Philharmonic Orchestra, Poland. Monika Dondalska, violin <\/div> <\/div> <div class=\"tiled-gallery-item tiled-gallery-item-large\" itemprop=\"associatedMedia\" itemscope itemtype=\"http:\/\/schema.org\/ImageObject\"> <a href=\"https:\/\/i1.wp.com\/miguelsalmondelreal.com\/wp-content\/uploads\/2016\/03\/072-2013-Messa-da-Requiem-Verdi.-Michoacan-Symphony-Orchestra.-Teatro-Obrero-Zamora-Mich.-Mexico-1.jpg?ssl=1\" border=\"0\" itemprop=\"url\"> <meta itemprop=\"width\" content=\"317\"> <meta itemprop=\"height\" content=\"188\"> <img loading=\"lazy\" decoding=\"async\" data-attachment-id=\"487\" data-orig-file=\"https:\/\/miguelsalmondelreal.com\/wp-content\/uploads\/2016\/03\/072-2013-Messa-da-Requiem-Verdi.-Michoacan-Symphony-Orchestra.-Teatro-Obrero-Zamora-Mich.-Mexico-1.jpg\" data-orig-size=\"4371,2597\" data-comments-opened=\"\" data-image-meta=\"{&quot;aperture&quot;:&quot;0&quot;,&quot;credit&quot;:&quot;&quot;,&quot;camera&quot;:&quot;&quot;,&quot;caption&quot;:&quot;&quot;,&quot;created_timestamp&quot;:&quot;1457527084&quot;,&quot;copyright&quot;:&quot;&quot;,&quot;focal_length&quot;:&quot;0&quot;,&quot;iso&quot;:&quot;0&quot;,&quot;shutter_speed&quot;:&quot;0&quot;,&quot;title&quot;:&quot;72&quot;,&quot;orientation&quot;:&quot;1&quot;}\" data-image-title=\"2013, Messa da Requiem Verdi. Michoacan Symphony Orchestra. Teatro Obrero, Zamora, Mich., Mexico\" data-image-description=\"\" data-medium-file=\"https:\/\/i1.wp.com\/miguelsalmondelreal.com\/wp-content\/uploads\/2016\/03\/072-2013-Messa-da-Requiem-Verdi.-Michoacan-Symphony-Orchestra.-Teatro-Obrero-Zamora-Mich.-Mexico-1.jpg?fit=300%2C178&#038;ssl=1\" data-large-file=\"https:\/\/i1.wp.com\/miguelsalmondelreal.com\/wp-content\/uploads\/2016\/03\/072-2013-Messa-da-Requiem-Verdi.-Michoacan-Symphony-Orchestra.-Teatro-Obrero-Zamora-Mich.-Mexico-1.jpg?fit=1050%2C624&#038;ssl=1\" src=\"https:\/\/i1.wp.com\/miguelsalmondelreal.com\/wp-content\/uploads\/2016\/03\/072-2013-Messa-da-Requiem-Verdi.-Michoacan-Symphony-Orchestra.-Teatro-Obrero-Zamora-Mich.-Mexico-1.jpg?w=317&#038;h=188&#038;ssl=1\" width=\"317\" height=\"188\" data-original-width=\"317\" data-original-height=\"188\" itemprop=\"http:\/\/schema.org\/image\" title=\"2013, Messa da Requiem Verdi. Michoacan Symphony Orchestra. Teatro Obrero, Zamora, Mich., Mexico\" alt=\"2013, Messa da Requiem Verdi. Michoacan Symphony Orchestra. Teatro Obrero, Zamora, Mich., Mexico\" style=\"width: 317px; height: 188px;\" \/> <\/a> <div class=\"tiled-gallery-caption\" itemprop=\"caption description\"> 2013, Messa da Requiem Verdi. Michoacan Symphony Orchestra. Teatro Obrero, Zamora, Mich., Mexico <\/div> <\/div> <\/div> <!-- close group --> <\/div> <!-- close row --> <div class=\"gallery-row\" style=\"width: 1050px; height: 310px;\" data-original-width=\"1050\" data-original-height=\"310\" > <div class=\"gallery-group images-1\" style=\"width: 233px; height: 310px;\" data-original-width=\"233\" data-original-height=\"310\" > <div class=\"tiled-gallery-item tiled-gallery-item-small\" itemprop=\"associatedMedia\" itemscope itemtype=\"http:\/\/schema.org\/ImageObject\"> <a href=\"https:\/\/i1.wp.com\/miguelsalmondelreal.com\/wp-content\/uploads\/2016\/03\/049-2014-A-German-Requiem-Brahms.-Michoacan-Symphony-Orchestra-1.jpg?ssl=1\" border=\"0\" itemprop=\"url\"> <meta itemprop=\"width\" content=\"229\"> <meta itemprop=\"height\" content=\"306\"> <img loading=\"lazy\" decoding=\"async\" data-attachment-id=\"466\" data-orig-file=\"https:\/\/miguelsalmondelreal.com\/wp-content\/uploads\/2016\/03\/049-2014-A-German-Requiem-Brahms.-Michoacan-Symphony-Orchestra-1.jpg\" data-orig-size=\"3100,4134\" data-comments-opened=\"\" data-image-meta=\"{&quot;aperture&quot;:&quot;4&quot;,&quot;credit&quot;:&quot;&quot;,&quot;camera&quot;:&quot;DSC-H2&quot;,&quot;caption&quot;:&quot;&quot;,&quot;created_timestamp&quot;:&quot;1414880813&quot;,&quot;copyright&quot;:&quot;&quot;,&quot;focal_length&quot;:&quot;19.2&quot;,&quot;iso&quot;:&quot;1000&quot;,&quot;shutter_speed&quot;:&quot;0.0166666666667&quot;,&quot;title&quot;:&quot;49&quot;,&quot;orientation&quot;:&quot;1&quot;}\" data-image-title=\"2014, A German Requiem Brahms. Michoacan Symphony Orchestra\" data-image-description=\"\" data-medium-file=\"https:\/\/i1.wp.com\/miguelsalmondelreal.com\/wp-content\/uploads\/2016\/03\/049-2014-A-German-Requiem-Brahms.-Michoacan-Symphony-Orchestra-1.jpg?fit=225%2C300&#038;ssl=1\" data-large-file=\"https:\/\/i1.wp.com\/miguelsalmondelreal.com\/wp-content\/uploads\/2016\/03\/049-2014-A-German-Requiem-Brahms.-Michoacan-Symphony-Orchestra-1.jpg?fit=900%2C1200&#038;ssl=1\" src=\"https:\/\/i1.wp.com\/miguelsalmondelreal.com\/wp-content\/uploads\/2016\/03\/049-2014-A-German-Requiem-Brahms.-Michoacan-Symphony-Orchestra-1.jpg?w=229&#038;h=306&#038;ssl=1\" width=\"229\" height=\"306\" data-original-width=\"229\" data-original-height=\"306\" itemprop=\"http:\/\/schema.org\/image\" title=\"2014, A German Requiem Brahms. Michoacan Symphony Orchestra\" alt=\"2014, A German Requiem Brahms. Michoacan Symphony Orchestra\" style=\"width: 229px; height: 306px;\" \/> <\/a> <div class=\"tiled-gallery-caption\" itemprop=\"caption description\"> 2014, A German Requiem Brahms. Michoacan Symphony Orchestra <\/div> <\/div> <\/div> <!-- close group --> <div class=\"gallery-group images-1\" style=\"width: 386px; height: 310px;\" data-original-width=\"386\" data-original-height=\"310\" > <div class=\"tiled-gallery-item tiled-gallery-item-large\" itemprop=\"associatedMedia\" itemscope itemtype=\"http:\/\/schema.org\/ImageObject\"> <a href=\"https:\/\/i0.wp.com\/miguelsalmondelreal.com\/wp-content\/uploads\/2016\/03\/083-2011-Ensamble-Nuevo-de-Mexico.-Sala-Manuel-M.-Ponce-Fine-Arts-Palace-Mexico-City.jpg?ssl=1\" border=\"0\" itemprop=\"url\"> <meta itemprop=\"width\" content=\"382\"> <meta itemprop=\"height\" content=\"306\"> <img loading=\"lazy\" decoding=\"async\" data-attachment-id=\"498\" data-orig-file=\"https:\/\/miguelsalmondelreal.com\/wp-content\/uploads\/2016\/03\/083-2011-Ensamble-Nuevo-de-Mexico.-Sala-Manuel-M.-Ponce-Fine-Arts-Palace-Mexico-City.jpg\" data-orig-size=\"1344,1075\" data-comments-opened=\"\" data-image-meta=\"{&quot;aperture&quot;:&quot;0&quot;,&quot;credit&quot;:&quot;&quot;,&quot;camera&quot;:&quot;&quot;,&quot;caption&quot;:&quot;&quot;,&quot;created_timestamp&quot;:&quot;0&quot;,&quot;copyright&quot;:&quot;&quot;,&quot;focal_length&quot;:&quot;0&quot;,&quot;iso&quot;:&quot;0&quot;,&quot;shutter_speed&quot;:&quot;0&quot;,&quot;title&quot;:&quot;&quot;,&quot;orientation&quot;:&quot;1&quot;}\" data-image-title=\"2011, Ensamble Nuevo de Mexico. Sala Manuel M. Ponce, Fine Arts Palace, Mexico City\" data-image-description=\"\" data-medium-file=\"https:\/\/i0.wp.com\/miguelsalmondelreal.com\/wp-content\/uploads\/2016\/03\/083-2011-Ensamble-Nuevo-de-Mexico.-Sala-Manuel-M.-Ponce-Fine-Arts-Palace-Mexico-City.jpg?fit=300%2C240&#038;ssl=1\" data-large-file=\"https:\/\/i0.wp.com\/miguelsalmondelreal.com\/wp-content\/uploads\/2016\/03\/083-2011-Ensamble-Nuevo-de-Mexico.-Sala-Manuel-M.-Ponce-Fine-Arts-Palace-Mexico-City.jpg?fit=1050%2C840&#038;ssl=1\" src=\"https:\/\/i0.wp.com\/miguelsalmondelreal.com\/wp-content\/uploads\/2016\/03\/083-2011-Ensamble-Nuevo-de-Mexico.-Sala-Manuel-M.-Ponce-Fine-Arts-Palace-Mexico-City.jpg?w=382&#038;h=306&#038;ssl=1\" width=\"382\" height=\"306\" data-original-width=\"382\" data-original-height=\"306\" itemprop=\"http:\/\/schema.org\/image\" title=\"2011, Ensamble Nuevo de Mexico. Sala Manuel M. Ponce, Fine Arts Palace, Mexico City\" alt=\"2011, Ensamble Nuevo de Mexico. Sala Manuel M. Ponce, Fine Arts Palace, Mexico City\" style=\"width: 382px; height: 306px;\" \/> <\/a> <div class=\"tiled-gallery-caption\" itemprop=\"caption description\"> 2011, Ensamble Nuevo de Mexico. Sala Manuel M. Ponce, Fine Arts Palace, Mexico City <\/div> <\/div> <\/div> <!-- close group --> <div class=\"gallery-group images-1\" style=\"width: 431px; height: 310px;\" data-original-width=\"431\" data-original-height=\"310\" > <div class=\"tiled-gallery-item tiled-gallery-item-large\" itemprop=\"associatedMedia\" itemscope itemtype=\"http:\/\/schema.org\/ImageObject\"> <a href=\"https:\/\/i0.wp.com\/miguelsalmondelreal.com\/wp-content\/uploads\/2021\/07\/MIGUEL_DEL_REAL_0210-e1627948146114.jpg?ssl=1\" border=\"0\" itemprop=\"url\"> <meta itemprop=\"width\" content=\"427\"> <meta itemprop=\"height\" content=\"306\"> <img loading=\"lazy\" decoding=\"async\" data-attachment-id=\"781\" data-orig-file=\"https:\/\/miguelsalmondelreal.com\/wp-content\/uploads\/2021\/07\/MIGUEL_DEL_REAL_0210-e1627948146114.jpg\" data-orig-size=\"2347,1680\" data-comments-opened=\"\" data-image-meta=\"{&quot;aperture&quot;:&quot;0&quot;,&quot;credit&quot;:&quot;&quot;,&quot;camera&quot;:&quot;&quot;,&quot;caption&quot;:&quot;&quot;,&quot;created_timestamp&quot;:&quot;0&quot;,&quot;copyright&quot;:&quot;&quot;,&quot;focal_length&quot;:&quot;0&quot;,&quot;iso&quot;:&quot;0&quot;,&quot;shutter_speed&quot;:&quot;0&quot;,&quot;title&quot;:&quot;&quot;,&quot;orientation&quot;:&quot;0&quot;}\" data-image-title=\"MIGUEL_DEL_REAL_0210\" data-image-description=\"\" data-medium-file=\"https:\/\/i0.wp.com\/miguelsalmondelreal.com\/wp-content\/uploads\/2021\/07\/MIGUEL_DEL_REAL_0210-e1627948146114.jpg?fit=300%2C215&#038;ssl=1\" data-large-file=\"https:\/\/i0.wp.com\/miguelsalmondelreal.com\/wp-content\/uploads\/2021\/07\/MIGUEL_DEL_REAL_0210-e1627948146114.jpg?fit=1050%2C752&#038;ssl=1\" src=\"https:\/\/i0.wp.com\/miguelsalmondelreal.com\/wp-content\/uploads\/2021\/07\/MIGUEL_DEL_REAL_0210-e1627948146114.jpg?w=427&#038;h=306&#038;ssl=1\" width=\"427\" height=\"306\" data-original-width=\"427\" data-original-height=\"306\" itemprop=\"http:\/\/schema.org\/image\" title=\"MIGUEL_DEL_REAL_0210\" alt=\"MIGUEL_DEL_REAL_0210\" style=\"width: 427px; height: 306px;\" \/> <\/a> <\/div> <\/div> <!-- close group --> <\/div> <!-- close row --> <div class=\"gallery-row\" style=\"width: 1050px; height: 542px;\" data-original-width=\"1050\" data-original-height=\"542\" > <div class=\"gallery-group images-1\" style=\"width: 688px; height: 542px;\" data-original-width=\"688\" data-original-height=\"542\" > <div class=\"tiled-gallery-item tiled-gallery-item-large\" itemprop=\"associatedMedia\" itemscope itemtype=\"http:\/\/schema.org\/ImageObject\"> <a href=\"https:\/\/i1.wp.com\/miguelsalmondelreal.com\/wp-content\/uploads\/2016\/03\/005-2014-Michoacan-Symphony-Orchestra.-Teatro-Ocampo-Morelia-Mich.-Mexico.-Photo-Ramon-Merino.jpg?ssl=1\" border=\"0\" itemprop=\"url\"> <meta itemprop=\"width\" content=\"684\"> <meta itemprop=\"height\" content=\"538\"> <img loading=\"lazy\" decoding=\"async\" data-attachment-id=\"422\" data-orig-file=\"https:\/\/miguelsalmondelreal.com\/wp-content\/uploads\/2016\/03\/005-2014-Michoacan-Symphony-Orchestra.-Teatro-Ocampo-Morelia-Mich.-Mexico.-Photo-Ramon-Merino.jpg\" data-orig-size=\"3645,2867\" data-comments-opened=\"\" data-image-meta=\"{&quot;aperture&quot;:&quot;2.8&quot;,&quot;credit&quot;:&quot;&quot;,&quot;camera&quot;:&quot;Canon EOS 7D&quot;,&quot;caption&quot;:&quot;&quot;,&quot;created_timestamp&quot;:&quot;1411720426&quot;,&quot;copyright&quot;:&quot;&quot;,&quot;focal_length&quot;:&quot;86&quot;,&quot;iso&quot;:&quot;1000&quot;,&quot;shutter_speed&quot;:&quot;0.0166666666667&quot;,&quot;title&quot;:&quot;5&quot;,&quot;orientation&quot;:&quot;1&quot;}\" data-image-title=\"2014, Michoacan Symphony Orchestra. Teatro Ocampo, Morelia, Mich. Mexico. Photo, Ramon Merino\" data-image-description=\"\" data-medium-file=\"https:\/\/i1.wp.com\/miguelsalmondelreal.com\/wp-content\/uploads\/2016\/03\/005-2014-Michoacan-Symphony-Orchestra.-Teatro-Ocampo-Morelia-Mich.-Mexico.-Photo-Ramon-Merino.jpg?fit=300%2C236&#038;ssl=1\" data-large-file=\"https:\/\/i1.wp.com\/miguelsalmondelreal.com\/wp-content\/uploads\/2016\/03\/005-2014-Michoacan-Symphony-Orchestra.-Teatro-Ocampo-Morelia-Mich.-Mexico.-Photo-Ramon-Merino.jpg?fit=1050%2C826&#038;ssl=1\" src=\"https:\/\/i1.wp.com\/miguelsalmondelreal.com\/wp-content\/uploads\/2016\/03\/005-2014-Michoacan-Symphony-Orchestra.-Teatro-Ocampo-Morelia-Mich.-Mexico.-Photo-Ramon-Merino.jpg?w=684&#038;h=538&#038;ssl=1\" width=\"684\" height=\"538\" data-original-width=\"684\" data-original-height=\"538\" itemprop=\"http:\/\/schema.org\/image\" title=\"2014, Michoacan Symphony Orchestra. Teatro Ocampo, Morelia, Mich. Mexico. Photo, Ramon Merino\" alt=\"2014, Michoacan Symphony Orchestra. Teatro Ocampo, Morelia, Mich. Mexico. Photo, Ramon Merino\" style=\"width: 684px; height: 538px;\" \/> <\/a> <div class=\"tiled-gallery-caption\" itemprop=\"caption description\"> 2014, Michoacan Symphony Orchestra. Teatro Ocampo, Morelia, Mich. Mexico. Photo, Ramon Merino <\/div> <\/div> <\/div> <!-- close group --> <div class=\"gallery-group images-1\" style=\"width: 362px; height: 542px;\" data-original-width=\"362\" data-original-height=\"542\" > <div class=\"tiled-gallery-item tiled-gallery-item-large\" itemprop=\"associatedMedia\" itemscope itemtype=\"http:\/\/schema.org\/ImageObject\"> <a href=\"https:\/\/i1.wp.com\/miguelsalmondelreal.com\/wp-content\/uploads\/2016\/03\/067-Michoacan-Symphony-Orchestra.-Photo-Carlos-Cuin.jpg?ssl=1\" border=\"0\" itemprop=\"url\"> <meta itemprop=\"width\" content=\"358\"> <meta itemprop=\"height\" content=\"538\"> <img loading=\"lazy\" decoding=\"async\" data-attachment-id=\"483\" data-orig-file=\"https:\/\/miguelsalmondelreal.com\/wp-content\/uploads\/2016\/03\/067-Michoacan-Symphony-Orchestra.-Photo-Carlos-Cuin.jpg\" data-orig-size=\"4000,6000\" data-comments-opened=\"\" data-image-meta=\"{&quot;aperture&quot;:&quot;4.5&quot;,&quot;credit&quot;:&quot;&quot;,&quot;camera&quot;:&quot;NIKON D5200&quot;,&quot;caption&quot;:&quot;&quot;,&quot;created_timestamp&quot;:&quot;1397164484&quot;,&quot;copyright&quot;:&quot;&quot;,&quot;focal_length&quot;:&quot;85&quot;,&quot;iso&quot;:&quot;4000&quot;,&quot;shutter_speed&quot;:&quot;0.005&quot;,&quot;title&quot;:&quot;67&quot;,&quot;orientation&quot;:&quot;1&quot;}\" data-image-title=\"Michoacan Symphony Orchestra. Photo, Carlos Cuin\" data-image-description=\"\" data-medium-file=\"https:\/\/i1.wp.com\/miguelsalmondelreal.com\/wp-content\/uploads\/2016\/03\/067-Michoacan-Symphony-Orchestra.-Photo-Carlos-Cuin.jpg?fit=200%2C300&#038;ssl=1\" data-large-file=\"https:\/\/i1.wp.com\/miguelsalmondelreal.com\/wp-content\/uploads\/2016\/03\/067-Michoacan-Symphony-Orchestra.-Photo-Carlos-Cuin.jpg?fit=800%2C1200&#038;ssl=1\" src=\"https:\/\/i1.wp.com\/miguelsalmondelreal.com\/wp-content\/uploads\/2016\/03\/067-Michoacan-Symphony-Orchestra.-Photo-Carlos-Cuin.jpg?w=358&#038;h=538&#038;ssl=1\" width=\"358\" height=\"538\" data-original-width=\"358\" data-original-height=\"538\" itemprop=\"http:\/\/schema.org\/image\" title=\"Michoacan Symphony Orchestra. Photo, Carlos Cuin\" alt=\"Michoacan Symphony Orchestra. Photo, Carlos Cuin\" style=\"width: 358px; height: 538px;\" \/> <\/a> <div class=\"tiled-gallery-caption\" itemprop=\"caption description\"> Michoacan Symphony Orchestra. Photo, Carlos Cuin <\/div> <\/div> <\/div> <!-- close group --> <\/div> <!-- close row --> <div class=\"gallery-row\" style=\"width: 1050px; height: 480px;\" data-original-width=\"1050\" data-original-height=\"480\" > <div class=\"gallery-group images-1\" style=\"width: 717px; height: 480px;\" data-original-width=\"717\" data-original-height=\"480\" > <div class=\"tiled-gallery-item tiled-gallery-item-large\" itemprop=\"associatedMedia\" itemscope itemtype=\"http:\/\/schema.org\/ImageObject\"> <a href=\"https:\/\/i0.wp.com\/miguelsalmondelreal.com\/wp-content\/uploads\/2021\/07\/GI8A8189-Editar-2.jpg?ssl=1\" border=\"0\" itemprop=\"url\"> <meta itemprop=\"width\" content=\"713\"> <meta itemprop=\"height\" content=\"476\"> <img loading=\"lazy\" decoding=\"async\" data-attachment-id=\"775\" data-orig-file=\"https:\/\/miguelsalmondelreal.com\/wp-content\/uploads\/2021\/07\/GI8A8189-Editar-2.jpg\" data-orig-size=\"3000,2000\" data-comments-opened=\"\" data-image-meta=\"{&quot;aperture&quot;:&quot;0&quot;,&quot;credit&quot;:&quot;&quot;,&quot;camera&quot;:&quot;&quot;,&quot;caption&quot;:&quot;&quot;,&quot;created_timestamp&quot;:&quot;0&quot;,&quot;copyright&quot;:&quot;&quot;,&quot;focal_length&quot;:&quot;0&quot;,&quot;iso&quot;:&quot;0&quot;,&quot;shutter_speed&quot;:&quot;0&quot;,&quot;title&quot;:&quot;&quot;,&quot;orientation&quot;:&quot;0&quot;}\" data-image-title=\"GI8A8189-Editar-2\" data-image-description=\"\" data-medium-file=\"https:\/\/i0.wp.com\/miguelsalmondelreal.com\/wp-content\/uploads\/2021\/07\/GI8A8189-Editar-2.jpg?fit=300%2C200&#038;ssl=1\" data-large-file=\"https:\/\/i0.wp.com\/miguelsalmondelreal.com\/wp-content\/uploads\/2021\/07\/GI8A8189-Editar-2.jpg?fit=1050%2C700&#038;ssl=1\" src=\"https:\/\/i0.wp.com\/miguelsalmondelreal.com\/wp-content\/uploads\/2021\/07\/GI8A8189-Editar-2.jpg?w=713&#038;h=476&#038;ssl=1\" width=\"713\" height=\"476\" data-original-width=\"713\" data-original-height=\"476\" itemprop=\"http:\/\/schema.org\/image\" title=\"GI8A8189-Editar-2\" alt=\"GI8A8189-Editar-2\" style=\"width: 713px; height: 476px;\" \/> <\/a> <\/div> <\/div> <!-- close group --> <div class=\"gallery-group images-2\" style=\"width: 333px; height: 480px;\" data-original-width=\"333\" data-original-height=\"480\" > <div class=\"tiled-gallery-item tiled-gallery-item-large\" itemprop=\"associatedMedia\" itemscope itemtype=\"http:\/\/schema.org\/ImageObject\"> <a href=\"https:\/\/i0.wp.com\/miguelsalmondelreal.com\/wp-content\/uploads\/2016\/03\/012-2014-OPERA-CARMEN.-Teatro-Obrero-Zamora-Mich.-Mexico.-SECUM-INBA-Opera-en-los-Estados-2.jpg?ssl=1\" border=\"0\" itemprop=\"url\"> <meta itemprop=\"width\" content=\"329\"> <meta itemprop=\"height\" content=\"253\"> <img loading=\"lazy\" decoding=\"async\" data-attachment-id=\"503\" data-orig-file=\"https:\/\/miguelsalmondelreal.com\/wp-content\/uploads\/2016\/03\/012-2014-OPERA-CARMEN.-Teatro-Obrero-Zamora-Mich.-Mexico.-SECUM-INBA-Opera-en-los-Estados-2.jpg\" data-orig-size=\"4098,3149\" data-comments-opened=\"\" data-image-meta=\"{&quot;aperture&quot;:&quot;0&quot;,&quot;credit&quot;:&quot;&quot;,&quot;camera&quot;:&quot;&quot;,&quot;caption&quot;:&quot;&quot;,&quot;created_timestamp&quot;:&quot;0&quot;,&quot;copyright&quot;:&quot;&quot;,&quot;focal_length&quot;:&quot;0&quot;,&quot;iso&quot;:&quot;0&quot;,&quot;shutter_speed&quot;:&quot;0&quot;,&quot;title&quot;:&quot;&quot;,&quot;orientation&quot;:&quot;1&quot;}\" data-image-title=\"2014, OPERA CARMEN. Teatro Obrero, Zamora, Mich., Mexico. SECUM-INBA (Opera en los Estados)\" data-image-description=\"\" data-medium-file=\"https:\/\/i0.wp.com\/miguelsalmondelreal.com\/wp-content\/uploads\/2016\/03\/012-2014-OPERA-CARMEN.-Teatro-Obrero-Zamora-Mich.-Mexico.-SECUM-INBA-Opera-en-los-Estados-2.jpg?fit=300%2C231&#038;ssl=1\" data-large-file=\"https:\/\/i0.wp.com\/miguelsalmondelreal.com\/wp-content\/uploads\/2016\/03\/012-2014-OPERA-CARMEN.-Teatro-Obrero-Zamora-Mich.-Mexico.-SECUM-INBA-Opera-en-los-Estados-2.jpg?fit=1050%2C807&#038;ssl=1\" src=\"https:\/\/i0.wp.com\/miguelsalmondelreal.com\/wp-content\/uploads\/2016\/03\/012-2014-OPERA-CARMEN.-Teatro-Obrero-Zamora-Mich.-Mexico.-SECUM-INBA-Opera-en-los-Estados-2.jpg?w=329&#038;h=253&#038;ssl=1\" width=\"329\" height=\"253\" data-original-width=\"329\" data-original-height=\"253\" itemprop=\"http:\/\/schema.org\/image\" title=\"2014, OPERA CARMEN. Teatro Obrero, Zamora, Mich., Mexico. SECUM-INBA (Opera en los Estados)\" alt=\"2014, OPERA CARMEN. Teatro Obrero, Zamora, Mich., Mexico. SECUM-INBA (Opera en los Estados)\" style=\"width: 329px; height: 253px;\" \/> <\/a> <div class=\"tiled-gallery-caption\" itemprop=\"caption description\"> 2014, OPERA CARMEN. Teatro Obrero, Zamora, Mich., Mexico. SECUM-INBA (Opera en los Estados) <\/div> <\/div> <div class=\"tiled-gallery-item tiled-gallery-item-large\" itemprop=\"associatedMedia\" itemscope itemtype=\"http:\/\/schema.org\/ImageObject\"> <a href=\"https:\/\/i0.wp.com\/miguelsalmondelreal.com\/wp-content\/uploads\/2016\/03\/016-2015-Guanuajuato-Symphony-Orchestra.-Teatro-de-la-Ciudad-Gto.-Mexico.-Photo-Beto-Gutierrez-.jpg?ssl=1\" border=\"0\" itemprop=\"url\"> <meta itemprop=\"width\" content=\"329\"> <meta itemprop=\"height\" content=\"219\"> <img loading=\"lazy\" decoding=\"async\" data-attachment-id=\"433\" data-orig-file=\"https:\/\/miguelsalmondelreal.com\/wp-content\/uploads\/2016\/03\/016-2015-Guanuajuato-Symphony-Orchestra.-Teatro-de-la-Ciudad-Gto.-Mexico.-Photo-Beto-Gutierrez-.jpg\" data-orig-size=\"1814,1210\" data-comments-opened=\"\" data-image-meta=\"{&quot;aperture&quot;:&quot;0&quot;,&quot;credit&quot;:&quot;&quot;,&quot;camera&quot;:&quot;&quot;,&quot;caption&quot;:&quot;&quot;,&quot;created_timestamp&quot;:&quot;1425725490&quot;,&quot;copyright&quot;:&quot;&quot;,&quot;focal_length&quot;:&quot;0&quot;,&quot;iso&quot;:&quot;0&quot;,&quot;shutter_speed&quot;:&quot;0&quot;,&quot;title&quot;:&quot;&quot;,&quot;orientation&quot;:&quot;1&quot;}\" data-image-title=\"2015, Guanuajuato Symphony Orchestra. Teatro de la Ciudad, Gto., Mexico. Photo, Beto Gutierrez\" data-image-description=\"\" data-medium-file=\"https:\/\/i0.wp.com\/miguelsalmondelreal.com\/wp-content\/uploads\/2016\/03\/016-2015-Guanuajuato-Symphony-Orchestra.-Teatro-de-la-Ciudad-Gto.-Mexico.-Photo-Beto-Gutierrez-.jpg?fit=300%2C200&#038;ssl=1\" data-large-file=\"https:\/\/i0.wp.com\/miguelsalmondelreal.com\/wp-content\/uploads\/2016\/03\/016-2015-Guanuajuato-Symphony-Orchestra.-Teatro-de-la-Ciudad-Gto.-Mexico.-Photo-Beto-Gutierrez-.jpg?fit=1050%2C700&#038;ssl=1\" src=\"https:\/\/i0.wp.com\/miguelsalmondelreal.com\/wp-content\/uploads\/2016\/03\/016-2015-Guanuajuato-Symphony-Orchestra.-Teatro-de-la-Ciudad-Gto.-Mexico.-Photo-Beto-Gutierrez-.jpg?w=329&#038;h=219&#038;ssl=1\" width=\"329\" height=\"219\" data-original-width=\"329\" data-original-height=\"219\" itemprop=\"http:\/\/schema.org\/image\" title=\"2015, Guanuajuato Symphony Orchestra. Teatro de la Ciudad, Gto., Mexico. Photo, Beto Gutierrez\" alt=\"2015, Guanuajuato Symphony Orchestra. Teatro de la Ciudad, Gto., Mexico. Photo, Beto Gutierrez\" style=\"width: 329px; height: 219px;\" \/> <\/a> <div class=\"tiled-gallery-caption\" itemprop=\"caption description\"> 2015, Guanuajuato Symphony Orchestra. Teatro de la Ciudad, Gto., Mexico. Photo, Beto Gutierrez <\/div> <\/div> <\/div> <!-- close group --> <\/div> <!-- close row --> <div class=\"gallery-row\" style=\"width: 1050px; height: 182px;\" data-original-width=\"1050\" data-original-height=\"182\" > <div class=\"gallery-group images-1\" style=\"width: 271px; height: 182px;\" data-original-width=\"271\" data-original-height=\"182\" > <div class=\"tiled-gallery-item tiled-gallery-item-large\" itemprop=\"associatedMedia\" itemscope itemtype=\"http:\/\/schema.org\/ImageObject\"> <a href=\"https:\/\/i0.wp.com\/miguelsalmondelreal.com\/wp-content\/uploads\/2021\/07\/GI8A9718.jpg?ssl=1\" border=\"0\" itemprop=\"url\"> <meta itemprop=\"width\" content=\"267\"> <meta itemprop=\"height\" content=\"178\"> <img loading=\"lazy\" decoding=\"async\" data-attachment-id=\"785\" data-orig-file=\"https:\/\/miguelsalmondelreal.com\/wp-content\/uploads\/2021\/07\/GI8A9718.jpg\" data-orig-size=\"3000,2000\" data-comments-opened=\"\" data-image-meta=\"{&quot;aperture&quot;:&quot;0&quot;,&quot;credit&quot;:&quot;&quot;,&quot;camera&quot;:&quot;&quot;,&quot;caption&quot;:&quot;&quot;,&quot;created_timestamp&quot;:&quot;0&quot;,&quot;copyright&quot;:&quot;&quot;,&quot;focal_length&quot;:&quot;0&quot;,&quot;iso&quot;:&quot;0&quot;,&quot;shutter_speed&quot;:&quot;0&quot;,&quot;title&quot;:&quot;&quot;,&quot;orientation&quot;:&quot;0&quot;}\" data-image-title=\"GI8A9718\" data-image-description=\"\" data-medium-file=\"https:\/\/i0.wp.com\/miguelsalmondelreal.com\/wp-content\/uploads\/2021\/07\/GI8A9718.jpg?fit=300%2C200&#038;ssl=1\" data-large-file=\"https:\/\/i0.wp.com\/miguelsalmondelreal.com\/wp-content\/uploads\/2021\/07\/GI8A9718.jpg?fit=1050%2C700&#038;ssl=1\" src=\"https:\/\/i0.wp.com\/miguelsalmondelreal.com\/wp-content\/uploads\/2021\/07\/GI8A9718.jpg?w=267&#038;h=178&#038;ssl=1\" width=\"267\" height=\"178\" data-original-width=\"267\" data-original-height=\"178\" itemprop=\"http:\/\/schema.org\/image\" title=\"GI8A9718\" alt=\"GI8A9718\" style=\"width: 267px; height: 178px;\" \/> <\/a> <\/div> <\/div> <!-- close group --> <div class=\"gallery-group images-1\" style=\"width: 239px; height: 182px;\" data-original-width=\"239\" data-original-height=\"182\" > <div class=\"tiled-gallery-item tiled-gallery-item-small\" itemprop=\"associatedMedia\" itemscope itemtype=\"http:\/\/schema.org\/ImageObject\"> <a href=\"https:\/\/i0.wp.com\/miguelsalmondelreal.com\/wp-content\/uploads\/2016\/03\/073-2015-at-rehearsal-in-Poland-with-the-Kalisz-Philharmonic-Orchestra.-Music-by-Revueltas-1.jpg?ssl=1\" border=\"0\" itemprop=\"url\"> <meta itemprop=\"width\" content=\"235\"> <meta itemprop=\"height\" content=\"178\"> <img loading=\"lazy\" decoding=\"async\" data-attachment-id=\"488\" data-orig-file=\"https:\/\/miguelsalmondelreal.com\/wp-content\/uploads\/2016\/03\/073-2015-at-rehearsal-in-Poland-with-the-Kalisz-Philharmonic-Orchestra.-Music-by-Revueltas-1.jpg\" data-orig-size=\"1820,1374\" data-comments-opened=\"\" data-image-meta=\"{&quot;aperture&quot;:&quot;0&quot;,&quot;credit&quot;:&quot;&quot;,&quot;camera&quot;:&quot;&quot;,&quot;caption&quot;:&quot;&quot;,&quot;created_timestamp&quot;:&quot;1457529249&quot;,&quot;copyright&quot;:&quot;&quot;,&quot;focal_length&quot;:&quot;0&quot;,&quot;iso&quot;:&quot;0&quot;,&quot;shutter_speed&quot;:&quot;0&quot;,&quot;title&quot;:&quot;73&quot;,&quot;orientation&quot;:&quot;1&quot;}\" data-image-title=\"2015, at rehearsal in Poland with the Kalisz Philharmonic Orchestra. Music by Revueltas\" data-image-description=\"\" data-medium-file=\"https:\/\/i0.wp.com\/miguelsalmondelreal.com\/wp-content\/uploads\/2016\/03\/073-2015-at-rehearsal-in-Poland-with-the-Kalisz-Philharmonic-Orchestra.-Music-by-Revueltas-1.jpg?fit=300%2C226&#038;ssl=1\" data-large-file=\"https:\/\/i0.wp.com\/miguelsalmondelreal.com\/wp-content\/uploads\/2016\/03\/073-2015-at-rehearsal-in-Poland-with-the-Kalisz-Philharmonic-Orchestra.-Music-by-Revueltas-1.jpg?fit=1050%2C792&#038;ssl=1\" src=\"https:\/\/i0.wp.com\/miguelsalmondelreal.com\/wp-content\/uploads\/2016\/03\/073-2015-at-rehearsal-in-Poland-with-the-Kalisz-Philharmonic-Orchestra.-Music-by-Revueltas-1.jpg?w=235&#038;h=178&#038;ssl=1\" width=\"235\" height=\"178\" data-original-width=\"235\" data-original-height=\"178\" itemprop=\"http:\/\/schema.org\/image\" title=\"2015, at rehearsal in Poland with the Kalisz Philharmonic Orchestra. Music by Revueltas\" alt=\"2015, at rehearsal in Poland with the Kalisz Philharmonic Orchestra. Music by Revueltas\" style=\"width: 235px; height: 178px;\" \/> <\/a> <div class=\"tiled-gallery-caption\" itemprop=\"caption description\"> 2015, at rehearsal in Poland with the Kalisz Philharmonic Orchestra. Music by Revueltas <\/div> <\/div> <\/div> <!-- close group --> <div class=\"gallery-group images-1\" style=\"width: 270px; height: 182px;\" data-original-width=\"270\" data-original-height=\"182\" > <div class=\"tiled-gallery-item tiled-gallery-item-large\" itemprop=\"associatedMedia\" itemscope itemtype=\"http:\/\/schema.org\/ImageObject\"> <a href=\"https:\/\/i1.wp.com\/miguelsalmondelreal.com\/wp-content\/uploads\/2016\/03\/002-2013-Michoacan-Symphony-Orchestra.-Messa-da-Requiem-Verdi.-Teatro-Obrero-Zamora-Mich.-Mexico.jpg?ssl=1\" border=\"0\" itemprop=\"url\"> <meta itemprop=\"width\" content=\"266\"> <meta itemprop=\"height\" content=\"178\"> <img loading=\"lazy\" decoding=\"async\" data-attachment-id=\"419\" data-orig-file=\"https:\/\/miguelsalmondelreal.com\/wp-content\/uploads\/2016\/03\/002-2013-Michoacan-Symphony-Orchestra.-Messa-da-Requiem-Verdi.-Teatro-Obrero-Zamora-Mich.-Mexico.jpg\" data-orig-size=\"4724,3150\" data-comments-opened=\"\" data-image-meta=\"{&quot;aperture&quot;:&quot;0&quot;,&quot;credit&quot;:&quot;&quot;,&quot;camera&quot;:&quot;&quot;,&quot;caption&quot;:&quot;&quot;,&quot;created_timestamp&quot;:&quot;1383216488&quot;,&quot;copyright&quot;:&quot;&quot;,&quot;focal_length&quot;:&quot;0&quot;,&quot;iso&quot;:&quot;0&quot;,&quot;shutter_speed&quot;:&quot;0&quot;,&quot;title&quot;:&quot;2&quot;,&quot;orientation&quot;:&quot;1&quot;}\" data-image-title=\"2013, Michoacan Symphony Orchestra. Messa da Requiem Verdi. Teatro Obrero, Zamora, Mich. Mexico\" data-image-description=\"\" data-medium-file=\"https:\/\/i1.wp.com\/miguelsalmondelreal.com\/wp-content\/uploads\/2016\/03\/002-2013-Michoacan-Symphony-Orchestra.-Messa-da-Requiem-Verdi.-Teatro-Obrero-Zamora-Mich.-Mexico.jpg?fit=300%2C200&#038;ssl=1\" data-large-file=\"https:\/\/i1.wp.com\/miguelsalmondelreal.com\/wp-content\/uploads\/2016\/03\/002-2013-Michoacan-Symphony-Orchestra.-Messa-da-Requiem-Verdi.-Teatro-Obrero-Zamora-Mich.-Mexico.jpg?fit=1050%2C700&#038;ssl=1\" src=\"https:\/\/i1.wp.com\/miguelsalmondelreal.com\/wp-content\/uploads\/2016\/03\/002-2013-Michoacan-Symphony-Orchestra.-Messa-da-Requiem-Verdi.-Teatro-Obrero-Zamora-Mich.-Mexico.jpg?w=266&#038;h=178&#038;ssl=1\" width=\"266\" height=\"178\" data-original-width=\"266\" data-original-height=\"178\" itemprop=\"http:\/\/schema.org\/image\" title=\"2013, Michoacan Symphony Orchestra. Messa da Requiem Verdi. Teatro Obrero, Zamora, Mich. Mexico\" alt=\"2013, Michoacan Symphony Orchestra. Messa da Requiem Verdi. Teatro Obrero, Zamora, Mich. Mexico\" style=\"width: 266px; height: 178px;\" \/> <\/a> <div class=\"tiled-gallery-caption\" itemprop=\"caption description\"> 2013, Michoacan Symphony Orchestra. Messa da Requiem Verdi. Teatro Obrero, Zamora, Mich. Mexico <\/div> <\/div> <\/div> <!-- close group --> <div class=\"gallery-group images-1\" style=\"width: 270px; height: 182px;\" data-original-width=\"270\" data-original-height=\"182\" > <div class=\"tiled-gallery-item tiled-gallery-item-large\" itemprop=\"associatedMedia\" itemscope itemtype=\"http:\/\/schema.org\/ImageObject\"> <a href=\"https:\/\/i0.wp.com\/miguelsalmondelreal.com\/wp-content\/uploads\/2017\/12\/87-2017-Orquesta-Sinfonica-Sinaloa-de-las-Artes_Debut-Concert-as-Chief-Conductor_Teatro-Pablo-de-Villavicencio_Culiacan-Mexico.jpg?ssl=1\" border=\"0\" itemprop=\"url\"> <meta itemprop=\"width\" content=\"266\"> <meta itemprop=\"height\" content=\"178\"> <img loading=\"lazy\" decoding=\"async\" data-attachment-id=\"610\" data-orig-file=\"https:\/\/miguelsalmondelreal.com\/wp-content\/uploads\/2017\/12\/87-2017-Orquesta-Sinfonica-Sinaloa-de-las-Artes_Debut-Concert-as-Chief-Conductor_Teatro-Pablo-de-Villavicencio_Culiacan-Mexico.jpg\" data-orig-size=\"3840,2560\" data-comments-opened=\"\" data-image-meta=\"{&quot;aperture&quot;:&quot;4&quot;,&quot;credit&quot;:&quot;YanethGomez&quot;,&quot;camera&quot;:&quot;Canon EOS 5D Mark III&quot;,&quot;caption&quot;:&quot;&quot;,&quot;created_timestamp&quot;:&quot;1504777234&quot;,&quot;copyright&quot;:&quot;Janeth Gomez&quot;,&quot;focal_length&quot;:&quot;24&quot;,&quot;iso&quot;:&quot;10000&quot;,&quot;shutter_speed&quot;:&quot;0.00625&quot;,&quot;title&quot;:&quot;&quot;,&quot;orientation&quot;:&quot;1&quot;}\" data-image-title=\"2017, Orquesta Sinf\u00f3nica Sinaloa de las Artes, Debut Concert as Chief Conductor, Teatro Pablo de Villavicencio, Culiac\u00e1n M\u00e9xico. [2]\" data-image-description=\"\" data-medium-file=\"https:\/\/i0.wp.com\/miguelsalmondelreal.com\/wp-content\/uploads\/2017\/12\/87-2017-Orquesta-Sinfonica-Sinaloa-de-las-Artes_Debut-Concert-as-Chief-Conductor_Teatro-Pablo-de-Villavicencio_Culiacan-Mexico.jpg?fit=300%2C200&#038;ssl=1\" data-large-file=\"https:\/\/i0.wp.com\/miguelsalmondelreal.com\/wp-content\/uploads\/2017\/12\/87-2017-Orquesta-Sinfonica-Sinaloa-de-las-Artes_Debut-Concert-as-Chief-Conductor_Teatro-Pablo-de-Villavicencio_Culiacan-Mexico.jpg?fit=1050%2C700&#038;ssl=1\" src=\"https:\/\/i0.wp.com\/miguelsalmondelreal.com\/wp-content\/uploads\/2017\/12\/87-2017-Orquesta-Sinfonica-Sinaloa-de-las-Artes_Debut-Concert-as-Chief-Conductor_Teatro-Pablo-de-Villavicencio_Culiacan-Mexico.jpg?w=266&#038;h=178&#038;ssl=1\" width=\"266\" height=\"178\" data-original-width=\"266\" data-original-height=\"178\" itemprop=\"http:\/\/schema.org\/image\" title=\"2017, Orquesta Sinf\u00f3nica Sinaloa de las Artes, Debut Concert as Chief Conductor, Teatro Pablo de Villavicencio, Culiac\u00e1n M\u00e9xico. [2]\" alt=\"2017, Orquesta Sinf\u00f3nica Sinaloa de las Artes, Debut Concert as Chief Conductor, Teatro Pablo de Villavicencio, Culiac\u00e1n M\u00e9xico.\" style=\"width: 266px; height: 178px;\" \/> <\/a> <div class=\"tiled-gallery-caption\" itemprop=\"caption description\"> 2017, Orquesta Sinf\u00f3nica Sinaloa de las Artes, Debut Concert as Chief Conductor, Teatro Pablo de Villavicencio, Culiac\u00e1n M\u00e9xico. <\/div> <\/div> <\/div> <!-- close group --> <\/div> <!-- close row --> <\/div>\n","protected":false},"excerpt":{"rendered":"","protected":false},"author":1,"featured_media":404,"parent":0,"menu_order":0,"comment_status":"closed","ping_status":"closed","template":"template-fullwidth.php","meta":{"footnotes":""},"class_list":["post-221","page","type-page","status-publish","has-post-thumbnail","hentry"],"_links":{"self":[{"href":"https:\/\/miguelsalmondelreal.com\/es\/wp-json\/wp\/v2\/pages\/221","targetHints":{"allow":["GET"]}}],"collection":[{"href":"https:\/\/miguelsalmondelreal.com\/es\/wp-json\/wp\/v2\/pages"}],"about":[{"href":"https:\/\/miguelsalmondelreal.com\/es\/wp-json\/wp\/v2\/types\/page"}],"author":[{"embeddable":true,"href":"https:\/\/miguelsalmondelreal.com\/es\/wp-json\/wp\/v2\/users\/1"}],"replies":[{"embeddable":true,"href":"https:\/\/miguelsalmondelreal.com\/es\/wp-json\/wp\/v2\/comments?post=221"}],"version-history":[{"count":18,"href":"https:\/\/miguelsalmondelreal.com\/es\/wp-json\/wp\/v2\/pages\/221\/revisions"}],"predecessor-version":[{"id":797,"href":"https:\/\/miguelsalmondelreal.com\/es\/wp-json\/wp\/v2\/pages\/221\/revisions\/797"}],"wp:featuredmedia":[{"embeddable":true,"href":"https:\/\/miguelsalmondelreal.com\/es\/wp-json\/wp\/v2\/media\/404"}],"wp:attachment":[{"href":"https:\/\/miguelsalmondelreal.com\/es\/wp-json\/wp\/v2\/media?parent=221"}],"curies":[{"name":"wp","href":"https:\/\/api.w.org\/{rel}","templated":true}]}}